{"id":5809,"date":"2024-03-22T09:51:59","date_gmt":"2024-03-22T08:51:59","guid":{"rendered":"https:\/\/insightevents.se\/framtidensfondmarknad\/?page_id=5809"},"modified":"2024-06-13T16:42:23","modified_gmt":"2024-06-13T14:42:23","slug":"program","status":"publish","type":"page","link":"https:\/\/insightevents.se\/fondmarknad\/program\/","title":{"rendered":"Program"},"content":{"rendered":"<div class=\"wpb-content-wrapper\"><p>[vc_section][vc_row][vc_column]<div class=\"wpb_content_element \"><style type=\"text\/css\">#ut_header_69f773e89be96 h1.page-title { font-size:45px !important;line-height:55px !important; }<\/style><header id=\"ut_header_69f773e89be96\" class=\"page-header page-title-module  ut-no-title-linebreak-mobile ut-no-lead-linebreak-mobile pt-style-2 header-left header-tablet-left header-mobile-center element-with-custom-line-height\"><div class=\"element-with-custom-line-height\" ><h1 data-title=\"Program\"  data-responsive-font=\"page_title\" data-responsive-font-settings=\"{&quot;base-font-size&quot;:&quot;global&quot;,&quot;font-size&quot;:{&quot;desktop_large&quot;:&quot;45&quot;},&quot;base-line-height&quot;:&quot;global&quot;,&quot;line-height&quot;:{&quot;desktop_large&quot;:&quot;55&quot;},&quot;base-letter-spacing&quot;:&quot;global&quot;}\" class=\"page-title  \"><span>Program<\/span><\/h1><\/div><div data-delay=\"0\" class=\"lead \"><p>2024<\/p>\n<\/div><\/header><\/div>[vc_column_text]\n<table id=\"tablepress-1\" class=\"tablepress tablepress-id-1\">\n<tbody class=\"row-striping\">\n<tr class=\"row-1\">\n\t<td class=\"column-1\"><strong>08:30 <\/strong><\/td><td class=\"column-2\"><strong>Registrering och morgonkaffe<\/strong><\/td>\n<\/tr>\n<tr class=\"row-2\">\n\t<td class=\"column-1\"><strong>09:00 <\/strong><\/td><td class=\"column-2\"><strong>Konferensens moderator Frida Almgren \u00f6ppnar konferensen<\/strong><br \/>\n<br \/>\n<i><strong>Frida Almgren<\/strong> \u00e4r vd och grundare av Frida Almgren Communication \u2013 kommunikationskonsult och moderator med \u00f6ver 15 \u00e5rs erfarenhet av kommunikation och PR. Hon kommer n\u00e4rmast fr\u00e5n rollen som kommunikationschef p\u00e5 Mastercard i Norden och Baltikum d\u00e4r hon ocks\u00e5 satt med i ledningsgruppen.<\/i><\/td>\n<\/tr>\n<tr class=\"row-3\">\n\t<td class=\"column-1\"><strong>09:10 <\/strong><\/td><td class=\"column-2\"><strong>Presidentvalet USA 2024 \u2013 vad st\u00e5r p\u00e5 spel f\u00f6r USA och resten av v\u00e4rlden?<\/strong><br \/>\n<br \/>\n\u2022 2024 \u2013 ett val som kan \u00e4ndra (n\u00e4stan) allt?<br \/>\n\u2022 Hur p\u00e5verkas ekonomi och marknad i USA och omv\u00e4rlden av en seger f\u00f6r Biden eller Trump?<br \/>\n\u2022 Inflationskontroll vs tillv\u00e4xt \u2013 hur har Fed och andra centralbanker klarat balansg\u00e5ngen? Vilka \u00e4r riskerna fram\u00f6ver?<br \/>\n\u2022 Mjuk, h\u00e5rd eller ingen landning efter pandemi-, krigsoch inflationschocker<br \/>\n<br \/>\n<i><strong>Elisabet Kopelman,<\/strong> USA-ekonom, SEB<\/i><\/td>\n<\/tr>\n<tr class=\"row-4\">\n\t<td class=\"column-1\"><strong>09:50 <\/strong><\/td><td class=\"column-2\"><strong>Finansiella risker och den ekonomiska milj\u00f6n i en volatil omv\u00e4rld \u2013 vad v\u00e4ntar fram\u00f6ver? <\/strong><br \/>\n<br \/>\nVi har nu troligtvis n\u00e5tt toppen p\u00e5 policyr\u00e4ntecyklerna i G10, vilket har givit avtryck i den globala ekonomin men vad v\u00e4ntar fram\u00f6ver?<br \/>\n<br \/>\n\u2022 Recessioner hotar och finansiella risker har \u00f6kat, vad inneb\u00e4r detta f\u00f6r fastighetssektorn och b\u00f6rsen?<br \/>\n\u2022 Banker har blivit mer f\u00f6rsiktiga med sin kreditgivning, hur ska vi tackla den \u00e5tstramning som skett via r\u00e4ntor?<br \/>\n\u2022 Inflationstrycket minskar, men i vilken takt?<br \/>\n<br \/>\n<i><strong>P\u00e4r Magnusson,<\/strong> Chief Rate Strategist, Swedbank<\/i><\/td>\n<\/tr>\n<tr class=\"row-5\">\n\t<td class=\"column-1\"><strong>10:20 <\/strong><\/td><td class=\"column-2\"><strong>Bortgl\u00f6mda och missf\u00f6rst\u00e5dda bolag \u2013 s\u00e5 bottenfiskar man globalt<\/strong><br \/>\n<br \/>\n\u2022 En ren\u00e4ssans f\u00f6r v\u00e4rdebaserade investeringsstrategier?<br \/>\n\u2022 Kontr\u00e4r f\u00f6rvaltning som komplement i en bredare aktieportf\u00f6lj<br \/>\n\u2022 Historisk investeringsm\u00f6jlighet bland sm\u00e5- och medelstora bolag<br \/>\n<br \/>\n<i><strong>David Harris,<\/strong> portf\u00f6ljf\u00f6rvaltare av den globala aktiefonden SKAGEN Focus, SKAGEN Fonder<\/i><\/td>\n<\/tr>\n<tr class=\"row-6\">\n\t<td class=\"column-1\"><strong>11:00 <\/strong><\/td><td class=\"column-2\"><strong>F\u00f6rmiddagskaffe med n\u00e4tverkande<\/strong><\/td>\n<\/tr>\n<tr class=\"row-7\">\n\t<td class=\"column-1\"><strong>11:30 <\/strong><\/td><td class=\"column-2\"><strong>Att efterleva regelverken \u2013 vad beh\u00f6ver g\u00f6ras och hur ska det g\u00f6ras?<\/strong><br \/>\n<br \/>\n\u2022 Har du koll p\u00e5 RIP, AIMFD2 och senaste om CSRD?<br \/>\n\u2022 Hur p\u00e5verkas fondmarknaden av Retail Investment Package (RIP) som EU-kommissionen lagt fram?<br \/>\n\u2022 En mer integrerad fondmarknad i EU med nya AIFMdirektivet (AIFMD2) men vad betyder det f\u00f6r Sverige?<br \/>\n\u2022 Var befinner vi oss i processen med CSRD (Corporate Sustainability Reporting Directive)?<br \/>\n<br \/>\nTalare meddelas inom kort<\/td>\n<\/tr>\n<tr class=\"row-8\">\n\t<td class=\"column-1\"><strong>12:00 <\/strong><\/td><td class=\"column-2\"><strong>Finansinspektionen \u2013 vad kommer FI fokusera p\u00e5 under 2024?<\/strong><br \/>\n<br \/>\n\u2022 Hur jobbar Finansinspektionen med att st\u00e4rka konsumentskyddet p\u00e5 fondmarknaden i en os\u00e4ker omv\u00e4rld?<br \/>\n\u2022 Vilka tillsynsinsatser kommer prioriteras under 2024 inom fondomr\u00e5det?<br \/>\n<br \/>\n<i><strong>Catrin H\u00e5d\u00e9n,<\/strong> avdelningschef\/ Director Institutstillsyn, Marknader\/ Institution Supervision, Markets, Finansinspektionen<\/i><\/td>\n<\/tr>\n<tr class=\"row-9\">\n\t<td class=\"column-1\"><strong>12:30 <\/strong><\/td><td class=\"column-2\"><strong>Lunch med n\u00e4tverkande<\/strong><\/td>\n<\/tr>\n<tr class=\"row-10\">\n\t<td class=\"column-1\"><strong>13:40 <\/strong><\/td><td class=\"column-2\"><strong>PANELDISKUSSION<br \/>\nFondmarknadens utveckling under de senaste \u00e5ren och hur ser framtiden ut? Hot och m\u00f6jligheter<\/strong><br \/>\n<br \/>\n\u2022 Strategier f\u00f6r att m\u00f6ta nya marknadsutmaningar och m\u00f6jligheter<br \/>\n\u2022 Innovationer fr\u00e5n branschen och den snabba utvecklingen inom AI<br \/>\n\u2022 Superval\u00e5ret 2024 - turbulens kan skapa k\u00f6pl\u00e4gen<br \/>\n\u2022 \u00c4r vi inne i en AI-bubbla eller kan bolag som Nvidia beh\u00e5lla sin tillv\u00e4xttakt?<br \/>\n\u2022 Att efterleva regelverken \u2013 vad beh\u00f6ver g\u00f6ras och hur ska det g\u00f6ras?<br \/>\n<br \/>\nPaneldiskussionen leds av moderator, <strong>Frida Almgren<\/strong><br \/>\n<br \/>\nPaneldeltagare:<br \/>\n<i><strong>Fredrik Nordstr\u00f6m,<\/strong> vd, Fondbolagens f\u00f6rening<br \/>\n<strong>Julia Tigerstr\u00f6m,<\/strong> Head of Legal, Didner &amp; Gerge<br \/>\n<br \/>\nPaneldeltagare uppdateras l\u00f6pande<\/i><\/td>\n<\/tr>\n<tr class=\"row-11\">\n\t<td class=\"column-1\"><strong>14:10 <\/strong><\/td><td class=\"column-2\"><strong>Bringing state-of-the-art AI into the business: risks, challenges and opportunities<\/strong><br \/>\n<br \/>\n\u2022 What happened in the field of AI in the past months?<br \/>\n\u2022 What opportunities does generative AI provide in the financial sector?<br \/>\n\u2022 What risks and challenges should we be aware of when bringing this technology to the business, and how can we address them?<br \/>\n\u2022 What future developments can we expect and how do we stay ahead of the curve?<br \/>\n<br \/>\n<i><strong>Anastasia Varava,<\/strong> Research Lead, SEBx<br \/>\nPresentationen \u00e4r p\u00e5 engelska<\/i><\/td>\n<\/tr>\n<tr class=\"row-12\">\n\t<td class=\"column-1\"><strong>14:40 <\/strong><\/td><td class=\"column-2\"><strong>V\u00e4rldens st\u00f6rsta fondupphandling p\u00e5g\u00e5r till det nya Premiepensionssystemet \u2013 vad \u00e4r status?<\/strong><br \/>\n<br \/>\n\u2022 Myndighetens uppdrag att h\u00f6ja kvaliteten och \u00f6ver tid \u00e4ven avkastningen f\u00f6r miljontals premiepensionssparare<br \/>\n\u2022 Var befinner vi oss nu i upphandlingen av fonder till det nya premiepensionssystemet?<br \/>\n\u2022 2024 p\u00e5g\u00e5r upphandlingar av bland annat Sverigefonder och globala indexfonder<br \/>\n\u2022 Roadmap fram\u00e5t f\u00f6r upphandlingen och hur vi arbetar f\u00f6r att utforma upphandlingarna<br \/>\n<br \/>\n<i><strong>Majdi Chammas, <\/strong>chef f\u00f6r upphandling och produktstrategi, Fondtorgsn\u00e4mnden<\/i><\/td>\n<\/tr>\n<tr class=\"row-13\">\n\t<td class=\"column-1\"><strong>15:10 <\/strong><\/td><td class=\"column-2\"><strong>Eftermiddagskaffe och n\u00e4tverkande<\/strong><\/td>\n<\/tr>\n<tr class=\"row-14\">\n\t<td class=\"column-1\"><strong>15:40 <\/strong><\/td><td class=\"column-2\"><strong>Finns det plats f\u00f6r fler spelare p\u00e5 n\u00e4tm\u00e4klarmarknaden?<\/strong><br \/>\n<br \/>\n\u2022 V\u00e5ra erfarenheter som \u00e5rets utmanare \u2013 utmaningar och l\u00e4rdomar<br \/>\n\u2022 Vikten av att skapa ett intuitivt och enkelt anv\u00e4ndargr\u00e4nssnitt f\u00f6r b\u00e4sta kundupplevelse<br \/>\n\u2022 Fondkategorin Kvinnliga fondf\u00f6rvaltare med fonder som f\u00f6rvaltas av minst 50 procent kvinnor \u2013 vad \u00e4r tanken bakom?<br \/>\n<br \/>\n<i><strong>Louise Hagsten,<\/strong> vd, Sparplattformen Levler<\/i><\/td>\n<\/tr>\n<tr class=\"row-15\">\n\t<td class=\"column-1\"><strong>16:10 <\/strong><\/td><td class=\"column-2\"><strong>B\u00f6rsen 2024\/25 \u2013 vad tror experterna?<\/strong><br \/>\n<br \/>\n\u2022 Ljusa f\u00f6ruts\u00e4ttningar p\u00e5 aktiemarknaden trots geopolitiska sp\u00e4nningar och konjunkturoro<br \/>\n\u2022 Inflationen forts\u00e4tter ner\u00e5t och styrr\u00e4ntorna s\u00e4nks succesivt under \u00e5ret \u2013 risk f\u00f6r bakslag?<br \/>\n\u2022 V\u00e4rldsekonomin forts\u00e4tter att f\u00f6rsvagas men utvecklingen mellan l\u00e4nderna skiljer sig kraftigt \u00e5t<br \/>\n\u2022 Vilka sektorer kan vara aktuella fram\u00f6ver f\u00f6r \u00f6kad exponering?<br \/>\n<br \/>\n<i><strong>Marcus Tengvall,<\/strong> investeringsstrateg, S\u00f6derberg &amp; Partners<\/i><\/td>\n<\/tr>\n<tr class=\"row-16\">\n\t<td class=\"column-1\"><strong>16:50 <\/strong><\/td><td class=\"column-2\"><strong>Moderatorn Frida Almgren avslutar<br \/>\nFondmarknad 2024<\/strong><\/td>\n<\/tr>\n<tr class=\"row-17\">\n\t<td class=\"column-1\"><strong>17:00-18:00 <\/strong><\/td><td class=\"column-2\"><strong>Avslutande mingel och n\u00e4tverkande<\/strong><br \/>\n<br \/>\n<i>Vi reserverar oss f\u00f6r eventuella program\u00e4ndringar<\/i><\/td>\n<\/tr>\n<\/tbody>\n<\/table>\n<!-- #tablepress-1 from cache -->[\/vc_column_text]<style type=\"text\/css\">#bklyn_btn_69f773e89ed1b .bklyn-btn { color:#ffffff !important; border-radius:5px !important; }#bklyn_btn_69f773e89ed1b .bklyn-btn:hover{ color:#ffffff !important; }#bklyn_btn_69f773e89ed1b .bklyn-btn:focus{ color:#ffffff !important; }#bklyn_btn_69f773e89ed1b .bklyn-btn:active { color:#ffffff !important; }#bklyn_btn_69f773e89ed1b a.bklyn-btn { font-weight:100 !important; }#bklyn_btn_69f773e89ed1b.bklyn-btn-header a.bklyn-btn { font-weight:100 !important; }#bklyn_btn_69f773e89ed1b.bklyn-btn-header a.bklyn-btn span { font-weight:100 !important; }<\/style><div id=\"bklyn_btn_69f773e89ed1b\" class=\"bklyn-btn-holder  bklyn-btn-left bklyn-btn-tablet-left bklyn-btn-mobile-center\"><a title=\"\"   href=\"https:\/\/insightevents.se\/fondmarknad\/broschyr\/\" target=\"_self\" class=\"bklyn-btn  bklyn-btn-shadow bklyn-btn-large\" ><span class=\"ut-btn-text\">LADDA NER BROSCHYR<\/span><\/a><\/div>[\/vc_column][\/vc_row][\/vc_section]<\/p>\n<\/div>","protected":false},"excerpt":{"rendered":"<p>[vc_section][vc_row][vc_column][vc_column_text][\/vc_column_text][\/vc_column][\/vc_row][\/vc_section]<\/p>\n","protected":false},"author":1,"featured_media":0,"parent":0,"menu_order":0,"comment_status":"closed","ping_status":"closed","template":"","meta":{"_acf_changed":false,"footnotes":""},"class_list":["post-5809","page","type-page","status-publish","hentry"],"acf":[],"yoast_head":"<!-- This site is optimized with the Yoast SEO plugin v27.3 - https:\/\/yoast.com\/product\/yoast-seo-wordpress\/ -->\n<title>Program - Fondmarknad<\/title>\n<meta name=\"robots\" content=\"index, follow, max-snippet:-1, max-image-preview:large, max-video-preview:-1\" \/>\n<link rel=\"canonical\" href=\"https:\/\/insightevents.se\/fondmarknad\/program\/\" \/>\n<meta property=\"og:locale\" content=\"sv_SE\" \/>\n<meta property=\"og:type\" content=\"article\" \/>\n<meta property=\"og:title\" content=\"Program - Fondmarknad\" \/>\n<meta property=\"og:description\" content=\"[vc_section][vc_row][vc_column][vc_column_text][\/vc_column_text][\/vc_column][\/vc_row][\/vc_section]\" \/>\n<meta property=\"og:url\" content=\"https:\/\/insightevents.se\/fondmarknad\/program\/\" \/>\n<meta property=\"og:site_name\" content=\"Fondmarknad\" \/>\n<meta property=\"article:modified_time\" content=\"2024-06-13T14:42:23+00:00\" \/>\n<meta name=\"twitter:card\" content=\"summary_large_image\" \/>\n<meta name=\"twitter:label1\" content=\"Ber\u00e4knad l\u00e4stid\" \/>\n\t<meta name=\"twitter:data1\" content=\"1 minut\" \/>\n<script type=\"application\/ld+json\" class=\"yoast-schema-graph\">{\"@context\":\"https:\\\/\\\/schema.org\",\"@graph\":[{\"@type\":\"WebPage\",\"@id\":\"https:\\\/\\\/insightevents.se\\\/fondmarknad\\\/program\\\/\",\"url\":\"https:\\\/\\\/insightevents.se\\\/fondmarknad\\\/program\\\/\",\"name\":\"Program - Fondmarknad\",\"isPartOf\":{\"@id\":\"https:\\\/\\\/insightevents.se\\\/fondmarknad\\\/#website\"},\"datePublished\":\"2024-03-22T08:51:59+00:00\",\"dateModified\":\"2024-06-13T14:42:23+00:00\",\"breadcrumb\":{\"@id\":\"https:\\\/\\\/insightevents.se\\\/fondmarknad\\\/program\\\/#breadcrumb\"},\"inLanguage\":\"sv-SE\",\"potentialAction\":[{\"@type\":\"ReadAction\",\"target\":[\"https:\\\/\\\/insightevents.se\\\/fondmarknad\\\/program\\\/\"]}]},{\"@type\":\"BreadcrumbList\",\"@id\":\"https:\\\/\\\/insightevents.se\\\/fondmarknad\\\/program\\\/#breadcrumb\",\"itemListElement\":[{\"@type\":\"ListItem\",\"position\":1,\"name\":\"Hem\",\"item\":\"https:\\\/\\\/insightevents.se\\\/fondmarknad\\\/\"},{\"@type\":\"ListItem\",\"position\":2,\"name\":\"Program\"}]},{\"@type\":\"WebSite\",\"@id\":\"https:\\\/\\\/insightevents.se\\\/fondmarknad\\\/#website\",\"url\":\"https:\\\/\\\/insightevents.se\\\/fondmarknad\\\/\",\"name\":\"Fondmarknad\",\"description\":\"\",\"potentialAction\":[{\"@type\":\"SearchAction\",\"target\":{\"@type\":\"EntryPoint\",\"urlTemplate\":\"https:\\\/\\\/insightevents.se\\\/fondmarknad\\\/?s={search_term_string}\"},\"query-input\":{\"@type\":\"PropertyValueSpecification\",\"valueRequired\":true,\"valueName\":\"search_term_string\"}}],\"inLanguage\":\"sv-SE\"}]}<\/script>\n<!-- \/ Yoast SEO plugin. -->","yoast_head_json":{"title":"Program - Fondmarknad","robots":{"index":"index","follow":"follow","max-snippet":"max-snippet:-1","max-image-preview":"max-image-preview:large","max-video-preview":"max-video-preview:-1"},"canonical":"https:\/\/insightevents.se\/fondmarknad\/program\/","og_locale":"sv_SE","og_type":"article","og_title":"Program - Fondmarknad","og_description":"[vc_section][vc_row][vc_column][vc_column_text][\/vc_column_text][\/vc_column][\/vc_row][\/vc_section]","og_url":"https:\/\/insightevents.se\/fondmarknad\/program\/","og_site_name":"Fondmarknad","article_modified_time":"2024-06-13T14:42:23+00:00","twitter_card":"summary_large_image","twitter_misc":{"Ber\u00e4knad l\u00e4stid":"1 minut"},"schema":{"@context":"https:\/\/schema.org","@graph":[{"@type":"WebPage","@id":"https:\/\/insightevents.se\/fondmarknad\/program\/","url":"https:\/\/insightevents.se\/fondmarknad\/program\/","name":"Program - Fondmarknad","isPartOf":{"@id":"https:\/\/insightevents.se\/fondmarknad\/#website"},"datePublished":"2024-03-22T08:51:59+00:00","dateModified":"2024-06-13T14:42:23+00:00","breadcrumb":{"@id":"https:\/\/insightevents.se\/fondmarknad\/program\/#breadcrumb"},"inLanguage":"sv-SE","potentialAction":[{"@type":"ReadAction","target":["https:\/\/insightevents.se\/fondmarknad\/program\/"]}]},{"@type":"BreadcrumbList","@id":"https:\/\/insightevents.se\/fondmarknad\/program\/#breadcrumb","itemListElement":[{"@type":"ListItem","position":1,"name":"Hem","item":"https:\/\/insightevents.se\/fondmarknad\/"},{"@type":"ListItem","position":2,"name":"Program"}]},{"@type":"WebSite","@id":"https:\/\/insightevents.se\/fondmarknad\/#website","url":"https:\/\/insightevents.se\/fondmarknad\/","name":"Fondmarknad","description":"","potentialAction":[{"@type":"SearchAction","target":{"@type":"EntryPoint","urlTemplate":"https:\/\/insightevents.se\/fondmarknad\/?s={search_term_string}"},"query-input":{"@type":"PropertyValueSpecification","valueRequired":true,"valueName":"search_term_string"}}],"inLanguage":"sv-SE"}]}},"_links":{"self":[{"href":"https:\/\/insightevents.se\/fondmarknad\/wp-json\/wp\/v2\/pages\/5809","targetHints":{"allow":["GET"]}}],"collection":[{"href":"https:\/\/insightevents.se\/fondmarknad\/wp-json\/wp\/v2\/pages"}],"about":[{"href":"https:\/\/insightevents.se\/fondmarknad\/wp-json\/wp\/v2\/types\/page"}],"author":[{"embeddable":true,"href":"https:\/\/insightevents.se\/fondmarknad\/wp-json\/wp\/v2\/users\/1"}],"replies":[{"embeddable":true,"href":"https:\/\/insightevents.se\/fondmarknad\/wp-json\/wp\/v2\/comments?post=5809"}],"version-history":[{"count":10,"href":"https:\/\/insightevents.se\/fondmarknad\/wp-json\/wp\/v2\/pages\/5809\/revisions"}],"predecessor-version":[{"id":5880,"href":"https:\/\/insightevents.se\/fondmarknad\/wp-json\/wp\/v2\/pages\/5809\/revisions\/5880"}],"wp:attachment":[{"href":"https:\/\/insightevents.se\/fondmarknad\/wp-json\/wp\/v2\/media?parent=5809"}],"curies":[{"name":"wp","href":"https:\/\/api.w.org\/{rel}","templated":true}]}}