{"version":"1.0","provider_name":"Gatubelysningsforum","provider_url":"https:\/\/insightevents.se\/gatubelysningsforum","author_name":"Webmaster","author_url":"https:\/\/insightevents.se\/gatubelysningsforum\/author\/webmaster\/","title":"Intervju - Sara Jirb\u00e4ck, Fagerhult - Gatubelysningsforum","type":"rich","width":600,"height":338,"html":"<blockquote class=\"wp-embedded-content\" data-secret=\"1kObSo3Tnn\"><a href=\"https:\/\/insightevents.se\/gatubelysningsforum\/2018\/06\/07\/utstallarintervju-sara-jirback-fagerhult\/\">Intervju &#8211; Sara Jirb\u00e4ck, Fagerhult<\/a><\/blockquote><iframe sandbox=\"allow-scripts\" security=\"restricted\" src=\"https:\/\/insightevents.se\/gatubelysningsforum\/2018\/06\/07\/utstallarintervju-sara-jirback-fagerhult\/embed\/#?secret=1kObSo3Tnn\" width=\"600\" height=\"338\" title=\"\u201dIntervju &#8211; Sara Jirb\u00e4ck, Fagerhult\u201d &ndash; Gatubelysningsforum\" data-secret=\"1kObSo3Tnn\" frameborder=\"0\" marginwidth=\"0\" marginheight=\"0\" scrolling=\"no\" class=\"wp-embedded-content\"><\/iframe><script type=\"text\/javascript\">\n\/* <![CDATA[ *\/\n\/*! This file is auto-generated *\/\n!function(d,l){\"use strict\";l.querySelector&&d.addEventListener&&\"undefined\"!=typeof URL&&(d.wp=d.wp||{},d.wp.receiveEmbedMessage||(d.wp.receiveEmbedMessage=function(e){var t=e.data;if((t||t.secret||t.message||t.value)&&!\/[^a-zA-Z0-9]\/.test(t.secret)){for(var s,r,n,a=l.querySelectorAll('iframe[data-secret=\"'+t.secret+'\"]'),o=l.querySelectorAll('blockquote[data-secret=\"'+t.secret+'\"]'),c=new RegExp(\"^https?:$\",\"i\"),i=0;i<o.length;i++)o[i].style.display=\"none\";for(i=0;i<a.length;i++)s=a[i],e.source===s.contentWindow&&(s.removeAttribute(\"style\"),\"height\"===t.message?(1e3<(r=parseInt(t.value,10))?r=1e3:~~r<200&&(r=200),s.height=r):\"link\"===t.message&&(r=new URL(s.getAttribute(\"src\")),n=new URL(t.value),c.test(n.protocol))&&n.host===r.host&&l.activeElement===s&&(d.top.location.href=t.value))}},d.addEventListener(\"message\",d.wp.receiveEmbedMessage,!1),l.addEventListener(\"DOMContentLoaded\",function(){for(var e,t,s=l.querySelectorAll(\"iframe.wp-embedded-content\"),r=0;r<s.length;r++)(t=(e=s[r]).getAttribute(\"data-secret\"))||(t=Math.random().toString(36).substring(2,12),e.src+=\"#?secret=\"+t,e.setAttribute(\"data-secret\",t)),e.contentWindow.postMessage({message:\"ready\",secret:t},\"*\")},!1)))}(window,document);\n\/\/# sourceURL=https:\/\/insightevents.se\/gatubelysningsforum\/wp-includes\/js\/wp-embed.min.js\n\/* ]]> *\/\n<\/script>\n","description":"Vi fick chansen att st\u00e4lla 5 snabba fr\u00e5gor om LED- och belysningsmarknaden till Sara Jirb\u00e4ck p\u00e5 Fagerhult som st\u00e4ller ut p\u00e5 \u00e5rets Gatubelysningsforum. Kan du kortfattat f\u00f6rklara din roll, engagemang och erfarenhet inom gatubelysningsmarknaden? Min st\u00f6rsta drivkraft \u00e4r att skapa mer s\u00e4kra och trygga utemilj\u00f6er med belysning och ny teknik. Jag \u00e4r f\u00f6rs\u00e4ljningschef f\u00f6r utomhusbelysning [&hellip;]","thumbnail_url":"https:\/\/insightevents.se\/gatubelysningsforum\/wp-content\/uploads\/sites\/4\/2018\/06\/sarajirback2.jpg"}