{"version":"1.0","provider_name":"Gatubelysningsforum","provider_url":"https:\/\/insightevents.se\/gatubelysningsforum","author_name":"Webmaster","author_url":"https:\/\/insightevents.se\/gatubelysningsforum\/author\/webmaster\/","title":"Call for Speakers \u2013 Gatubelysningsforum 2026 - Gatubelysningsforum","type":"rich","width":600,"height":338,"html":"<blockquote class=\"wp-embedded-content\" data-secret=\"AaqYwbZ2xG\"><a href=\"https:\/\/insightevents.se\/gatubelysningsforum\/2026\/02\/17\/call-for-speakers-gatubelysningsforum-2026\/\">Call for Speakers \u2013 Gatubelysningsforum 2026<\/a><\/blockquote><iframe sandbox=\"allow-scripts\" security=\"restricted\" src=\"https:\/\/insightevents.se\/gatubelysningsforum\/2026\/02\/17\/call-for-speakers-gatubelysningsforum-2026\/embed\/#?secret=AaqYwbZ2xG\" width=\"600\" height=\"338\" title=\"\u201dCall for Speakers \u2013 Gatubelysningsforum 2026\u201d &ndash; Gatubelysningsforum\" data-secret=\"AaqYwbZ2xG\" frameborder=\"0\" marginwidth=\"0\" marginheight=\"0\" scrolling=\"no\" class=\"wp-embedded-content\"><\/iframe><script type=\"text\/javascript\">\n\/* <![CDATA[ *\/\n\/*! This file is auto-generated *\/\n!function(d,l){\"use strict\";l.querySelector&&d.addEventListener&&\"undefined\"!=typeof URL&&(d.wp=d.wp||{},d.wp.receiveEmbedMessage||(d.wp.receiveEmbedMessage=function(e){var t=e.data;if((t||t.secret||t.message||t.value)&&!\/[^a-zA-Z0-9]\/.test(t.secret)){for(var s,r,n,a=l.querySelectorAll('iframe[data-secret=\"'+t.secret+'\"]'),o=l.querySelectorAll('blockquote[data-secret=\"'+t.secret+'\"]'),c=new RegExp(\"^https?:$\",\"i\"),i=0;i<o.length;i++)o[i].style.display=\"none\";for(i=0;i<a.length;i++)s=a[i],e.source===s.contentWindow&&(s.removeAttribute(\"style\"),\"height\"===t.message?(1e3<(r=parseInt(t.value,10))?r=1e3:~~r<200&&(r=200),s.height=r):\"link\"===t.message&&(r=new URL(s.getAttribute(\"src\")),n=new URL(t.value),c.test(n.protocol))&&n.host===r.host&&l.activeElement===s&&(d.top.location.href=t.value))}},d.addEventListener(\"message\",d.wp.receiveEmbedMessage,!1),l.addEventListener(\"DOMContentLoaded\",function(){for(var e,t,s=l.querySelectorAll(\"iframe.wp-embedded-content\"),r=0;r<s.length;r++)(t=(e=s[r]).getAttribute(\"data-secret\"))||(t=Math.random().toString(36).substring(2,12),e.src+=\"#?secret=\"+t,e.setAttribute(\"data-secret\",t)),e.contentWindow.postMessage({message:\"ready\",secret:t},\"*\")},!1)))}(window,document);\n\/\/# sourceURL=https:\/\/insightevents.se\/gatubelysningsforum\/wp-includes\/js\/wp-embed.min.js\n\/* ]]> *\/\n<\/script>\n","thumbnail_url":"https:\/\/insightevents.se\/gatubelysningsforum\/wp-content\/uploads\/sites\/4\/2025\/10\/DSC_0080-e1771335074872.png","thumbnail_width":400,"thumbnail_height":400,"description":"Vill du vara med och forma framtidens utomhusbelysning? Nu s\u00f6ker vi talare till Gatubelysningsforum 2026 \u2013 den naturliga m\u00f6tesplatsen f\u00f6r kunskapsutbyte, innovation och samverkan inom offentlig belysning. Konferensen samlar experter, kommunrepresentanter, teknikkonsulter, leverant\u00f6rer, forskare och beslutsfattare f\u00f6r att diskutera de viktigaste fr\u00e5gorna som p\u00e5verkar planering, drift och utveckling av modern gatubelysning. Vi s\u00f6ker inspirerande presentationer [&hellip;]"}