{"id":469,"date":"2018-06-25T08:33:42","date_gmt":"2018-06-25T08:33:42","guid":{"rendered":"https:\/\/insightevents.se\/gatubelysningsforum\/?page_id=469"},"modified":"2024-06-18T12:27:56","modified_gmt":"2024-06-18T12:27:56","slug":"nyhetsarkiv","status":"publish","type":"page","link":"https:\/\/insightevents.se\/gatubelysningsforum\/nyhetsarkiv\/","title":{"rendered":"Nyhetsarkiv"},"content":{"rendered":"<div class=\"wpb-content-wrapper\"><p>[vc_row][vc_column][vc_empty_space]<div class=\"wpb_content_element \"><style type=\"text\/css\">#ut_header_69f11f660f92b h2.section-title { font-size:40px !important; }<\/style><header id=\"ut_header_69f11f660f92b\" class=\"section-header  ut-no-title-linebreak-mobile ut-no-lead-linebreak-mobile pt-style-2 header-center header-tablet-center header-mobile-center\"><h2 data-title=\"NYHETSARKIV\"  data-responsive-font=\"section_title\" data-responsive-font-settings=\"{&quot;base-font-size&quot;:&quot;40&quot;,&quot;font-size-unit&quot;:&quot;px&quot;,&quot;font-size&quot;:{&quot;desktop_large&quot;:&quot;40&quot;},&quot;base-line-height&quot;:&quot;global&quot;,&quot;base-letter-spacing&quot;:&quot;global&quot;}\" class=\"section-title  \"><span>NYHETSARKIV<\/span><\/h2><\/header><\/div>[vc_column_text css=&#8221;&#8221;]<div class=\"pt-cv-wrapper\"><div class=\"pt-cv-view pt-cv-grid pt-cv-colsys pt-cv-left pt-cv-sharp-buttons\" id=\"pt-cv-view-c95ab94cwu\"><div data-id=\"pt-cv-page-1\" class=\"pt-cv-page\" data-cvc=\"4\"><div class=\"col-md-3 col-sm-12 col-xs-12 pt-cv-content-item pt-cv-1-col\"  data-pid=\"5541\"><div class='pt-cv-ifield'><a href=\"https:\/\/insightevents.se\/gatubelysningsforum\/2026\/04\/14\/varmt-valkommen-till-gatubelysningsforum-2026\/\" class=\"_self pt-cv-href-thumbnail pt-cv-thumb-default\" target=\"_self\" ><img loading=\"lazy\" decoding=\"async\" width=\"650\" height=\"433\" src=\"https:\/\/insightevents.se\/gatubelysningsforum\/wp-content\/uploads\/sites\/4\/2026\/04\/nyhetsbild-broschyr26-650x433.jpg\" class=\"pt-cv-thumbnail img-none\" alt=\"\" srcset=\"https:\/\/insightevents.se\/gatubelysningsforum\/wp-content\/uploads\/sites\/4\/2026\/04\/nyhetsbild-broschyr26-650x433.jpg 650w, https:\/\/insightevents.se\/gatubelysningsforum\/wp-content\/uploads\/sites\/4\/2026\/04\/nyhetsbild-broschyr26-325x217.jpg 325w\" sizes=\"auto, (max-width: 650px) 100vw, 650px\" \/><\/a>\n<div class=\"pt-cv-taxoterm above_title\"><a href='https:\/\/insightevents.se\/gatubelysningsforum\/category\/nyhet\/' title='Nyhet' class='pt-cv-tax-nyhet'>Nyhet<\/a><\/div>\n<h4 class=\"pt-cv-title\"><a href=\"https:\/\/insightevents.se\/gatubelysningsforum\/2026\/04\/14\/varmt-valkommen-till-gatubelysningsforum-2026\/\" class=\"_self\" target=\"_self\" >Varmt v\u00e4lkommen till Gatubelysningsforum 2026<\/a><\/h4>\n<div class=\"pt-cv-content\">Vi ser fram emot att samla branschen f\u00f6r tv\u00e5 intensiva, inspirerande och kunskapsfyllda dagar den 15-16 september p\u00e5 M\u00fcnchenbryggeriet i ...<br \/><div class=\"pt-cv-rmwrap\"><a href=\"https:\/\/insightevents.se\/gatubelysningsforum\/2026\/04\/14\/varmt-valkommen-till-gatubelysningsforum-2026\/\" class=\"_self pt-cv-readmore btn btn-success\" target=\"_self\">L\u00e4s Mer \u2026<\/a><\/div><\/div><\/div><\/div>\n<div class=\"col-md-3 col-sm-12 col-xs-12 pt-cv-content-item pt-cv-1-col\"  data-pid=\"5435\"><div class='pt-cv-ifield'><a href=\"https:\/\/insightevents.se\/gatubelysningsforum\/2026\/02\/17\/call-for-speakers-gatubelysningsforum-2026\/\" class=\"_self pt-cv-href-thumbnail pt-cv-thumb-default\" target=\"_self\" ><img loading=\"lazy\" decoding=\"async\" width=\"650\" height=\"433\" src=\"https:\/\/insightevents.se\/gatubelysningsforum\/wp-content\/uploads\/sites\/4\/2025\/10\/DSC_0080-e1771335038525-650x433.png\" class=\"pt-cv-thumbnail img-none\" alt=\"\" srcset=\"https:\/\/insightevents.se\/gatubelysningsforum\/wp-content\/uploads\/sites\/4\/2025\/10\/DSC_0080-e1771335038525-650x433.png 650w, https:\/\/insightevents.se\/gatubelysningsforum\/wp-content\/uploads\/sites\/4\/2025\/10\/DSC_0080-e1771335038525-1300x867.png 1300w, https:\/\/insightevents.se\/gatubelysningsforum\/wp-content\/uploads\/sites\/4\/2025\/10\/DSC_0080-e1771335038525-325x217.png 325w\" sizes=\"auto, (max-width: 650px) 100vw, 650px\" \/><\/a>\n<div class=\"pt-cv-taxoterm above_title\"><a href='https:\/\/insightevents.se\/gatubelysningsforum\/category\/nyhet\/' title='Nyhet' class='pt-cv-tax-nyhet'>Nyhet<\/a><\/div>\n<h4 class=\"pt-cv-title\"><a href=\"https:\/\/insightevents.se\/gatubelysningsforum\/2026\/02\/17\/call-for-speakers-gatubelysningsforum-2026\/\" class=\"_self\" target=\"_self\" >Call for Speakers \u2013 Gatubelysningsforum 2026<\/a><\/h4>\n<div class=\"pt-cv-content\">Vill du vara med och forma framtidens utomhusbelysning? Nu s\u00f6ker vi talare till Gatubelysningsforum 2026 \u2013 den naturliga m\u00f6tesplatsen f\u00f6r ...<br \/><div class=\"pt-cv-rmwrap\"><a href=\"https:\/\/insightevents.se\/gatubelysningsforum\/2026\/02\/17\/call-for-speakers-gatubelysningsforum-2026\/\" class=\"_self pt-cv-readmore btn btn-success\" target=\"_self\">L\u00e4s Mer \u2026<\/a><\/div><\/div><\/div><\/div>\n<div class=\"col-md-3 col-sm-12 col-xs-12 pt-cv-content-item pt-cv-1-col\"  data-pid=\"5448\"><div class='pt-cv-ifield'><a href=\"https:\/\/insightevents.se\/gatubelysningsforum\/2026\/01\/12\/klimatsmarta-och-krocksakra-stolparorum-2026-copy\/\" class=\"_self pt-cv-href-thumbnail pt-cv-thumb-default\" target=\"_self\" ><img loading=\"lazy\" decoding=\"async\" width=\"533\" height=\"433\" src=\"https:\/\/insightevents.se\/gatubelysningsforum\/wp-content\/uploads\/sites\/4\/2026\/01\/gatubelysning25_northcone_nyhet-533x433.png\" class=\"pt-cv-thumbnail img-none\" alt=\"\" \/><\/a>\n<div class=\"pt-cv-taxoterm above_title\"><a href='https:\/\/insightevents.se\/gatubelysningsforum\/category\/nyhet\/' title='Nyhet' class='pt-cv-tax-nyhet'>Nyhet<\/a><\/div>\n<h4 class=\"pt-cv-title\"><a href=\"https:\/\/insightevents.se\/gatubelysningsforum\/2026\/01\/12\/klimatsmarta-och-krocksakra-stolparorum-2026-copy\/\" class=\"_self\" target=\"_self\" >Klimatsmarta och krocks\u00e4kra stolpar<\/a><\/h4>\n<div class=\"pt-cv-content\">Vad \u00e4r det som g\u00f6r Gatubelysningsforum till en s\u00e5 viktig m\u00f6tesplats f\u00f6r branschen? I denna intervju delar Fredric Munge fr\u00e5n ...<br \/><div class=\"pt-cv-rmwrap\"><a href=\"https:\/\/insightevents.se\/gatubelysningsforum\/2026\/01\/12\/klimatsmarta-och-krocksakra-stolparorum-2026-copy\/\" class=\"_self pt-cv-readmore btn btn-success\" target=\"_self\">L\u00e4s Mer \u2026<\/a><\/div><\/div><\/div><\/div>\n<div class=\"col-md-3 col-sm-12 col-xs-12 pt-cv-content-item pt-cv-1-col\"  data-pid=\"5445\"><div class='pt-cv-ifield'><a href=\"https:\/\/insightevents.se\/gatubelysningsforum\/2025\/10\/30\/fran-ramaterial-till-krocksaker-stolpe-varmforzinkning-visar-vagen\/\" class=\"_self pt-cv-href-thumbnail pt-cv-thumb-default\" target=\"_self\" ><img loading=\"lazy\" decoding=\"async\" width=\"492\" height=\"433\" src=\"https:\/\/insightevents.se\/gatubelysningsforum\/wp-content\/uploads\/sites\/4\/2025\/10\/gatubelysning25_varmforzinkning_nyhet2-492x433.png\" class=\"pt-cv-thumbnail img-none\" alt=\"\" \/><\/a>\n<div class=\"pt-cv-taxoterm above_title\"><a href='https:\/\/insightevents.se\/gatubelysningsforum\/category\/nyhet\/' title='Nyhet' class='pt-cv-tax-nyhet'>Nyhet<\/a><\/div>\n<h4 class=\"pt-cv-title\"><a href=\"https:\/\/insightevents.se\/gatubelysningsforum\/2025\/10\/30\/fran-ramaterial-till-krocksaker-stolpe-varmforzinkning-visar-vagen\/\" class=\"_self\" target=\"_self\" >Fr\u00e5n r\u00e5material till krocks\u00e4ker stolpe: Varmf\u00f6rzinkning visar v\u00e4gen<\/a><\/h4>\n<div class=\"pt-cv-content\">P\u00e5 \u00e5rets Gatubelysningsforum m\u00f6ter vi Ivan Welandson och Jonathan Bergstrand fr\u00e5n Varmf\u00f6rzinkning, p\u00e5 plats i M\u00fcnchenbryggeriet f\u00f6r att representera f\u00f6retaget ...<br \/><div class=\"pt-cv-rmwrap\"><a href=\"https:\/\/insightevents.se\/gatubelysningsforum\/2025\/10\/30\/fran-ramaterial-till-krocksaker-stolpe-varmforzinkning-visar-vagen\/\" class=\"_self pt-cv-readmore btn btn-success\" target=\"_self\">L\u00e4s Mer \u2026<\/a><\/div><\/div><\/div><\/div>\n<div class=\"col-md-3 col-sm-12 col-xs-12 pt-cv-content-item pt-cv-1-col\"  data-pid=\"5398\"><div class='pt-cv-ifield'><a href=\"https:\/\/insightevents.se\/gatubelysningsforum\/2025\/10\/15\/moramast-individualisering-och-kompetens\/\" class=\"_self pt-cv-href-thumbnail pt-cv-thumb-default\" target=\"_self\" ><img loading=\"lazy\" decoding=\"async\" width=\"400\" height=\"400\" src=\"https:\/\/insightevents.se\/gatubelysningsforum\/wp-content\/uploads\/sites\/4\/2025\/10\/moramastbild.png\" class=\"pt-cv-thumbnail img-none\" alt=\"\" srcset=\"https:\/\/insightevents.se\/gatubelysningsforum\/wp-content\/uploads\/sites\/4\/2025\/10\/moramastbild.png 400w, https:\/\/insightevents.se\/gatubelysningsforum\/wp-content\/uploads\/sites\/4\/2025\/10\/moramastbild-200x200.png 200w\" sizes=\"auto, (max-width: 400px) 100vw, 400px\" \/><\/a>\n<div class=\"pt-cv-taxoterm above_title\"><a href='https:\/\/insightevents.se\/gatubelysningsforum\/category\/nyhet\/' title='Nyhet' class='pt-cv-tax-nyhet'>Nyhet<\/a><\/div>\n<h4 class=\"pt-cv-title\"><a href=\"https:\/\/insightevents.se\/gatubelysningsforum\/2025\/10\/15\/moramast-individualisering-och-kompetens\/\" class=\"_self\" target=\"_self\" >Individualisering och kompetens<\/a><\/h4>\n<div class=\"pt-cv-content\">Under Gatubelysningsforum 2025 m\u00f6ter vi Yord Tellberger fr\u00e5n MoraMast i ett samtal om branschens utveckling, kundrelationer och h\u00e5llbar innovation. Trots ...<br \/><div class=\"pt-cv-rmwrap\"><a href=\"https:\/\/insightevents.se\/gatubelysningsforum\/2025\/10\/15\/moramast-individualisering-och-kompetens\/\" class=\"_self pt-cv-readmore btn btn-success\" target=\"_self\">L\u00e4s Mer \u2026<\/a><\/div><\/div><\/div><\/div>\n<div class=\"col-md-3 col-sm-12 col-xs-12 pt-cv-content-item pt-cv-1-col\"  data-pid=\"5339\"><div class='pt-cv-ifield'><a href=\"https:\/\/insightevents.se\/gatubelysningsforum\/2025\/10\/01\/tack-alla-for-gatubelysningsforum-2025\/\" class=\"_self pt-cv-href-thumbnail pt-cv-thumb-default\" target=\"_self\" ><img loading=\"lazy\" decoding=\"async\" width=\"400\" height=\"400\" src=\"https:\/\/insightevents.se\/gatubelysningsforum\/wp-content\/uploads\/sites\/4\/2025\/10\/nyhetsbild6.png\" class=\"pt-cv-thumbnail img-none\" alt=\"\" srcset=\"https:\/\/insightevents.se\/gatubelysningsforum\/wp-content\/uploads\/sites\/4\/2025\/10\/nyhetsbild6.png 400w, https:\/\/insightevents.se\/gatubelysningsforum\/wp-content\/uploads\/sites\/4\/2025\/10\/nyhetsbild6-200x200.png 200w\" sizes=\"auto, (max-width: 400px) 100vw, 400px\" \/><\/a>\n<div class=\"pt-cv-taxoterm above_title\"><a href='https:\/\/insightevents.se\/gatubelysningsforum\/category\/nyhet\/' title='Nyhet' class='pt-cv-tax-nyhet'>Nyhet<\/a><\/div>\n<h4 class=\"pt-cv-title\"><a href=\"https:\/\/insightevents.se\/gatubelysningsforum\/2025\/10\/01\/tack-alla-for-gatubelysningsforum-2025\/\" class=\"_self\" target=\"_self\" >Tack alla f\u00f6r \u00e5rets Gatubelysningsforum!<\/a><\/h4>\n<div class=\"pt-cv-content\">[vc_row][vc_column][vc_column_text] Ett stort tack alla deltagare, talare, sponsorer och utst\u00e4llare som gjorde Gatubelysningsforum 2025 till en riktigt succ\u00e9konferens! Under tv\u00e5 ...<br \/><div class=\"pt-cv-rmwrap\"><a href=\"https:\/\/insightevents.se\/gatubelysningsforum\/2025\/10\/01\/tack-alla-for-gatubelysningsforum-2025\/\" class=\"_self pt-cv-readmore btn btn-success\" target=\"_self\">L\u00e4s Mer \u2026<\/a><\/div><\/div><\/div><\/div>\n<div class=\"col-md-3 col-sm-12 col-xs-12 pt-cv-content-item pt-cv-1-col\"  data-pid=\"5331\"><div class='pt-cv-ifield'><a href=\"https:\/\/insightevents.se\/gatubelysningsforum\/2025\/09\/22\/gatubelysningsforum-2025-praktisk-information\/\" class=\"_self pt-cv-href-thumbnail pt-cv-thumb-default\" target=\"_self\" ><img loading=\"lazy\" decoding=\"async\" width=\"400\" height=\"400\" src=\"https:\/\/insightevents.se\/gatubelysningsforum\/wp-content\/uploads\/sites\/4\/2025\/09\/gatubelysning-nyhetpraktisktinf1.png\" class=\"pt-cv-thumbnail img-none\" alt=\"\" srcset=\"https:\/\/insightevents.se\/gatubelysningsforum\/wp-content\/uploads\/sites\/4\/2025\/09\/gatubelysning-nyhetpraktisktinf1.png 400w, https:\/\/insightevents.se\/gatubelysningsforum\/wp-content\/uploads\/sites\/4\/2025\/09\/gatubelysning-nyhetpraktisktinf1-200x200.png 200w\" sizes=\"auto, (max-width: 400px) 100vw, 400px\" \/><\/a>\n<div class=\"pt-cv-taxoterm above_title\"><a href='https:\/\/insightevents.se\/gatubelysningsforum\/category\/nyhet\/' title='Nyhet' class='pt-cv-tax-nyhet'>Nyhet<\/a><\/div>\n<h4 class=\"pt-cv-title\"><a href=\"https:\/\/insightevents.se\/gatubelysningsforum\/2025\/09\/22\/gatubelysningsforum-2025-praktisk-information\/\" class=\"_self\" target=\"_self\" >Gatubelysningsforum 2025 \u2013 praktisk information<\/a><\/h4>\n<div class=\"pt-cv-content\">Var, n\u00e4r hur? Gatubelysningsforum 2025 arrangeras den 25-26 september p\u00e5 M\u00fcnchenbryggeriet, S\u00f6der M\u00e4larstrand 29, plan 7. F\u00f6rel\u00e4sningarna h\u00e5lls i M\u00e4larsalen ...<br \/><div class=\"pt-cv-rmwrap\"><a href=\"https:\/\/insightevents.se\/gatubelysningsforum\/2025\/09\/22\/gatubelysningsforum-2025-praktisk-information\/\" class=\"_self pt-cv-readmore btn btn-success\" target=\"_self\">L\u00e4s Mer \u2026<\/a><\/div><\/div><\/div><\/div>\n<div class=\"col-md-3 col-sm-12 col-xs-12 pt-cv-content-item pt-cv-1-col\"  data-pid=\"5280\"><div class='pt-cv-ifield'><a href=\"https:\/\/insightevents.se\/gatubelysningsforum\/2025\/08\/18\/utfasning-av-urladdningslampor-hur-gor-trafikverket\/\" class=\"_self pt-cv-href-thumbnail pt-cv-thumb-default\" target=\"_self\" ><img loading=\"lazy\" decoding=\"async\" width=\"400\" height=\"400\" src=\"https:\/\/insightevents.se\/gatubelysningsforum\/wp-content\/uploads\/sites\/4\/2024\/08\/Henrik-Gidlund.png\" class=\"pt-cv-thumbnail img-none\" alt=\"\" srcset=\"https:\/\/insightevents.se\/gatubelysningsforum\/wp-content\/uploads\/sites\/4\/2024\/08\/Henrik-Gidlund.png 400w, https:\/\/insightevents.se\/gatubelysningsforum\/wp-content\/uploads\/sites\/4\/2024\/08\/Henrik-Gidlund-200x200.png 200w\" sizes=\"auto, (max-width: 400px) 100vw, 400px\" \/><\/a>\n<div class=\"pt-cv-taxoterm above_title\"><a href='https:\/\/insightevents.se\/gatubelysningsforum\/category\/nyhet\/' title='Nyhet' class='pt-cv-tax-nyhet'>Nyhet<\/a><\/div>\n<h4 class=\"pt-cv-title\"><a href=\"https:\/\/insightevents.se\/gatubelysningsforum\/2025\/08\/18\/utfasning-av-urladdningslampor-hur-gor-trafikverket\/\" class=\"_self\" target=\"_self\" >Utfasning av urladdningslampor \u2013 hur g\u00f6r Trafikverket?<\/a><\/h4>\n<div class=\"pt-cv-content\">Vad \u00e4r det som egentligen g\u00e4ller med utfasningen av urladdningslampor? Henrik Gidlund arbetar som specialist, underh\u00e5ll p\u00e5 Trafikverket. Han har ...<br \/><div class=\"pt-cv-rmwrap\"><a href=\"https:\/\/insightevents.se\/gatubelysningsforum\/2025\/08\/18\/utfasning-av-urladdningslampor-hur-gor-trafikverket\/\" class=\"_self pt-cv-readmore btn btn-success\" target=\"_self\">L\u00e4s Mer \u2026<\/a><\/div><\/div><\/div><\/div>\n<div class=\"col-md-3 col-sm-12 col-xs-12 pt-cv-content-item pt-cv-1-col\"  data-pid=\"5277\"><div class='pt-cv-ifield'><a href=\"https:\/\/insightevents.se\/gatubelysningsforum\/2025\/06\/24\/identitet-samhorighet-och-tillvaxt-genom-ljus-i-det-offentliga-rummet\/\" class=\"_self pt-cv-href-thumbnail pt-cv-thumb-default\" target=\"_self\" ><img loading=\"lazy\" decoding=\"async\" width=\"400\" height=\"400\" src=\"https:\/\/insightevents.se\/gatubelysningsforum\/wp-content\/uploads\/sites\/4\/2025\/03\/Johan-Roklander.png\" class=\"pt-cv-thumbnail img-none\" alt=\"\" srcset=\"https:\/\/insightevents.se\/gatubelysningsforum\/wp-content\/uploads\/sites\/4\/2025\/03\/Johan-Roklander.png 400w, https:\/\/insightevents.se\/gatubelysningsforum\/wp-content\/uploads\/sites\/4\/2025\/03\/Johan-Roklander-200x200.png 200w\" sizes=\"auto, (max-width: 400px) 100vw, 400px\" \/><\/a>\n<div class=\"pt-cv-taxoterm above_title\"><a href='https:\/\/insightevents.se\/gatubelysningsforum\/category\/nyhet\/' title='Nyhet' class='pt-cv-tax-nyhet'>Nyhet<\/a><\/div>\n<h4 class=\"pt-cv-title\"><a href=\"https:\/\/insightevents.se\/gatubelysningsforum\/2025\/06\/24\/identitet-samhorighet-och-tillvaxt-genom-ljus-i-det-offentliga-rummet\/\" class=\"_self\" target=\"_self\" >Identitet, samh\u00f6righet och tillv\u00e4xt genom ljus i det offentliga rummet<\/a><\/h4>\n<div class=\"pt-cv-content\">Hur kan ljus anv\u00e4ndas som verktyg f\u00f6r platsidentitet och samh\u00f6righet? Johan R\u00f6klander \u00e4r en erfaren ljusdesigner och l\u00e4rare vid Tekniska ...<br \/><div class=\"pt-cv-rmwrap\"><a href=\"https:\/\/insightevents.se\/gatubelysningsforum\/2025\/06\/24\/identitet-samhorighet-och-tillvaxt-genom-ljus-i-det-offentliga-rummet\/\" class=\"_self pt-cv-readmore btn btn-success\" target=\"_self\">L\u00e4s Mer \u2026<\/a><\/div><\/div><\/div><\/div>\n<div class=\"col-md-3 col-sm-12 col-xs-12 pt-cv-content-item pt-cv-1-col\"  data-pid=\"5250\"><div class='pt-cv-ifield'><a href=\"https:\/\/insightevents.se\/gatubelysningsforum\/2025\/05\/06\/stockholms-stad-ny-strategi-for-utomhusbelysning\/\" class=\"_self pt-cv-href-thumbnail pt-cv-thumb-default\" target=\"_self\" ><img loading=\"lazy\" decoding=\"async\" width=\"400\" height=\"400\" src=\"https:\/\/insightevents.se\/gatubelysningsforum\/wp-content\/uploads\/sites\/4\/2025\/03\/Viveca-Jansson.png\" class=\"pt-cv-thumbnail img-none\" alt=\"\" srcset=\"https:\/\/insightevents.se\/gatubelysningsforum\/wp-content\/uploads\/sites\/4\/2025\/03\/Viveca-Jansson.png 400w, https:\/\/insightevents.se\/gatubelysningsforum\/wp-content\/uploads\/sites\/4\/2025\/03\/Viveca-Jansson-200x200.png 200w\" sizes=\"auto, (max-width: 400px) 100vw, 400px\" \/><\/a>\n<div class=\"pt-cv-taxoterm above_title\"><a href='https:\/\/insightevents.se\/gatubelysningsforum\/category\/nyhet\/' title='Nyhet' class='pt-cv-tax-nyhet'>Nyhet<\/a><\/div>\n<h4 class=\"pt-cv-title\"><a href=\"https:\/\/insightevents.se\/gatubelysningsforum\/2025\/05\/06\/stockholms-stad-ny-strategi-for-utomhusbelysning\/\" class=\"_self\" target=\"_self\" >Stockholms stad \u2013 ny strategi f\u00f6r utomhusbelysning<\/a><\/h4>\n<div class=\"pt-cv-content\">Hur ser Stockholms stads nya belysningsstrategi ut? Viveca Jansson \u00e4r projektledare\/ekolog, p\u00e5 enheten naturmilj\u00f6, milj\u00f6f\u00f6rvaltningen i Stockholms stad. Hon \u00e4r ...<br \/><div class=\"pt-cv-rmwrap\"><a href=\"https:\/\/insightevents.se\/gatubelysningsforum\/2025\/05\/06\/stockholms-stad-ny-strategi-for-utomhusbelysning\/\" class=\"_self pt-cv-readmore btn btn-success\" target=\"_self\">L\u00e4s Mer \u2026<\/a><\/div><\/div><\/div><\/div>\n<div class=\"col-md-3 col-sm-12 col-xs-12 pt-cv-content-item pt-cv-1-col\"  data-pid=\"5242\"><div class='pt-cv-ifield'><a href=\"https:\/\/insightevents.se\/gatubelysningsforum\/2025\/04\/23\/kungsbackas-resa-mot-den-uppkopplade-staden\/\" class=\"_self pt-cv-href-thumbnail pt-cv-thumb-default\" target=\"_self\" ><img loading=\"lazy\" decoding=\"async\" width=\"650\" height=\"433\" src=\"https:\/\/insightevents.se\/gatubelysningsforum\/wp-content\/uploads\/sites\/4\/2025\/04\/StefanMagnussonGatubelysningsforum2025-650x433.jpg\" class=\"pt-cv-thumbnail img-none\" alt=\"\" srcset=\"https:\/\/insightevents.se\/gatubelysningsforum\/wp-content\/uploads\/sites\/4\/2025\/04\/StefanMagnussonGatubelysningsforum2025-650x433.jpg 650w, https:\/\/insightevents.se\/gatubelysningsforum\/wp-content\/uploads\/sites\/4\/2025\/04\/StefanMagnussonGatubelysningsforum2025-1300x867.jpg 1300w, https:\/\/insightevents.se\/gatubelysningsforum\/wp-content\/uploads\/sites\/4\/2025\/04\/StefanMagnussonGatubelysningsforum2025-325x217.jpg 325w\" sizes=\"auto, (max-width: 650px) 100vw, 650px\" \/><\/a>\n<div class=\"pt-cv-taxoterm above_title\"><a href='https:\/\/insightevents.se\/gatubelysningsforum\/category\/nyhet\/' title='Nyhet' class='pt-cv-tax-nyhet'>Nyhet<\/a><\/div>\n<h4 class=\"pt-cv-title\"><a href=\"https:\/\/insightevents.se\/gatubelysningsforum\/2025\/04\/23\/kungsbackas-resa-mot-den-uppkopplade-staden\/\" class=\"_self\" target=\"_self\" >Kungsbackas resa mot den uppkopplade staden<\/a><\/h4>\n<div class=\"pt-cv-content\">Hur kan man implementera smart belysning f\u00f6r b\u00e5de natur och m\u00e4nniska? Stefan Magnusson arbetar som belysningsingenj\u00f6r p\u00e5 Kungsbacka kommun och ...<br \/><div class=\"pt-cv-rmwrap\"><a href=\"https:\/\/insightevents.se\/gatubelysningsforum\/2025\/04\/23\/kungsbackas-resa-mot-den-uppkopplade-staden\/\" class=\"_self pt-cv-readmore btn btn-success\" target=\"_self\">L\u00e4s Mer \u2026<\/a><\/div><\/div><\/div><\/div>\n<div class=\"col-md-3 col-sm-12 col-xs-12 pt-cv-content-item pt-cv-1-col\"  data-pid=\"5217\"><div class='pt-cv-ifield'><a href=\"https:\/\/insightevents.se\/gatubelysningsforum\/2025\/04\/08\/gatubelysningsforum-arrangeras-pa-munchenbryggeriet\/\" class=\"_self pt-cv-href-thumbnail pt-cv-thumb-default\" target=\"_self\" ><img loading=\"lazy\" decoding=\"async\" width=\"650\" height=\"433\" src=\"https:\/\/insightevents.se\/gatubelysningsforum\/wp-content\/uploads\/sites\/4\/2025\/04\/Munchenbryggeriet-650x433.jpg\" class=\"pt-cv-thumbnail img-none\" alt=\"\" srcset=\"https:\/\/insightevents.se\/gatubelysningsforum\/wp-content\/uploads\/sites\/4\/2025\/04\/Munchenbryggeriet-650x433.jpg 650w, https:\/\/insightevents.se\/gatubelysningsforum\/wp-content\/uploads\/sites\/4\/2025\/04\/Munchenbryggeriet-1300x867.jpg 1300w, https:\/\/insightevents.se\/gatubelysningsforum\/wp-content\/uploads\/sites\/4\/2025\/04\/Munchenbryggeriet-325x217.jpg 325w\" sizes=\"auto, (max-width: 650px) 100vw, 650px\" \/><\/a>\n<div class=\"pt-cv-taxoterm above_title\"><a href='https:\/\/insightevents.se\/gatubelysningsforum\/category\/nyhet\/' title='Nyhet' class='pt-cv-tax-nyhet'>Nyhet<\/a><\/div>\n<h4 class=\"pt-cv-title\"><a href=\"https:\/\/insightevents.se\/gatubelysningsforum\/2025\/04\/08\/gatubelysningsforum-arrangeras-pa-munchenbryggeriet\/\" class=\"_self\" target=\"_self\" >Gatubelysningsforum arrangeras p\u00e5 M\u00fcnchenbryggeriet<\/a><\/h4>\n<div class=\"pt-cv-content\">Gatubelysningsforum 2025 arrangeras den 25-26 september p\u00e5 M\u00fcnchenbryggeriet i Stockholm. Konferensanl\u00e4ggningen \u00e4r centralt bel\u00e4get p\u00e5 S\u00f6dermalm och \u00e4r ett av ...<br \/><div class=\"pt-cv-rmwrap\"><a href=\"https:\/\/insightevents.se\/gatubelysningsforum\/2025\/04\/08\/gatubelysningsforum-arrangeras-pa-munchenbryggeriet\/\" class=\"_self pt-cv-readmore btn btn-success\" target=\"_self\">L\u00e4s Mer \u2026<\/a><\/div><\/div><\/div><\/div>\n<div class=\"col-md-3 col-sm-12 col-xs-12 pt-cv-content-item pt-cv-1-col\"  data-pid=\"5202\"><div class='pt-cv-ifield'><a href=\"https:\/\/insightevents.se\/gatubelysningsforum\/2025\/04\/02\/valkommen-till-gatubelysningsforum-2025\/\" class=\"_self pt-cv-href-thumbnail pt-cv-thumb-default\" target=\"_self\" ><img loading=\"lazy\" decoding=\"async\" width=\"650\" height=\"433\" src=\"https:\/\/insightevents.se\/gatubelysningsforum\/wp-content\/uploads\/sites\/4\/2025\/04\/BildValkommenGatubelysning25NY-650x433.png\" class=\"pt-cv-thumbnail img-none\" alt=\"\" srcset=\"https:\/\/insightevents.se\/gatubelysningsforum\/wp-content\/uploads\/sites\/4\/2025\/04\/BildValkommenGatubelysning25NY-650x433.png 650w, https:\/\/insightevents.se\/gatubelysningsforum\/wp-content\/uploads\/sites\/4\/2025\/04\/BildValkommenGatubelysning25NY-325x217.png 325w\" sizes=\"auto, (max-width: 650px) 100vw, 650px\" \/><\/a>\n<div class=\"pt-cv-taxoterm above_title\"><a href='https:\/\/insightevents.se\/gatubelysningsforum\/category\/nyhet\/' title='Nyhet' class='pt-cv-tax-nyhet'>Nyhet<\/a><\/div>\n<h4 class=\"pt-cv-title\"><a href=\"https:\/\/insightevents.se\/gatubelysningsforum\/2025\/04\/02\/valkommen-till-gatubelysningsforum-2025\/\" class=\"_self\" target=\"_self\" >V\u00e4lkommen till Gatubelysningsforum 2025<\/a><\/h4>\n<div class=\"pt-cv-content\">Varmt v\u00e4lkommen till Gatubelysningsforum 2025 \u2013 den naturliga m\u00f6tesplatsen f\u00f6r dig som spelar en nyckelroll inom utomhusbelysning och offentlig milj\u00f6 ...<br \/><div class=\"pt-cv-rmwrap\"><a href=\"https:\/\/insightevents.se\/gatubelysningsforum\/2025\/04\/02\/valkommen-till-gatubelysningsforum-2025\/\" class=\"_self pt-cv-readmore btn btn-success\" target=\"_self\">L\u00e4s Mer \u2026<\/a><\/div><\/div><\/div><\/div>\n<div class=\"col-md-3 col-sm-12 col-xs-12 pt-cv-content-item pt-cv-1-col\"  data-pid=\"5078\"><div class='pt-cv-ifield'><a href=\"https:\/\/insightevents.se\/gatubelysningsforum\/2025\/02\/12\/call-for-speakers-gatubelysningsforum\/\" class=\"_self pt-cv-href-thumbnail pt-cv-thumb-default\" target=\"_self\" ><img loading=\"lazy\" decoding=\"async\" width=\"400\" height=\"400\" src=\"https:\/\/insightevents.se\/gatubelysningsforum\/wp-content\/uploads\/sites\/4\/2025\/02\/nyhetsbild5.png\" class=\"pt-cv-thumbnail img-none\" alt=\"\" srcset=\"https:\/\/insightevents.se\/gatubelysningsforum\/wp-content\/uploads\/sites\/4\/2025\/02\/nyhetsbild5.png 400w, https:\/\/insightevents.se\/gatubelysningsforum\/wp-content\/uploads\/sites\/4\/2025\/02\/nyhetsbild5-200x200.png 200w\" sizes=\"auto, (max-width: 400px) 100vw, 400px\" \/><\/a>\n<div class=\"pt-cv-taxoterm above_title\"><a href='https:\/\/insightevents.se\/gatubelysningsforum\/category\/nyhet\/' title='Nyhet' class='pt-cv-tax-nyhet'>Nyhet<\/a><\/div>\n<h4 class=\"pt-cv-title\"><a href=\"https:\/\/insightevents.se\/gatubelysningsforum\/2025\/02\/12\/call-for-speakers-gatubelysningsforum\/\" class=\"_self\" target=\"_self\" >Call for Speakers \u2013 Gatubelysningsforum<\/a><\/h4>\n<div class=\"pt-cv-content\">Gatubelysningsforum 2025 arrangeras p\u00e5 M\u00fcnchenbryggeriet i Stockholm den 25-26 september. Konferensen \u00e4r ett utm\u00e4rkt tillf\u00e4lle att ta del av det ...<br \/><div class=\"pt-cv-rmwrap\"><a href=\"https:\/\/insightevents.se\/gatubelysningsforum\/2025\/02\/12\/call-for-speakers-gatubelysningsforum\/\" class=\"_self pt-cv-readmore btn btn-success\" target=\"_self\">L\u00e4s Mer \u2026<\/a><\/div><\/div><\/div><\/div>\n<div class=\"col-md-3 col-sm-12 col-xs-12 pt-cv-content-item pt-cv-1-col\"  data-pid=\"5072\"><div class='pt-cv-ifield'><a href=\"https:\/\/insightevents.se\/gatubelysningsforum\/2025\/02\/12\/gatubelysningsforum-2025-save-the-date\/\" class=\"_self pt-cv-href-thumbnail pt-cv-thumb-default\" target=\"_self\" ><img loading=\"lazy\" decoding=\"async\" width=\"400\" height=\"400\" src=\"https:\/\/insightevents.se\/gatubelysningsforum\/wp-content\/uploads\/sites\/4\/2025\/02\/nyhetsbild4.png\" class=\"pt-cv-thumbnail img-none\" alt=\"\" srcset=\"https:\/\/insightevents.se\/gatubelysningsforum\/wp-content\/uploads\/sites\/4\/2025\/02\/nyhetsbild4.png 400w, https:\/\/insightevents.se\/gatubelysningsforum\/wp-content\/uploads\/sites\/4\/2025\/02\/nyhetsbild4-200x200.png 200w\" sizes=\"auto, (max-width: 400px) 100vw, 400px\" \/><\/a>\n<div class=\"pt-cv-taxoterm above_title\"><a href='https:\/\/insightevents.se\/gatubelysningsforum\/category\/nyhet\/' title='Nyhet' class='pt-cv-tax-nyhet'>Nyhet<\/a><\/div>\n<h4 class=\"pt-cv-title\"><a href=\"https:\/\/insightevents.se\/gatubelysningsforum\/2025\/02\/12\/gatubelysningsforum-2025-save-the-date\/\" class=\"_self\" target=\"_self\" >Gatubelysningsforum 2025 \u2013 save the date<\/a><\/h4>\n<div class=\"pt-cv-content\">Varmt v\u00e4lkommen till M\u00fcnchenbryggeriet i Stockholm den 25-26 september f\u00f6r 2025 \u00e5rs upplaga av Gatubelysningsforum \u2013 den naturliga m\u00f6tesplatsen f\u00f6r ...<br \/><div class=\"pt-cv-rmwrap\"><a href=\"https:\/\/insightevents.se\/gatubelysningsforum\/2025\/02\/12\/gatubelysningsforum-2025-save-the-date\/\" class=\"_self pt-cv-readmore btn btn-success\" target=\"_self\">L\u00e4s Mer \u2026<\/a><\/div><\/div><\/div><\/div>\n<div class=\"col-md-3 col-sm-12 col-xs-12 pt-cv-content-item pt-cv-1-col\"  data-pid=\"5009\"><div class='pt-cv-ifield'><a href=\"https:\/\/insightevents.se\/gatubelysningsforum\/2024\/09\/06\/gatubelysningsforum-2024-praktisk-information\/\" class=\"_self pt-cv-href-thumbnail pt-cv-thumb-default\" target=\"_self\" ><img loading=\"lazy\" decoding=\"async\" width=\"400\" height=\"400\" src=\"https:\/\/insightevents.se\/gatubelysningsforum\/wp-content\/uploads\/sites\/4\/2024\/09\/gatub.nyhet_.png\" class=\"pt-cv-thumbnail img-none\" alt=\"\" srcset=\"https:\/\/insightevents.se\/gatubelysningsforum\/wp-content\/uploads\/sites\/4\/2024\/09\/gatub.nyhet_.png 400w, https:\/\/insightevents.se\/gatubelysningsforum\/wp-content\/uploads\/sites\/4\/2024\/09\/gatub.nyhet_-200x200.png 200w\" sizes=\"auto, (max-width: 400px) 100vw, 400px\" \/><\/a>\n<div class=\"pt-cv-taxoterm above_title\"><a href='https:\/\/insightevents.se\/gatubelysningsforum\/category\/nyhet\/' title='Nyhet' class='pt-cv-tax-nyhet'>Nyhet<\/a><\/div>\n<h4 class=\"pt-cv-title\"><a href=\"https:\/\/insightevents.se\/gatubelysningsforum\/2024\/09\/06\/gatubelysningsforum-2024-praktisk-information\/\" class=\"_self\" target=\"_self\" >Gatubelysningsforum 2024 \u2013 praktisk information<\/a><\/h4>\n<div class=\"pt-cv-content\">Tid och plats Gatubelysningsforum arrangeras den 10-11 september p\u00e5 Artur Restaurang &amp; Eventlokal Rissneleden 110, 174 57 Sundbyberg. Den f\u00f6rsta ...<br \/><div class=\"pt-cv-rmwrap\"><a href=\"https:\/\/insightevents.se\/gatubelysningsforum\/2024\/09\/06\/gatubelysningsforum-2024-praktisk-information\/\" class=\"_self pt-cv-readmore btn btn-success\" target=\"_self\">L\u00e4s Mer \u2026<\/a><\/div><\/div><\/div><\/div>\n<div class=\"col-md-3 col-sm-12 col-xs-12 pt-cv-content-item pt-cv-1-col\"  data-pid=\"4946\"><div class='pt-cv-ifield'><a href=\"https:\/\/insightevents.se\/gatubelysningsforum\/2024\/06\/18\/framtidssakra-samhallen-med-hallbar-belysning\/\" class=\"_self pt-cv-href-thumbnail pt-cv-thumb-default\" target=\"_self\" ><img loading=\"lazy\" decoding=\"async\" width=\"400\" height=\"400\" src=\"https:\/\/insightevents.se\/gatubelysningsforum\/wp-content\/uploads\/sites\/4\/2024\/06\/lukas.jpg\" class=\"pt-cv-thumbnail img-none\" alt=\"\" srcset=\"https:\/\/insightevents.se\/gatubelysningsforum\/wp-content\/uploads\/sites\/4\/2024\/06\/lukas.jpg 400w, https:\/\/insightevents.se\/gatubelysningsforum\/wp-content\/uploads\/sites\/4\/2024\/06\/lukas-200x200.jpg 200w\" sizes=\"auto, (max-width: 400px) 100vw, 400px\" \/><\/a>\n<div class=\"pt-cv-taxoterm above_title\"><a href='https:\/\/insightevents.se\/gatubelysningsforum\/category\/nyhet\/' title='Nyhet' class='pt-cv-tax-nyhet'>Nyhet<\/a><\/div>\n<h4 class=\"pt-cv-title\"><a href=\"https:\/\/insightevents.se\/gatubelysningsforum\/2024\/06\/18\/framtidssakra-samhallen-med-hallbar-belysning\/\" class=\"_self\" target=\"_self\" >Framtidss\u00e4kra samh\u00e4llen med h\u00e5llbar belysning<\/a><\/h4>\n<div class=\"pt-cv-content\">Hur kan vi investera l\u00e5ngsiktigt och hantera risker? Lukas Hallquist arbetar som projektledare p\u00e5 RISE Research Institutes of Sweden och ...<br \/><div class=\"pt-cv-rmwrap\"><a href=\"https:\/\/insightevents.se\/gatubelysningsforum\/2024\/06\/18\/framtidssakra-samhallen-med-hallbar-belysning\/\" class=\"_self pt-cv-readmore btn btn-success\" target=\"_self\">L\u00e4s Mer \u2026<\/a><\/div><\/div><\/div><\/div>\n<div class=\"col-md-3 col-sm-12 col-xs-12 pt-cv-content-item pt-cv-1-col\"  data-pid=\"4936\"><div class='pt-cv-ifield'><a href=\"https:\/\/insightevents.se\/gatubelysningsforum\/2024\/05\/31\/driftskostnader-framtidssakerhet-energieffektivisering-och-ny-teknik\/\" class=\"_self pt-cv-href-thumbnail pt-cv-thumb-default\" target=\"_self\" ><img loading=\"lazy\" decoding=\"async\" width=\"400\" height=\"400\" src=\"https:\/\/insightevents.se\/gatubelysningsforum\/wp-content\/uploads\/sites\/4\/2024\/05\/Anna-Waernborg.png\" class=\"pt-cv-thumbnail img-none\" alt=\"\" srcset=\"https:\/\/insightevents.se\/gatubelysningsforum\/wp-content\/uploads\/sites\/4\/2024\/05\/Anna-Waernborg.png 400w, https:\/\/insightevents.se\/gatubelysningsforum\/wp-content\/uploads\/sites\/4\/2024\/05\/Anna-Waernborg-200x200.png 200w\" sizes=\"auto, (max-width: 400px) 100vw, 400px\" \/><\/a>\n<div class=\"pt-cv-taxoterm above_title\"><a href='https:\/\/insightevents.se\/gatubelysningsforum\/category\/nyhet\/' title='Nyhet' class='pt-cv-tax-nyhet'>Nyhet<\/a><\/div>\n<h4 class=\"pt-cv-title\"><a href=\"https:\/\/insightevents.se\/gatubelysningsforum\/2024\/05\/31\/driftskostnader-framtidssakerhet-energieffektivisering-och-ny-teknik\/\" class=\"_self\" target=\"_self\" >Driftskostnader, framtidss\u00e4kerhet, energieffektivisering och ny teknik<\/a><\/h4>\n<div class=\"pt-cv-content\">V\u00e4lkommen till Sveriges starkast lysande m\u00f6tesplats f\u00f6r dig som arbetar med utomhusbelysning inom den offentliga milj\u00f6n. P\u00e5 Gatubelysningsforum 2024 den ...<br \/><div class=\"pt-cv-rmwrap\"><a href=\"https:\/\/insightevents.se\/gatubelysningsforum\/2024\/05\/31\/driftskostnader-framtidssakerhet-energieffektivisering-och-ny-teknik\/\" class=\"_self pt-cv-readmore btn btn-success\" target=\"_self\">L\u00e4s Mer \u2026<\/a><\/div><\/div><\/div><\/div>\n<div class=\"col-md-3 col-sm-12 col-xs-12 pt-cv-content-item pt-cv-1-col\"  data-pid=\"1458\"><div class='pt-cv-ifield'><a href=\"https:\/\/insightevents.se\/gatubelysningsforum\/2024\/02\/28\/valkommen-till-gatubelysningsforum-2024\/\" class=\"_self pt-cv-href-thumbnail pt-cv-thumb-default\" target=\"_self\" ><img loading=\"lazy\" decoding=\"async\" width=\"400\" height=\"400\" src=\"https:\/\/insightevents.se\/gatubelysningsforum\/wp-content\/uploads\/sites\/4\/2024\/02\/pdf-bild-nyhet.png\" class=\"pt-cv-thumbnail img-none\" alt=\"\" srcset=\"https:\/\/insightevents.se\/gatubelysningsforum\/wp-content\/uploads\/sites\/4\/2024\/02\/pdf-bild-nyhet.png 400w, https:\/\/insightevents.se\/gatubelysningsforum\/wp-content\/uploads\/sites\/4\/2024\/02\/pdf-bild-nyhet-200x200.png 200w\" sizes=\"auto, (max-width: 400px) 100vw, 400px\" \/><\/a>\n<div class=\"pt-cv-taxoterm above_title\"><a href='https:\/\/insightevents.se\/gatubelysningsforum\/category\/nyhet\/' title='Nyhet' class='pt-cv-tax-nyhet'>Nyhet<\/a><\/div>\n<h4 class=\"pt-cv-title\"><a href=\"https:\/\/insightevents.se\/gatubelysningsforum\/2024\/02\/28\/valkommen-till-gatubelysningsforum-2024\/\" class=\"_self\" target=\"_self\" >V\u00e4lkommen till Gatubelysningsforum 2024<\/a><\/h4>\n<div class=\"pt-cv-content\">Varmt v\u00e4lkommen till Gatubelysningsforum 2024 \u2013 m\u00f6tesplatsen f\u00f6r dig som spelar en nyckelroll inom utomhusbelysning och offentlig milj\u00f6. Efter f\u00f6rra ...<br \/><div class=\"pt-cv-rmwrap\"><a href=\"https:\/\/insightevents.se\/gatubelysningsforum\/2024\/02\/28\/valkommen-till-gatubelysningsforum-2024\/\" class=\"_self pt-cv-readmore btn btn-success\" target=\"_self\">L\u00e4s Mer \u2026<\/a><\/div><\/div><\/div><\/div>\n<div class=\"col-md-3 col-sm-12 col-xs-12 pt-cv-content-item pt-cv-1-col\"  data-pid=\"1393\"><div class='pt-cv-ifield'><a href=\"https:\/\/insightevents.se\/gatubelysningsforum\/2023\/09\/18\/gatubelysningsforum-2023-tack\/\" class=\"_self pt-cv-href-thumbnail pt-cv-thumb-default\" target=\"_self\" ><img loading=\"lazy\" decoding=\"async\" width=\"400\" height=\"400\" src=\"https:\/\/insightevents.se\/gatubelysningsforum\/wp-content\/uploads\/sites\/4\/2023\/09\/nyhetsbild-event23.png\" class=\"pt-cv-thumbnail img-none\" alt=\"\" srcset=\"https:\/\/insightevents.se\/gatubelysningsforum\/wp-content\/uploads\/sites\/4\/2023\/09\/nyhetsbild-event23.png 400w, https:\/\/insightevents.se\/gatubelysningsforum\/wp-content\/uploads\/sites\/4\/2023\/09\/nyhetsbild-event23-200x200.png 200w\" sizes=\"auto, (max-width: 400px) 100vw, 400px\" \/><\/a>\n<div class=\"pt-cv-taxoterm above_title\"><a href='https:\/\/insightevents.se\/gatubelysningsforum\/category\/nyhet\/' title='Nyhet' class='pt-cv-tax-nyhet'>Nyhet<\/a><\/div>\n<h4 class=\"pt-cv-title\"><a href=\"https:\/\/insightevents.se\/gatubelysningsforum\/2023\/09\/18\/gatubelysningsforum-2023-tack\/\" class=\"_self\" target=\"_self\" >Gatubelysningsforum 2023 \u2013 Tack!<\/a><\/h4>\n<div class=\"pt-cv-content\">Ett stort tack till deltagare, talare, utst\u00e4llare och sponsorer som gjorde Gatubelysningsforum 2023 till ett s\u00e5 lyckat event! Deltagarna fick ...<br \/><div class=\"pt-cv-rmwrap\"><a href=\"https:\/\/insightevents.se\/gatubelysningsforum\/2023\/09\/18\/gatubelysningsforum-2023-tack\/\" class=\"_self pt-cv-readmore btn btn-success\" target=\"_self\">L\u00e4s Mer \u2026<\/a><\/div><\/div><\/div><\/div>\n<div class=\"col-md-3 col-sm-12 col-xs-12 pt-cv-content-item pt-cv-1-col\"  data-pid=\"1355\"><div class='pt-cv-ifield'><a href=\"https:\/\/insightevents.se\/gatubelysningsforum\/2023\/09\/07\/gatubelysningsforum-2023-praktisk-information\/\" class=\"_self pt-cv-href-thumbnail pt-cv-thumb-default\" target=\"_self\" ><img loading=\"lazy\" decoding=\"async\" width=\"650\" height=\"433\" src=\"https:\/\/insightevents.se\/gatubelysningsforum\/wp-content\/uploads\/sites\/4\/2023\/09\/Bild-framsida-GBF-2023-NY-e1694075503389-650x433.jpg\" class=\"pt-cv-thumbnail img-none\" alt=\"\" srcset=\"https:\/\/insightevents.se\/gatubelysningsforum\/wp-content\/uploads\/sites\/4\/2023\/09\/Bild-framsida-GBF-2023-NY-e1694075503389-650x433.jpg 650w, https:\/\/insightevents.se\/gatubelysningsforum\/wp-content\/uploads\/sites\/4\/2023\/09\/Bild-framsida-GBF-2023-NY-e1694075503389-1300x867.jpg 1300w, https:\/\/insightevents.se\/gatubelysningsforum\/wp-content\/uploads\/sites\/4\/2023\/09\/Bild-framsida-GBF-2023-NY-e1694075503389-325x217.jpg 325w\" sizes=\"auto, (max-width: 650px) 100vw, 650px\" \/><\/a>\n<div class=\"pt-cv-taxoterm above_title\"><a href='https:\/\/insightevents.se\/gatubelysningsforum\/category\/nyhet\/' title='Nyhet' class='pt-cv-tax-nyhet'>Nyhet<\/a><\/div>\n<h4 class=\"pt-cv-title\"><a href=\"https:\/\/insightevents.se\/gatubelysningsforum\/2023\/09\/07\/gatubelysningsforum-2023-praktisk-information\/\" class=\"_self\" target=\"_self\" >Gatubelysningsforum 2023 \u2013 praktisk information<\/a><\/h4>\n<div class=\"pt-cv-content\">Varmt v\u00e4lkommen till Gatubelysningsforum 2023 Tid och plats Gatubelysningsforum arrangeras den 12-13 september p\u00e5 Garnisonen konferens, Karlav\u00e4gen 100 i Stockholm ...<br \/><div class=\"pt-cv-rmwrap\"><a href=\"https:\/\/insightevents.se\/gatubelysningsforum\/2023\/09\/07\/gatubelysningsforum-2023-praktisk-information\/\" class=\"_self pt-cv-readmore btn btn-success\" target=\"_self\">L\u00e4s Mer \u2026<\/a><\/div><\/div><\/div><\/div>\n<div class=\"col-md-3 col-sm-12 col-xs-12 pt-cv-content-item pt-cv-1-col\"  data-pid=\"1338\"><div class='pt-cv-ifield'><a href=\"https:\/\/insightevents.se\/gatubelysningsforum\/2023\/08\/29\/kvalitetssakra-era-armaturutbyten\/\" class=\"_self pt-cv-href-thumbnail pt-cv-thumb-default\" target=\"_self\" ><img loading=\"lazy\" decoding=\"async\" width=\"650\" height=\"433\" src=\"https:\/\/insightevents.se\/gatubelysningsforum\/wp-content\/uploads\/sites\/4\/2023\/08\/Ronnie-Eriksson-e1693299766149-650x433.jpg\" class=\"pt-cv-thumbnail img-none\" alt=\"\" srcset=\"https:\/\/insightevents.se\/gatubelysningsforum\/wp-content\/uploads\/sites\/4\/2023\/08\/Ronnie-Eriksson-e1693299766149-650x433.jpg 650w, https:\/\/insightevents.se\/gatubelysningsforum\/wp-content\/uploads\/sites\/4\/2023\/08\/Ronnie-Eriksson-e1693299766149-1300x867.jpg 1300w\" sizes=\"auto, (max-width: 650px) 100vw, 650px\" \/><\/a>\n<div class=\"pt-cv-taxoterm above_title\"><a href='https:\/\/insightevents.se\/gatubelysningsforum\/category\/nyhet\/' title='Nyhet' class='pt-cv-tax-nyhet'>Nyhet<\/a><\/div>\n<h4 class=\"pt-cv-title\"><a href=\"https:\/\/insightevents.se\/gatubelysningsforum\/2023\/08\/29\/kvalitetssakra-era-armaturutbyten\/\" class=\"_self\" target=\"_self\" >Kvalitetss\u00e4kra era armaturutbyten<\/a><\/h4>\n<div class=\"pt-cv-content\">M\u00e5nga armaturbyten g\u00f6rs idag utan eller bara med minsta m\u00f6jliga kvalitetss\u00e4kring. Att s\u00e4kerst\u00e4lla s\u00e5 v\u00e5r utemilj\u00f6 bibeh\u00e5lls s\u00e4kert ur b\u00e5de ...<br \/><div class=\"pt-cv-rmwrap\"><a href=\"https:\/\/insightevents.se\/gatubelysningsforum\/2023\/08\/29\/kvalitetssakra-era-armaturutbyten\/\" class=\"_self pt-cv-readmore btn btn-success\" target=\"_self\">L\u00e4s Mer \u2026<\/a><\/div><\/div><\/div><\/div>\n<div class=\"col-md-3 col-sm-12 col-xs-12 pt-cv-content-item pt-cv-1-col\"  data-pid=\"1313\"><div class='pt-cv-ifield'><a href=\"https:\/\/insightevents.se\/gatubelysningsforum\/2023\/08\/17\/kan-gatubelysningen-bli-mer-cirkular\/\" class=\"_self pt-cv-href-thumbnail pt-cv-thumb-default\" target=\"_self\" ><img loading=\"lazy\" decoding=\"async\" width=\"580\" height=\"433\" src=\"https:\/\/insightevents.se\/gatubelysningsforum\/wp-content\/uploads\/sites\/4\/2023\/08\/Bjorn_Lindelof_tk_infra_id-e1692275008107-580x433.jpg\" class=\"pt-cv-thumbnail img-none\" alt=\"\" \/><\/a>\n<div class=\"pt-cv-taxoterm above_title\"><a href='https:\/\/insightevents.se\/gatubelysningsforum\/category\/nyhet\/' title='Nyhet' class='pt-cv-tax-nyhet'>Nyhet<\/a><\/div>\n<h4 class=\"pt-cv-title\"><a href=\"https:\/\/insightevents.se\/gatubelysningsforum\/2023\/08\/17\/kan-gatubelysningen-bli-mer-cirkular\/\" class=\"_self\" target=\"_self\" >Kan gatubelysningen bli mer cirkul\u00e4r?<\/a><\/h4>\n<div class=\"pt-cv-content\">Den cirkul\u00e4ra omst\u00e4llningen p\u00e5g\u00e5r inom m\u00e5nga branscher och \u00e4r en viktig aktivitet f\u00f6r att minska klimatp\u00e5verkan. Varje \u00e5r installeras m\u00e5nga ...<br \/><div class=\"pt-cv-rmwrap\"><a href=\"https:\/\/insightevents.se\/gatubelysningsforum\/2023\/08\/17\/kan-gatubelysningen-bli-mer-cirkular\/\" class=\"_self pt-cv-readmore btn btn-success\" target=\"_self\">L\u00e4s Mer \u2026<\/a><\/div><\/div><\/div><\/div>\n<div class=\"col-md-3 col-sm-12 col-xs-12 pt-cv-content-item pt-cv-1-col\"  data-pid=\"1242\"><div class='pt-cv-ifield'><a href=\"https:\/\/insightevents.se\/gatubelysningsforum\/2023\/06\/01\/valkommen-till-gatubelysningsforum-2023\/\" class=\"_self pt-cv-href-thumbnail pt-cv-thumb-default\" target=\"_self\" ><img loading=\"lazy\" decoding=\"async\" width=\"400\" height=\"400\" src=\"https:\/\/insightevents.se\/gatubelysningsforum\/wp-content\/uploads\/sites\/4\/2023\/06\/nyhetsbild4.png\" class=\"pt-cv-thumbnail img-none\" alt=\"\" srcset=\"https:\/\/insightevents.se\/gatubelysningsforum\/wp-content\/uploads\/sites\/4\/2023\/06\/nyhetsbild4.png 400w, https:\/\/insightevents.se\/gatubelysningsforum\/wp-content\/uploads\/sites\/4\/2023\/06\/nyhetsbild4-200x200.png 200w\" sizes=\"auto, (max-width: 400px) 100vw, 400px\" \/><\/a>\n<div class=\"pt-cv-taxoterm above_title\"><a href='https:\/\/insightevents.se\/gatubelysningsforum\/category\/nyhet\/' title='Nyhet' class='pt-cv-tax-nyhet'>Nyhet<\/a><\/div>\n<h4 class=\"pt-cv-title\"><a href=\"https:\/\/insightevents.se\/gatubelysningsforum\/2023\/06\/01\/valkommen-till-gatubelysningsforum-2023\/\" class=\"_self\" target=\"_self\" >V\u00e4lkommen till Gatubelysningsforum 2023<\/a><\/h4>\n<div class=\"pt-cv-content\">Varmt v\u00e4lkommen till Stockholm den 12-13 september f\u00f6r 2023 \u00e5rs upplaga av succ\u00e9konferensen Gatubelysningsforum \u2013 den naturliga m\u00f6tesplatsen f\u00f6r dig ...<br \/><div class=\"pt-cv-rmwrap\"><a href=\"https:\/\/insightevents.se\/gatubelysningsforum\/2023\/06\/01\/valkommen-till-gatubelysningsforum-2023\/\" class=\"_self pt-cv-readmore btn btn-success\" target=\"_self\">L\u00e4s Mer \u2026<\/a><\/div><\/div><\/div><\/div>\n<div class=\"col-md-3 col-sm-12 col-xs-12 pt-cv-content-item pt-cv-1-col\"  data-pid=\"1023\"><div class='pt-cv-ifield'><a href=\"https:\/\/insightevents.se\/gatubelysningsforum\/2022\/05\/27\/det-kravs-morker-for-att-se-ljuset\/\" class=\"_self pt-cv-href-thumbnail pt-cv-thumb-default\" target=\"_self\" ><img loading=\"lazy\" decoding=\"async\" width=\"400\" height=\"400\" src=\"https:\/\/insightevents.se\/gatubelysningsforum\/wp-content\/uploads\/sites\/4\/2022\/05\/nyhetsbild1.png\" class=\"pt-cv-thumbnail img-none\" alt=\"\" srcset=\"https:\/\/insightevents.se\/gatubelysningsforum\/wp-content\/uploads\/sites\/4\/2022\/05\/nyhetsbild1.png 400w, https:\/\/insightevents.se\/gatubelysningsforum\/wp-content\/uploads\/sites\/4\/2022\/05\/nyhetsbild1-200x200.png 200w\" sizes=\"auto, (max-width: 400px) 100vw, 400px\" \/><\/a>\n<div class=\"pt-cv-taxoterm above_title\"><a href='https:\/\/insightevents.se\/gatubelysningsforum\/category\/nyhet\/' title='Nyhet' class='pt-cv-tax-nyhet'>Nyhet<\/a><\/div>\n<h4 class=\"pt-cv-title\"><a href=\"https:\/\/insightevents.se\/gatubelysningsforum\/2022\/05\/27\/det-kravs-morker-for-att-se-ljuset\/\" class=\"_self\" target=\"_self\" >Det kr\u00e4vs m\u00f6rker f\u00f6r att se ljuset!<\/a><\/h4>\n<div class=\"pt-cv-content\">Ljuset k\u00e4nner inga gr\u00e4nser och p\u00e5verkar oss alla oavsett var vi befinner oss. Ett gr\u00e4ns\u00f6verskridande projekt visar p\u00e5 detta b\u00e5de ...<br \/><div class=\"pt-cv-rmwrap\"><a href=\"https:\/\/insightevents.se\/gatubelysningsforum\/2022\/05\/27\/det-kravs-morker-for-att-se-ljuset\/\" class=\"_self pt-cv-readmore btn btn-success\" target=\"_self\">L\u00e4s Mer \u2026<\/a><\/div><\/div><\/div><\/div>\n<div class=\"col-md-3 col-sm-12 col-xs-12 pt-cv-content-item pt-cv-1-col\"  data-pid=\"801\"><div class='pt-cv-ifield'><a href=\"https:\/\/insightevents.se\/gatubelysningsforum\/2020\/09\/22\/pa-vag-mot-en-smartare-gatubelysning\/\" class=\"_self pt-cv-href-thumbnail pt-cv-thumb-default\" target=\"_self\" ><img loading=\"lazy\" decoding=\"async\" width=\"400\" height=\"400\" src=\"https:\/\/insightevents.se\/gatubelysningsforum\/wp-content\/uploads\/sites\/4\/2020\/09\/nyhetsbild3.png\" class=\"pt-cv-thumbnail img-none\" alt=\"\" srcset=\"https:\/\/insightevents.se\/gatubelysningsforum\/wp-content\/uploads\/sites\/4\/2020\/09\/nyhetsbild3.png 400w, https:\/\/insightevents.se\/gatubelysningsforum\/wp-content\/uploads\/sites\/4\/2020\/09\/nyhetsbild3-200x200.png 200w\" sizes=\"auto, (max-width: 400px) 100vw, 400px\" \/><\/a>\n<div class=\"pt-cv-taxoterm above_title\"><a href='https:\/\/insightevents.se\/gatubelysningsforum\/category\/nyhet\/' title='Nyhet' class='pt-cv-tax-nyhet'>Nyhet<\/a><\/div>\n<h4 class=\"pt-cv-title\"><a href=\"https:\/\/insightevents.se\/gatubelysningsforum\/2020\/09\/22\/pa-vag-mot-en-smartare-gatubelysning\/\" class=\"_self\" target=\"_self\" >P\u00e5 v\u00e4g mot en smartare gatubelysning<\/a><\/h4>\n<div class=\"pt-cv-content\">P\u00e5 \u00e5rets upplaga av Gatubelysningsforum, den 2-3 december, f\u00e5r vi ta del av den senaste utvecklingen inom belysning f\u00f6r smarta ...<br \/><div class=\"pt-cv-rmwrap\"><a href=\"https:\/\/insightevents.se\/gatubelysningsforum\/2020\/09\/22\/pa-vag-mot-en-smartare-gatubelysning\/\" class=\"_self pt-cv-readmore btn btn-success\" target=\"_self\">L\u00e4s Mer \u2026<\/a><\/div><\/div><\/div><\/div>\n<div class=\"col-md-3 col-sm-12 col-xs-12 pt-cv-content-item pt-cv-1-col\"  data-pid=\"798\"><div class='pt-cv-ifield'><a href=\"https:\/\/insightevents.se\/gatubelysningsforum\/2020\/09\/14\/arets-motesplats-for-oss-som-brinner-for-ljus\/\" class=\"_self pt-cv-href-thumbnail pt-cv-thumb-default\" target=\"_self\" ><img decoding=\"async\" src=\"https:\/\/insightevents.se\/gatubelysningsforum\/wp-content\/uploads\/sites\/4\/2020\/04\/anna.jpg\" class=\"pt-cv-thumbnail img-none\" width=\"650\" style=\"width: 650px;\"\/><\/a>\n<div class=\"pt-cv-taxoterm above_title\"><a href='https:\/\/insightevents.se\/gatubelysningsforum\/category\/nyhet\/' title='Nyhet' class='pt-cv-tax-nyhet'>Nyhet<\/a><\/div>\n<h4 class=\"pt-cv-title\"><a href=\"https:\/\/insightevents.se\/gatubelysningsforum\/2020\/09\/14\/arets-motesplats-for-oss-som-brinner-for-ljus\/\" class=\"_self\" target=\"_self\" >\u00c5rets m\u00f6tesplats f\u00f6r oss som brinner f\u00f6r ljus<\/a><\/h4>\n<div class=\"pt-cv-content\">Du som arbetar med utomhusbelysning st\u00e5r minst sagt inf\u00f6r en sp\u00e4nnande och h\u00e4ndelserik framtid. Utvecklingen g\u00e5r i rasande fart med ...<br \/><div class=\"pt-cv-rmwrap\"><a href=\"https:\/\/insightevents.se\/gatubelysningsforum\/2020\/09\/14\/arets-motesplats-for-oss-som-brinner-for-ljus\/\" class=\"_self pt-cv-readmore btn btn-success\" target=\"_self\">L\u00e4s Mer \u2026<\/a><\/div><\/div><\/div><\/div><\/div><\/div><\/div>\t\t\t<style type=\"text\/css\" id=\"pt-cv-inline-style-7c79a00t4q\">#pt-cv-view-c95ab94cwu .pt-cv-mask  { background: rgba(51,51,51,.8) !important; }\n#pt-cv-view-c95ab94cwu .pt-cv-carousel-caption  { background: rgba(51,51,51,.8) !important; }\n#pt-cv-view-c95ab94cwu .pt-cv-specialp * { font-weight: 600 !important; font-size: 13px !important; color: #fff !important; background: #CC3333 !important; }\n#pt-cv-view-c95ab94cwu .pt-cv-pficon  { color: #bbb !important; }\n#pt-cv-view-c95ab94cwu  .add_to_cart_button, #pt-cv-view-c95ab94cwu  .add_to_cart_button *   { color: #ffffff !important; background: #00aeef !important; }\n#pt-cv-view-c95ab94cwu  .woocommerce-onsale   { color: #ffffff !important; background: #ff5a5f !important; }\n#pt-cv-view-c95ab94cwu .pt-cv-readmore  { color: #ffffff !important; background: #000000 !important; }\n#pt-cv-view-c95ab94cwu  + .pt-cv-pagination-wrapper .pt-cv-more , #pt-cv-view-c95ab94cwu  + .pt-cv-pagination-wrapper .pagination .active a { color: #ffffff !important; background: #00aeef !important; }\n#pt-cv-view-c95ab94cwu .pt-cv-gls-header  { background: #00aeef !important; }\n#pt-cv-view-c95ab94cwu .pt-cv-tao  { font-size: 20px !important; }\n#pt-cv-view-c95ab94cwu { text-align: left; }<\/style>\r\n\t\t\t[\/vc_column_text][\/vc_column][\/vc_row]<\/p>\n<\/div>","protected":false},"excerpt":{"rendered":"<p>[vc_row][vc_column][vc_empty_space][vc_column_text css=&#8221;&#8221;][\/vc_column_text][\/vc_column][\/vc_row]<\/p>\n","protected":false},"author":1,"featured_media":0,"parent":0,"menu_order":0,"comment_status":"closed","ping_status":"closed","template":"","meta":{"_acf_changed":false,"footnotes":""},"class_list":["post-469","page","type-page","status-publish","hentry"],"acf":[],"yoast_head":"<!-- This site is optimized with the Yoast SEO plugin v27.3 - https:\/\/yoast.com\/product\/yoast-seo-wordpress\/ -->\n<title>Nyhetsarkiv - Gatubelysningsforum<\/title>\n<meta name=\"robots\" content=\"index, follow, max-snippet:-1, max-image-preview:large, max-video-preview:-1\" \/>\n<link rel=\"canonical\" href=\"https:\/\/insightevents.se\/gatubelysningsforum\/nyhetsarkiv\/\" \/>\n<meta property=\"og:locale\" content=\"sv_SE\" \/>\n<meta property=\"og:type\" content=\"article\" \/>\n<meta property=\"og:title\" content=\"Nyhetsarkiv - Gatubelysningsforum\" \/>\n<meta property=\"og:description\" content=\"[vc_row][vc_column][vc_empty_space][vc_column_text css=&#8221;&#8221;][\/vc_column_text][\/vc_column][\/vc_row]\" \/>\n<meta property=\"og:url\" content=\"https:\/\/insightevents.se\/gatubelysningsforum\/nyhetsarkiv\/\" \/>\n<meta property=\"og:site_name\" content=\"Gatubelysningsforum\" \/>\n<meta property=\"article:modified_time\" content=\"2024-06-18T12:27:56+00:00\" \/>\n<meta name=\"twitter:card\" content=\"summary_large_image\" \/>\n<meta name=\"twitter:label1\" content=\"Ber\u00e4knad l\u00e4stid\" \/>\n\t<meta name=\"twitter:data1\" content=\"1 minut\" \/>\n<script type=\"application\/ld+json\" class=\"yoast-schema-graph\">{\"@context\":\"https:\\\/\\\/schema.org\",\"@graph\":[{\"@type\":\"WebPage\",\"@id\":\"https:\\\/\\\/insightevents.se\\\/gatubelysningsforum\\\/nyhetsarkiv\\\/\",\"url\":\"https:\\\/\\\/insightevents.se\\\/gatubelysningsforum\\\/nyhetsarkiv\\\/\",\"name\":\"Nyhetsarkiv - Gatubelysningsforum\",\"isPartOf\":{\"@id\":\"https:\\\/\\\/insightevents.se\\\/gatubelysningsforum\\\/#website\"},\"datePublished\":\"2018-06-25T08:33:42+00:00\",\"dateModified\":\"2024-06-18T12:27:56+00:00\",\"breadcrumb\":{\"@id\":\"https:\\\/\\\/insightevents.se\\\/gatubelysningsforum\\\/nyhetsarkiv\\\/#breadcrumb\"},\"inLanguage\":\"sv-SE\",\"potentialAction\":[{\"@type\":\"ReadAction\",\"target\":[\"https:\\\/\\\/insightevents.se\\\/gatubelysningsforum\\\/nyhetsarkiv\\\/\"]}]},{\"@type\":\"BreadcrumbList\",\"@id\":\"https:\\\/\\\/insightevents.se\\\/gatubelysningsforum\\\/nyhetsarkiv\\\/#breadcrumb\",\"itemListElement\":[{\"@type\":\"ListItem\",\"position\":1,\"name\":\"Home\",\"item\":\"https:\\\/\\\/insightevents.se\\\/gatubelysningsforum\\\/\"},{\"@type\":\"ListItem\",\"position\":2,\"name\":\"Nyhetsarkiv\"}]},{\"@type\":\"WebSite\",\"@id\":\"https:\\\/\\\/insightevents.se\\\/gatubelysningsforum\\\/#website\",\"url\":\"https:\\\/\\\/insightevents.se\\\/gatubelysningsforum\\\/\",\"name\":\"Gatubelysningsforum\",\"description\":\"Konferens 8-9 september 2016\",\"potentialAction\":[{\"@type\":\"SearchAction\",\"target\":{\"@type\":\"EntryPoint\",\"urlTemplate\":\"https:\\\/\\\/insightevents.se\\\/gatubelysningsforum\\\/?s={search_term_string}\"},\"query-input\":{\"@type\":\"PropertyValueSpecification\",\"valueRequired\":true,\"valueName\":\"search_term_string\"}}],\"inLanguage\":\"sv-SE\"}]}<\/script>\n<!-- \/ Yoast SEO plugin. -->","yoast_head_json":{"title":"Nyhetsarkiv - Gatubelysningsforum","robots":{"index":"index","follow":"follow","max-snippet":"max-snippet:-1","max-image-preview":"max-image-preview:large","max-video-preview":"max-video-preview:-1"},"canonical":"https:\/\/insightevents.se\/gatubelysningsforum\/nyhetsarkiv\/","og_locale":"sv_SE","og_type":"article","og_title":"Nyhetsarkiv - Gatubelysningsforum","og_description":"[vc_row][vc_column][vc_empty_space][vc_column_text css=&#8221;&#8221;][\/vc_column_text][\/vc_column][\/vc_row]","og_url":"https:\/\/insightevents.se\/gatubelysningsforum\/nyhetsarkiv\/","og_site_name":"Gatubelysningsforum","article_modified_time":"2024-06-18T12:27:56+00:00","twitter_card":"summary_large_image","twitter_misc":{"Ber\u00e4knad l\u00e4stid":"1 minut"},"schema":{"@context":"https:\/\/schema.org","@graph":[{"@type":"WebPage","@id":"https:\/\/insightevents.se\/gatubelysningsforum\/nyhetsarkiv\/","url":"https:\/\/insightevents.se\/gatubelysningsforum\/nyhetsarkiv\/","name":"Nyhetsarkiv - Gatubelysningsforum","isPartOf":{"@id":"https:\/\/insightevents.se\/gatubelysningsforum\/#website"},"datePublished":"2018-06-25T08:33:42+00:00","dateModified":"2024-06-18T12:27:56+00:00","breadcrumb":{"@id":"https:\/\/insightevents.se\/gatubelysningsforum\/nyhetsarkiv\/#breadcrumb"},"inLanguage":"sv-SE","potentialAction":[{"@type":"ReadAction","target":["https:\/\/insightevents.se\/gatubelysningsforum\/nyhetsarkiv\/"]}]},{"@type":"BreadcrumbList","@id":"https:\/\/insightevents.se\/gatubelysningsforum\/nyhetsarkiv\/#breadcrumb","itemListElement":[{"@type":"ListItem","position":1,"name":"Home","item":"https:\/\/insightevents.se\/gatubelysningsforum\/"},{"@type":"ListItem","position":2,"name":"Nyhetsarkiv"}]},{"@type":"WebSite","@id":"https:\/\/insightevents.se\/gatubelysningsforum\/#website","url":"https:\/\/insightevents.se\/gatubelysningsforum\/","name":"Gatubelysningsforum","description":"Konferens 8-9 september 2016","potentialAction":[{"@type":"SearchAction","target":{"@type":"EntryPoint","urlTemplate":"https:\/\/insightevents.se\/gatubelysningsforum\/?s={search_term_string}"},"query-input":{"@type":"PropertyValueSpecification","valueRequired":true,"valueName":"search_term_string"}}],"inLanguage":"sv-SE"}]}},"_links":{"self":[{"href":"https:\/\/insightevents.se\/gatubelysningsforum\/wp-json\/wp\/v2\/pages\/469","targetHints":{"allow":["GET"]}}],"collection":[{"href":"https:\/\/insightevents.se\/gatubelysningsforum\/wp-json\/wp\/v2\/pages"}],"about":[{"href":"https:\/\/insightevents.se\/gatubelysningsforum\/wp-json\/wp\/v2\/types\/page"}],"author":[{"embeddable":true,"href":"https:\/\/insightevents.se\/gatubelysningsforum\/wp-json\/wp\/v2\/users\/1"}],"replies":[{"embeddable":true,"href":"https:\/\/insightevents.se\/gatubelysningsforum\/wp-json\/wp\/v2\/comments?post=469"}],"version-history":[{"count":11,"href":"https:\/\/insightevents.se\/gatubelysningsforum\/wp-json\/wp\/v2\/pages\/469\/revisions"}],"predecessor-version":[{"id":472,"href":"https:\/\/insightevents.se\/gatubelysningsforum\/wp-json\/wp\/v2\/pages\/469\/revisions\/472"}],"wp:attachment":[{"href":"https:\/\/insightevents.se\/gatubelysningsforum\/wp-json\/wp\/v2\/media?parent=469"}],"curies":[{"name":"wp","href":"https:\/\/api.w.org\/{rel}","templated":true}]}}