{"id":127,"date":"2017-12-14T10:00:15","date_gmt":"2017-12-14T09:00:15","guid":{"rendered":"https:\/\/insightevents.se\/psykiatridagarna\/?page_id=127"},"modified":"2026-03-18T08:28:30","modified_gmt":"2026-03-18T07:28:30","slug":"talare-2","status":"publish","type":"page","link":"https:\/\/insightevents.se\/psykiatridagarna\/talare-2\/","title":{"rendered":"Talare Psykiatridagarna"},"content":{"rendered":"<div class=\"wpb-content-wrapper\"><p>[vc_row css=&#8221;.vc_custom_1680697246318{padding-top: 30px !important;padding-bottom: 30px !important;}&#8221;][vc_column][vc_custom_heading text=&#8221;Talare 2026&#8243; font_container=&#8221;tag:h1|text_align:center|color:%23e4008a&#8221; google_fonts=&#8221;font_family:Roboto%3A100%2C100italic%2C300%2C300italic%2Cregular%2Citalic%2C500%2C500italic%2C700%2C700italic%2C900%2C900italic|font_style:500%20bold%20regular%3A500%3Anormal&#8221; css=&#8221;.vc_custom_1766072558887{padding-bottom: 20px !important;}&#8221;][\/vc_column][\/vc_row][vc_row css=&#8221;.vc_custom_1680697246318{padding-top: 30px !important;padding-bottom: 30px !important;}&#8221;][vc_column width=&#8221;1\/4&#8243;]<div class=\"wpb_content_element  vc_custom_1766072765823\"><style type=\"text\/css\">#ut_tm_69f1e8cc6e0f6 .bklyn-team-member-ocupation { font-weight: normal; }#ut_tm_69f1e8cc6e0f6 .bklyn-team-member-social-icons a:hover { color: #e4008a; }#ut_tm_69f1e8cc6e0f6 .bklyn-team-member-social-icons a:focus { color: #e4008a; }#ut_tm_69f1e8cc6e0f6 .bklyn-team-member-social-icons a:active { color: #e4008a; }<\/style><div id=\"ut_tm_69f1e8cc6e0f6\" class=\"bklyn-team-member bklyn-team-member-style-2 bklyn-team-member-style-2-200 bklyn-team-member-center\"><div class=\"bklyn-team-member-avatar \"><img decoding=\"async\" alt=\"Akilles Andersson\" class=\"ut-lozad\" src=\"data:image\/svg+xml;charset=utf-8,%3Csvg xmlns%3D'http%3A%2F%2Fwww.w3.org%2F2000%2Fsvg' viewBox%3D'0 0 400 400'%2F%3E\" data-src=\"https:\/\/insightevents.se\/psykiatridagarna\/wp-content\/uploads\/sites\/15\/2025\/12\/Akilles-Andersson-e1766072750393.jpg\"><\/div><div class=\"bklyn-team-member-info\"><h3 class=\"bklyn-team-member-name\">Akilles Andersson<\/h3><\/div><\/div><\/div>[vc_column_text]<div id=\"ut-accordion-parent-1\" class=\"ut-accordion\"><div class=\"ut-accordion-group\">\n<div class=\"ut-accordion-heading \"><a data-parent=\"#ut-accordion-parent-1\" class=\"accordion-toggle collapsed \" data-toggle=\"collapse\" data-target=\"#accordion0\"><strong>L\u00c4S MER<\/strong><\/a><\/div><div id=\"accordion0\" class=\"ut-accordion-body collapse\"><div class=\"ut-accordion-inner entry-content clearfix\">\n<p>Mentor f\u00f6r ungdomar i riskzon<\/p>\n<\/div><\/div>\n<\/div><\/div>[\/vc_column_text][\/vc_column][vc_column width=&#8221;1\/4&#8243;]<div class=\"wpb_content_element  vc_custom_1766068415296\"><style type=\"text\/css\">#ut_tm_69f1e8cc6e676 .bklyn-team-member-ocupation { font-weight: normal; }#ut_tm_69f1e8cc6e676 .bklyn-team-member-social-icons a:hover { color: #e4008a; }#ut_tm_69f1e8cc6e676 .bklyn-team-member-social-icons a:focus { color: #e4008a; }#ut_tm_69f1e8cc6e676 .bklyn-team-member-social-icons a:active { color: #e4008a; }<\/style><div id=\"ut_tm_69f1e8cc6e676\" class=\"bklyn-team-member bklyn-team-member-style-2 bklyn-team-member-style-2-200 bklyn-team-member-center\"><div class=\"bklyn-team-member-avatar \"><img decoding=\"async\" alt=\"Alinda Blomkvist\" class=\"ut-lozad\" src=\"data:image\/svg+xml;charset=utf-8,%3Csvg xmlns%3D'http%3A%2F%2Fwww.w3.org%2F2000%2Fsvg' viewBox%3D'0 0 400 400'%2F%3E\" data-src=\"https:\/\/insightevents.se\/psykiatridagarna\/wp-content\/uploads\/sites\/15\/2025\/12\/Alinda-Blomkvist-e1766068378527.jpg\"><\/div><div class=\"bklyn-team-member-info\"><h3 class=\"bklyn-team-member-name\">Alinda Blomkvist<\/h3><\/div><\/div><\/div>[vc_column_text]<div id=\"ut-accordion-parent-2\" class=\"ut-accordion\"><div class=\"ut-accordion-group\">\n<div class=\"ut-accordion-heading \"><a data-parent=\"#ut-accordion-parent-2\" class=\"accordion-toggle collapsed \" data-toggle=\"collapse\" data-target=\"#accordion1\"><strong>L\u00c4S MER<\/strong><\/a><\/div><div id=\"accordion1\" class=\"ut-accordion-body collapse\"><div class=\"ut-accordion-inner entry-content clearfix\">\n<p>Socionom, Socialstyrelsen<\/p>\n<\/div><\/div>\n<\/div><\/div>[\/vc_column_text][\/vc_column][vc_column width=&#8221;1\/4&#8243;]<div class=\"wpb_content_element  vc_custom_1766068455279\"><style type=\"text\/css\">#ut_tm_69f1e8cc6eadb .bklyn-team-member-ocupation { font-weight: normal; }#ut_tm_69f1e8cc6eadb .bklyn-team-member-social-icons a:hover { color: #e4008a; }#ut_tm_69f1e8cc6eadb .bklyn-team-member-social-icons a:focus { color: #e4008a; }#ut_tm_69f1e8cc6eadb .bklyn-team-member-social-icons a:active { color: #e4008a; }<\/style><div id=\"ut_tm_69f1e8cc6eadb\" class=\"bklyn-team-member bklyn-team-member-style-2 bklyn-team-member-style-2-200 bklyn-team-member-center\"><div class=\"bklyn-team-member-avatar \"><img decoding=\"async\" alt=\"Andre Marx\" class=\"ut-lozad\" src=\"data:image\/svg+xml;charset=utf-8,%3Csvg xmlns%3D'http%3A%2F%2Fwww.w3.org%2F2000%2Fsvg' viewBox%3D'0 0 400 400'%2F%3E\" data-src=\"https:\/\/insightevents.se\/psykiatridagarna\/wp-content\/uploads\/sites\/15\/2025\/12\/Andre-Marx-e1766066748903.jpg\"><\/div><div class=\"bklyn-team-member-info\"><h3 class=\"bklyn-team-member-name\">Andr\u00e9 Marx<\/h3><\/div><\/div><\/div>[vc_column_text]<div id=\"ut-accordion-parent-3\" class=\"ut-accordion\"><div class=\"ut-accordion-group\">\n<div class=\"ut-accordion-heading \"><a data-parent=\"#ut-accordion-parent-3\" class=\"accordion-toggle collapsed \" data-toggle=\"collapse\" data-target=\"#accordion2\"><strong>L\u00c4S MER<\/strong><\/a><\/div><div id=\"accordion2\" class=\"ut-accordion-body collapse\"><div class=\"ut-accordion-inner entry-content clearfix\">\n<p>Specialist i allm\u00e4nmedicin<\/p>\n<\/div><\/div>\n<\/div><\/div>[\/vc_column_text][\/vc_column][vc_column width=&#8221;1\/4&#8243;]<div class=\"wpb_content_element  vc_custom_1766068498043\"><style type=\"text\/css\">#ut_tm_69f1e8cc6eefb .bklyn-team-member-ocupation { font-weight: normal; }#ut_tm_69f1e8cc6eefb .bklyn-team-member-social-icons a:hover { color: #e4008a; }#ut_tm_69f1e8cc6eefb .bklyn-team-member-social-icons a:focus { color: #e4008a; }#ut_tm_69f1e8cc6eefb .bklyn-team-member-social-icons a:active { color: #e4008a; }<\/style><div id=\"ut_tm_69f1e8cc6eefb\" class=\"bklyn-team-member bklyn-team-member-style-2 bklyn-team-member-style-2-200 bklyn-team-member-center\"><div class=\"bklyn-team-member-avatar \"><img decoding=\"async\" alt=\"Anna Bergfors\" class=\"ut-lozad\" src=\"data:image\/svg+xml;charset=utf-8,%3Csvg xmlns%3D'http%3A%2F%2Fwww.w3.org%2F2000%2Fsvg' viewBox%3D'0 0 400 400'%2F%3E\" data-src=\"https:\/\/insightevents.se\/psykiatridagarna\/wp-content\/uploads\/sites\/15\/2025\/12\/Anna-Bergfors-e1766066289205.jpg\"><\/div><div class=\"bklyn-team-member-info\"><h3 class=\"bklyn-team-member-name\">Anna Bergfors<\/h3><\/div><\/div><\/div>[vc_column_text]<div id=\"ut-accordion-parent-4\" class=\"ut-accordion\"><div class=\"ut-accordion-group\">\n<div class=\"ut-accordion-heading \"><a data-parent=\"#ut-accordion-parent-4\" class=\"accordion-toggle collapsed \" data-toggle=\"collapse\" data-target=\"#accordion3\"><strong>L\u00c4S MER<\/strong><\/a><\/div><div id=\"accordion3\" class=\"ut-accordion-body collapse\"><div class=\"ut-accordion-inner entry-content clearfix\">\n<p>F\u00f6rfattare och f\u00f6rel\u00e4sare<\/p>\n<\/div><\/div>\n<\/div><\/div>[\/vc_column_text][\/vc_column][\/vc_row][vc_row css=&#8221;.vc_custom_1680697246318{padding-top: 30px !important;padding-bottom: 30px !important;}&#8221;][vc_column width=&#8221;1\/4&#8243;]<div class=\"wpb_content_element  vc_custom_1766068796406\"><style type=\"text\/css\">#ut_tm_69f1e8cc6f370 .bklyn-team-member-ocupation { font-weight: normal; }#ut_tm_69f1e8cc6f370 .bklyn-team-member-social-icons a:hover { color: #e4008a; }#ut_tm_69f1e8cc6f370 .bklyn-team-member-social-icons a:focus { color: #e4008a; }#ut_tm_69f1e8cc6f370 .bklyn-team-member-social-icons a:active { color: #e4008a; }<\/style><div id=\"ut_tm_69f1e8cc6f370\" class=\"bklyn-team-member bklyn-team-member-style-2 bklyn-team-member-style-2-200 bklyn-team-member-center\"><div class=\"bklyn-team-member-avatar \"><img decoding=\"async\" alt=\"Anna Norrefalk NY\" class=\"ut-lozad\" src=\"data:image\/svg+xml;charset=utf-8,%3Csvg xmlns%3D'http%3A%2F%2Fwww.w3.org%2F2000%2Fsvg' viewBox%3D'0 0 400 400'%2F%3E\" data-src=\"https:\/\/insightevents.se\/psykiatridagarna\/wp-content\/uploads\/sites\/15\/2025\/12\/Anna-Norrefalk-NY-e1766068728417.jpg\"><\/div><div class=\"bklyn-team-member-info\"><h3 class=\"bklyn-team-member-name\">Anna Norrefalk<\/h3><\/div><\/div><\/div>[vc_column_text]<div id=\"ut-accordion-parent-5\" class=\"ut-accordion\"><div class=\"ut-accordion-group\">\n<div class=\"ut-accordion-heading \"><a data-parent=\"#ut-accordion-parent-5\" class=\"accordion-toggle collapsed \" data-toggle=\"collapse\" data-target=\"#accordion4\"><strong>L\u00c4S MER<\/strong><\/a><\/div><div id=\"accordion4\" class=\"ut-accordion-body collapse\"><div class=\"ut-accordion-inner entry-content clearfix\">\n<p>Brukarinflytandesamordnare (BISAM), NSPH \u00d6rebro l\u00e4n<\/p>\n<\/div><\/div>\n<\/div><\/div>[\/vc_column_text][\/vc_column][vc_column width=&#8221;1\/4&#8243;]<div class=\"wpb_content_element  vc_custom_1766068903216\"><style type=\"text\/css\">#ut_tm_69f1e8cc6f7e1 .bklyn-team-member-ocupation { font-weight: normal; }#ut_tm_69f1e8cc6f7e1 .bklyn-team-member-social-icons a:hover { color: #e4008a; }#ut_tm_69f1e8cc6f7e1 .bklyn-team-member-social-icons a:focus { color: #e4008a; }#ut_tm_69f1e8cc6f7e1 .bklyn-team-member-social-icons a:active { color: #e4008a; }<\/style><div id=\"ut_tm_69f1e8cc6f7e1\" class=\"bklyn-team-member bklyn-team-member-style-2 bklyn-team-member-style-2-200 bklyn-team-member-center\"><div class=\"bklyn-team-member-avatar \"><img decoding=\"async\" alt=\"Anna Karin Drewsen\" class=\"ut-lozad\" src=\"data:image\/svg+xml;charset=utf-8,%3Csvg xmlns%3D'http%3A%2F%2Fwww.w3.org%2F2000%2Fsvg' viewBox%3D'0 0 400 400'%2F%3E\" data-src=\"https:\/\/insightevents.se\/psykiatridagarna\/wp-content\/uploads\/sites\/15\/2025\/12\/Anna-Karin-Drewsen-e1766066777129.jpg\"><\/div><div class=\"bklyn-team-member-info\"><h3 class=\"bklyn-team-member-name\">Anna-Karin Drewsen<\/h3><\/div><\/div><\/div>[vc_column_text]<div id=\"ut-accordion-parent-6\" class=\"ut-accordion\"><div class=\"ut-accordion-group\">\n<div class=\"ut-accordion-heading \"><a data-parent=\"#ut-accordion-parent-6\" class=\"accordion-toggle collapsed \" data-toggle=\"collapse\" data-target=\"#accordion5\"><strong>L\u00c4S MER<\/strong><\/a><\/div><div id=\"accordion5\" class=\"ut-accordion-body collapse\"><div class=\"ut-accordion-inner entry-content clearfix\">\n<p>Region V\u00e4sternorrland<\/p>\n<\/div><\/div>\n<\/div><\/div>[\/vc_column_text][\/vc_column][vc_column width=&#8221;1\/4&#8243;]<div class=\"wpb_content_element  vc_custom_1772453560372\"><style type=\"text\/css\">#ut_tm_69f1e8cc6fc1e .bklyn-team-member-ocupation { font-weight: normal; }#ut_tm_69f1e8cc6fc1e .bklyn-team-member-social-icons a:hover { color: #e4008a; }#ut_tm_69f1e8cc6fc1e .bklyn-team-member-social-icons a:focus { color: #e4008a; }#ut_tm_69f1e8cc6fc1e .bklyn-team-member-social-icons a:active { color: #e4008a; }<\/style><div id=\"ut_tm_69f1e8cc6fc1e\" class=\"bklyn-team-member bklyn-team-member-style-2 bklyn-team-member-style-2-200 bklyn-team-member-center\"><div class=\"bklyn-team-member-avatar \"><img decoding=\"async\" alt=\"noname\" class=\"ut-lozad\" src=\"data:image\/svg+xml;charset=utf-8,%3Csvg xmlns%3D'http%3A%2F%2Fwww.w3.org%2F2000%2Fsvg' viewBox%3D'0 0 400 400'%2F%3E\" data-src=\"https:\/\/insightevents.se\/psykiatridagarna\/wp-content\/uploads\/sites\/15\/2024\/12\/noname.png\"><\/div><div class=\"bklyn-team-member-info\"><h3 class=\"bklyn-team-member-name\">Anette Sj\u00f6berg<\/h3><\/div><\/div><\/div>[vc_column_text]<div id=\"ut-accordion-parent-7\" class=\"ut-accordion\"><div class=\"ut-accordion-group\">\n<div class=\"ut-accordion-heading \"><a data-parent=\"#ut-accordion-parent-7\" class=\"accordion-toggle collapsed \" data-toggle=\"collapse\" data-target=\"#accordion6\"><strong>L\u00c4S MER<\/strong><\/a><\/div><div id=\"accordion6\" class=\"ut-accordion-body collapse\"><div class=\"ut-accordion-inner entry-content clearfix\">\n<p>Projektledare, integrering av IPS i psykosv\u00e5rden, Stockholm stad<\/p>\n<\/div><\/div>\n<\/div><\/div>[\/vc_column_text][\/vc_column][vc_column width=&#8221;1\/4&#8243;]<div class=\"wpb_content_element  vc_custom_1766069081360\"><style type=\"text\/css\">#ut_tm_69f1e8cc6ffc2 .bklyn-team-member-ocupation { font-weight: normal; }#ut_tm_69f1e8cc6ffc2 .bklyn-team-member-social-icons a:hover { color: #e4008a; }#ut_tm_69f1e8cc6ffc2 .bklyn-team-member-social-icons a:focus { color: #e4008a; }#ut_tm_69f1e8cc6ffc2 .bklyn-team-member-social-icons a:active { color: #e4008a; }<\/style><div id=\"ut_tm_69f1e8cc6ffc2\" class=\"bklyn-team-member bklyn-team-member-style-2 bklyn-team-member-style-2-200 bklyn-team-member-center\"><div class=\"bklyn-team-member-avatar \"><img decoding=\"async\" alt=\"Annika Palmqvist\" class=\"ut-lozad\" src=\"data:image\/svg+xml;charset=utf-8,%3Csvg xmlns%3D'http%3A%2F%2Fwww.w3.org%2F2000%2Fsvg' viewBox%3D'0 0 400 400'%2F%3E\" data-src=\"https:\/\/insightevents.se\/psykiatridagarna\/wp-content\/uploads\/sites\/15\/2025\/12\/Annika-Palmqvist-e1766069065984.jpg\"><\/div><div class=\"bklyn-team-member-info\"><h3 class=\"bklyn-team-member-name\">Annika Palmqvist<\/h3><\/div><\/div><\/div>[vc_column_text]<div id=\"ut-accordion-parent-8\" class=\"ut-accordion\"><div class=\"ut-accordion-group\">\n<div class=\"ut-accordion-heading \"><a data-parent=\"#ut-accordion-parent-8\" class=\"accordion-toggle collapsed \" data-toggle=\"collapse\" data-target=\"#accordion7\"><strong>L\u00c4S MER<\/strong><\/a><\/div><div id=\"accordion7\" class=\"ut-accordion-body collapse\"><div class=\"ut-accordion-inner entry-content clearfix\">\n<p>Enhetschef, Karlskoga kommun<\/p>\n<\/div><\/div>\n<\/div><\/div>[\/vc_column_text][\/vc_column][\/vc_row][vc_row css=&#8221;.vc_custom_1680697246318{padding-top: 30px !important;padding-bottom: 30px !important;}&#8221;][vc_column width=&#8221;1\/4&#8243;]<div class=\"wpb_content_element  vc_custom_1766069244607\"><style type=\"text\/css\">#ut_tm_69f1e8cc703c6 .bklyn-team-member-ocupation { font-weight: normal; }#ut_tm_69f1e8cc703c6 .bklyn-team-member-social-icons a:hover { color: #e4008a; }#ut_tm_69f1e8cc703c6 .bklyn-team-member-social-icons a:focus { color: #e4008a; }#ut_tm_69f1e8cc703c6 .bklyn-team-member-social-icons a:active { color: #e4008a; }<\/style><div id=\"ut_tm_69f1e8cc703c6\" class=\"bklyn-team-member bklyn-team-member-style-2 bklyn-team-member-style-2-200 bklyn-team-member-center\"><div class=\"bklyn-team-member-avatar \"><img decoding=\"async\" alt=\"Diana Gorgis\" class=\"ut-lozad\" src=\"data:image\/svg+xml;charset=utf-8,%3Csvg xmlns%3D'http%3A%2F%2Fwww.w3.org%2F2000%2Fsvg' viewBox%3D'0 0 400 400'%2F%3E\" data-src=\"https:\/\/insightevents.se\/psykiatridagarna\/wp-content\/uploads\/sites\/15\/2025\/12\/Diana-Gorgis-e1766069218265.jpg\"><\/div><div class=\"bklyn-team-member-info\"><h3 class=\"bklyn-team-member-name\">Diana Gorgis<\/h3><\/div><\/div><\/div>[vc_column_text]<div id=\"ut-accordion-parent-9\" class=\"ut-accordion\"><div class=\"ut-accordion-group\">\n<div class=\"ut-accordion-heading \"><a data-parent=\"#ut-accordion-parent-9\" class=\"accordion-toggle collapsed \" data-toggle=\"collapse\" data-target=\"#accordion8\"><strong>L\u00c4S MER<\/strong><\/a><\/div><div id=\"accordion8\" class=\"ut-accordion-body collapse\"><div class=\"ut-accordion-inner entry-content clearfix\">\n<p>Samordnare, V\u00e4gen ut, Botkyrka kommun<\/p>\n<\/div><\/div>\n<\/div><\/div>[\/vc_column_text][\/vc_column][vc_column width=&#8221;1\/4&#8243;]<div class=\"wpb_content_element  vc_custom_1766069640839\"><style type=\"text\/css\">#ut_tm_69f1e8cc70c63 .bklyn-team-member-ocupation { font-weight: normal; }#ut_tm_69f1e8cc70c63 .bklyn-team-member-social-icons a:hover { color: #e4008a; }#ut_tm_69f1e8cc70c63 .bklyn-team-member-social-icons a:focus { color: #e4008a; }#ut_tm_69f1e8cc70c63 .bklyn-team-member-social-icons a:active { color: #e4008a; }<\/style><div id=\"ut_tm_69f1e8cc70c63\" class=\"bklyn-team-member bklyn-team-member-style-2 bklyn-team-member-style-2-200 bklyn-team-member-center\"><div class=\"bklyn-team-member-avatar \"><img decoding=\"async\" alt=\"Elsa L\u00f6nnebo\" class=\"ut-lozad\" src=\"data:image\/svg+xml;charset=utf-8,%3Csvg xmlns%3D'http%3A%2F%2Fwww.w3.org%2F2000%2Fsvg' viewBox%3D'0 0 400 400'%2F%3E\" data-src=\"https:\/\/insightevents.se\/psykiatridagarna\/wp-content\/uploads\/sites\/15\/2025\/12\/Elsa-Lonnebo-e1766069543497.jpg\"><\/div><div class=\"bklyn-team-member-info\"><h3 class=\"bklyn-team-member-name\">Elsa L\u00f6nnebo<\/h3><\/div><\/div><\/div>[vc_column_text]<div id=\"ut-accordion-parent-10\" class=\"ut-accordion\"><div class=\"ut-accordion-group\">\n<div class=\"ut-accordion-heading \"><a data-parent=\"#ut-accordion-parent-10\" class=\"accordion-toggle collapsed \" data-toggle=\"collapse\" data-target=\"#accordion9\"><strong>L\u00c4S MER<\/strong><\/a><\/div><div id=\"accordion9\" class=\"ut-accordion-body collapse\"><div class=\"ut-accordion-inner entry-content clearfix\">\n<p>Sakkunnig, Maskrosbarn<\/p>\n<\/div><\/div>\n<\/div><\/div>[\/vc_column_text][\/vc_column][vc_column width=&#8221;1\/4&#8243;]<div class=\"wpb_content_element  vc_custom_1766069882102\"><style type=\"text\/css\">#ut_tm_69f1e8cc71013 .bklyn-team-member-ocupation { font-weight: normal; }#ut_tm_69f1e8cc71013 .bklyn-team-member-social-icons a:hover { color: #e4008a; }#ut_tm_69f1e8cc71013 .bklyn-team-member-social-icons a:focus { color: #e4008a; }#ut_tm_69f1e8cc71013 .bklyn-team-member-social-icons a:active { color: #e4008a; }<\/style><div id=\"ut_tm_69f1e8cc71013\" class=\"bklyn-team-member bklyn-team-member-style-2 bklyn-team-member-style-2-200 bklyn-team-member-center\"><div class=\"bklyn-team-member-avatar \"><img decoding=\"async\" alt=\"Emma Lingvall\" class=\"ut-lozad\" src=\"data:image\/svg+xml;charset=utf-8,%3Csvg xmlns%3D'http%3A%2F%2Fwww.w3.org%2F2000%2Fsvg' viewBox%3D'0 0 400 400'%2F%3E\" data-src=\"https:\/\/insightevents.se\/psykiatridagarna\/wp-content\/uploads\/sites\/15\/2025\/12\/Emma-Lingvall-e1766069867293.jpg\"><\/div><div class=\"bklyn-team-member-info\"><h3 class=\"bklyn-team-member-name\">Emma Lingvall<\/h3><\/div><\/div><\/div>[vc_column_text]<div id=\"ut-accordion-parent-11\" class=\"ut-accordion\"><div class=\"ut-accordion-group\">\n<div class=\"ut-accordion-heading \"><a data-parent=\"#ut-accordion-parent-11\" class=\"accordion-toggle collapsed \" data-toggle=\"collapse\" data-target=\"#accordion10\"><strong>L\u00c4S MER<\/strong><\/a><\/div><div id=\"accordion10\" class=\"ut-accordion-body collapse\"><div class=\"ut-accordion-inner entry-content clearfix\">\n<p>Biverkningshandl\u00e4ggare, leg. Sjuksk\u00f6terska, enheten f\u00f6r l\u00e4kemedelss\u00e4kerhet, L\u00e4kemedelsverket<\/p>\n<\/div><\/div>\n<\/div><\/div>[\/vc_column_text][\/vc_column][vc_column width=&#8221;1\/4&#8243;]<div class=\"wpb_content_element  vc_custom_1766070070732\"><style type=\"text\/css\">#ut_tm_69f1e8cc713aa .bklyn-team-member-ocupation { font-weight: normal; }#ut_tm_69f1e8cc713aa .bklyn-team-member-social-icons a:hover { color: #e4008a; }#ut_tm_69f1e8cc713aa .bklyn-team-member-social-icons a:focus { color: #e4008a; }#ut_tm_69f1e8cc713aa .bklyn-team-member-social-icons a:active { color: #e4008a; }<\/style><div id=\"ut_tm_69f1e8cc713aa\" class=\"bklyn-team-member bklyn-team-member-style-2 bklyn-team-member-style-2-200 bklyn-team-member-center\"><div class=\"bklyn-team-member-avatar \"><img decoding=\"async\" alt=\"Helena Jonsson Hirasawa\" class=\"ut-lozad\" src=\"data:image\/svg+xml;charset=utf-8,%3Csvg xmlns%3D'http%3A%2F%2Fwww.w3.org%2F2000%2Fsvg' viewBox%3D'0 0 400 400'%2F%3E\" data-src=\"https:\/\/insightevents.se\/psykiatridagarna\/wp-content\/uploads\/sites\/15\/2025\/12\/Helena-Jonsson-Hirasawa-e1766070056989.jpg\"><\/div><div class=\"bklyn-team-member-info\"><h3 class=\"bklyn-team-member-name\">Helena Jonsson Hirasawa<\/h3><\/div><\/div><\/div>[vc_column_text]<div id=\"ut-accordion-parent-12\" class=\"ut-accordion\"><div class=\"ut-accordion-group\">\n<div class=\"ut-accordion-heading \"><a data-parent=\"#ut-accordion-parent-12\" class=\"accordion-toggle collapsed \" data-toggle=\"collapse\" data-target=\"#accordion11\"><strong>L\u00c4S MER<\/strong><\/a><\/div><div id=\"accordion11\" class=\"ut-accordion-body collapse\"><div class=\"ut-accordion-inner entry-content clearfix\">\n<p>Projektledare och metodst\u00f6djare, IPS f\u00f6r personer med beroendeproblematik<\/p>\n<\/div><\/div>\n<\/div><\/div>[\/vc_column_text][\/vc_column][\/vc_row][vc_row css=&#8221;.vc_custom_1680697246318{padding-top: 30px !important;padding-bottom: 30px !important;}&#8221;][vc_column width=&#8221;1\/4&#8243;]<div class=\"wpb_content_element  vc_custom_1766070172625\"><style type=\"text\/css\">#ut_tm_69f1e8cc7176f .bklyn-team-member-ocupation { font-weight: normal; }#ut_tm_69f1e8cc7176f .bklyn-team-member-social-icons a:hover { color: #e4008a; }#ut_tm_69f1e8cc7176f .bklyn-team-member-social-icons a:focus { color: #e4008a; }#ut_tm_69f1e8cc7176f .bklyn-team-member-social-icons a:active { color: #e4008a; }<\/style><div id=\"ut_tm_69f1e8cc7176f\" class=\"bklyn-team-member bklyn-team-member-style-2 bklyn-team-member-style-2-200 bklyn-team-member-center\"><div class=\"bklyn-team-member-avatar \"><img decoding=\"async\" alt=\"Jenny Jansson\" class=\"ut-lozad\" src=\"data:image\/svg+xml;charset=utf-8,%3Csvg xmlns%3D'http%3A%2F%2Fwww.w3.org%2F2000%2Fsvg' viewBox%3D'0 0 400 400'%2F%3E\" data-src=\"https:\/\/insightevents.se\/psykiatridagarna\/wp-content\/uploads\/sites\/15\/2025\/12\/Jenny-Jansson-e1766070149489.jpg\"><\/div><div class=\"bklyn-team-member-info\"><h3 class=\"bklyn-team-member-name\">Jenny Jansson<\/h3><\/div><\/div><\/div>[vc_column_text]<div id=\"ut-accordion-parent-13\" class=\"ut-accordion\"><div class=\"ut-accordion-group\">\n<div class=\"ut-accordion-heading \"><a data-parent=\"#ut-accordion-parent-13\" class=\"accordion-toggle collapsed \" data-toggle=\"collapse\" data-target=\"#accordion12\"><strong>L\u00c4S MER<\/strong><\/a><\/div><div id=\"accordion12\" class=\"ut-accordion-body collapse\"><div class=\"ut-accordion-inner entry-content clearfix\">\n<p>Processledare, specialistpsykiatrin, Region \u00d6rebro l\u00e4n<\/p>\n<\/div><\/div>\n<\/div><\/div>[\/vc_column_text][\/vc_column][vc_column width=&#8221;1\/4&#8243;]<div class=\"wpb_content_element  vc_custom_1766070559078\"><style type=\"text\/css\">#ut_tm_69f1e8cc71e2f .bklyn-team-member-ocupation { font-weight: normal; }#ut_tm_69f1e8cc71e2f .bklyn-team-member-social-icons a:hover { color: #e4008a; }#ut_tm_69f1e8cc71e2f .bklyn-team-member-social-icons a:focus { color: #e4008a; }#ut_tm_69f1e8cc71e2f .bklyn-team-member-social-icons a:active { color: #e4008a; }<\/style><div id=\"ut_tm_69f1e8cc71e2f\" class=\"bklyn-team-member bklyn-team-member-style-2 bklyn-team-member-style-2-200 bklyn-team-member-center\"><div class=\"bklyn-team-member-avatar \"><img decoding=\"async\" alt=\"Linn Nordin\" class=\"ut-lozad\" src=\"data:image\/svg+xml;charset=utf-8,%3Csvg xmlns%3D'http%3A%2F%2Fwww.w3.org%2F2000%2Fsvg' viewBox%3D'0 0 400 400'%2F%3E\" data-src=\"https:\/\/insightevents.se\/psykiatridagarna\/wp-content\/uploads\/sites\/15\/2025\/12\/Linn-Nordin-e1766070543859.jpg\"><\/div><div class=\"bklyn-team-member-info\"><h3 class=\"bklyn-team-member-name\">Linn Nordin<\/h3><\/div><\/div><\/div>[vc_column_text]<div id=\"ut-accordion-parent-14\" class=\"ut-accordion\"><div class=\"ut-accordion-group\">\n<div class=\"ut-accordion-heading \"><a data-parent=\"#ut-accordion-parent-14\" class=\"accordion-toggle collapsed \" data-toggle=\"collapse\" data-target=\"#accordion13\"><strong>L\u00c4S MER<\/strong><\/a><\/div><div id=\"accordion13\" class=\"ut-accordion-body collapse\"><div class=\"ut-accordion-inner entry-content clearfix\">\n<p>Barnr\u00e4ttsjurist, Maskrosbarn<\/p>\n<\/div><\/div>\n<\/div><\/div>[\/vc_column_text][\/vc_column][vc_column width=&#8221;1\/4&#8243;]<div class=\"wpb_content_element  vc_custom_1766070671107\"><style type=\"text\/css\">#ut_tm_69f1e8cc721fa .bklyn-team-member-ocupation { font-weight: normal; }#ut_tm_69f1e8cc721fa .bklyn-team-member-social-icons a:hover { color: #e4008a; }#ut_tm_69f1e8cc721fa .bklyn-team-member-social-icons a:focus { color: #e4008a; }#ut_tm_69f1e8cc721fa .bklyn-team-member-social-icons a:active { color: #e4008a; }<\/style><div id=\"ut_tm_69f1e8cc721fa\" class=\"bklyn-team-member bklyn-team-member-style-2 bklyn-team-member-style-2-200 bklyn-team-member-center\"><div class=\"bklyn-team-member-avatar \"><img decoding=\"async\" alt=\"Louise Kimby\" class=\"ut-lozad\" src=\"data:image\/svg+xml;charset=utf-8,%3Csvg xmlns%3D'http%3A%2F%2Fwww.w3.org%2F2000%2Fsvg' viewBox%3D'0 0 400 400'%2F%3E\" data-src=\"https:\/\/insightevents.se\/psykiatridagarna\/wp-content\/uploads\/sites\/15\/2025\/12\/Louise-Kimby-e1766070656103.jpg\"><\/div><div class=\"bklyn-team-member-info\"><h3 class=\"bklyn-team-member-name\">Louise Kimby<\/h3><\/div><\/div><\/div>[vc_column_text]<div id=\"ut-accordion-parent-15\" class=\"ut-accordion\"><div class=\"ut-accordion-group\">\n<div class=\"ut-accordion-heading \"><a data-parent=\"#ut-accordion-parent-15\" class=\"accordion-toggle collapsed \" data-toggle=\"collapse\" data-target=\"#accordion14\"><strong>L\u00c4S MER<\/strong><\/a><\/div><div id=\"accordion14\" class=\"ut-accordion-body collapse\"><div class=\"ut-accordion-inner entry-content clearfix\">\n<p>Specialistsjuksk\u00f6terska, Socialstyrelsen<\/p>\n<\/div><\/div>\n<\/div><\/div>[\/vc_column_text][\/vc_column][vc_column width=&#8221;1\/4&#8243;]<div class=\"wpb_content_element  vc_custom_1766070944815\"><style type=\"text\/css\">#ut_tm_69f1e8cc725a1 .bklyn-team-member-ocupation { font-weight: normal; }#ut_tm_69f1e8cc725a1 .bklyn-team-member-social-icons a:hover { color: #e4008a; }#ut_tm_69f1e8cc725a1 .bklyn-team-member-social-icons a:focus { color: #e4008a; }#ut_tm_69f1e8cc725a1 .bklyn-team-member-social-icons a:active { color: #e4008a; }<\/style><div id=\"ut_tm_69f1e8cc725a1\" class=\"bklyn-team-member bklyn-team-member-style-2 bklyn-team-member-style-2-200 bklyn-team-member-center\"><div class=\"bklyn-team-member-avatar \"><img decoding=\"async\" alt=\"Magdalena Hesnel\" class=\"ut-lozad\" src=\"data:image\/svg+xml;charset=utf-8,%3Csvg xmlns%3D'http%3A%2F%2Fwww.w3.org%2F2000%2Fsvg' viewBox%3D'0 0 400 400'%2F%3E\" data-src=\"https:\/\/insightevents.se\/psykiatridagarna\/wp-content\/uploads\/sites\/15\/2025\/12\/Magdalena-Hesnel-e1766070921940.jpg\"><\/div><div class=\"bklyn-team-member-info\"><h3 class=\"bklyn-team-member-name\">Magdalena Hesnel<\/h3><\/div><\/div><\/div>[vc_column_text]<div id=\"ut-accordion-parent-16\" class=\"ut-accordion\"><div class=\"ut-accordion-group\">\n<div class=\"ut-accordion-heading \"><a data-parent=\"#ut-accordion-parent-16\" class=\"accordion-toggle collapsed \" data-toggle=\"collapse\" data-target=\"#accordion15\"><strong>L\u00c4S MER<\/strong><\/a><\/div><div id=\"accordion15\" class=\"ut-accordion-body collapse\"><div class=\"ut-accordion-inner entry-content clearfix\">\n<p>Enhetschef, Botkyrka kommun<\/p>\n<\/div><\/div>\n<\/div><\/div>[\/vc_column_text][\/vc_column][\/vc_row][vc_row css=&#8221;.vc_custom_1680697246318{padding-top: 30px !important;padding-bottom: 30px !important;}&#8221;][vc_column width=&#8221;1\/4&#8243;]<div class=\"wpb_content_element  vc_custom_1766071220142\"><style type=\"text\/css\">#ut_tm_69f1e8cc7298f .bklyn-team-member-ocupation { font-weight: normal; }#ut_tm_69f1e8cc7298f .bklyn-team-member-social-icons a:hover { color: #e4008a; }#ut_tm_69f1e8cc7298f .bklyn-team-member-social-icons a:focus { color: #e4008a; }#ut_tm_69f1e8cc7298f .bklyn-team-member-social-icons a:active { color: #e4008a; }<\/style><div id=\"ut_tm_69f1e8cc7298f\" class=\"bklyn-team-member bklyn-team-member-style-2 bklyn-team-member-style-2-200 bklyn-team-member-center\"><div class=\"bklyn-team-member-avatar \"><img decoding=\"async\" alt=\"Magnus Sj\u00f6gren\" class=\"ut-lozad\" src=\"data:image\/svg+xml;charset=utf-8,%3Csvg xmlns%3D'http%3A%2F%2Fwww.w3.org%2F2000%2Fsvg' viewBox%3D'0 0 400 400'%2F%3E\" data-src=\"https:\/\/insightevents.se\/psykiatridagarna\/wp-content\/uploads\/sites\/15\/2025\/12\/Magnus-Sjogren-e1766071203996.jpg\"><\/div><div class=\"bklyn-team-member-info\"><h3 class=\"bklyn-team-member-name\">Magnus Sj\u00f6gren<\/h3><\/div><\/div><\/div>[vc_column_text]<div id=\"ut-accordion-parent-17\" class=\"ut-accordion\"><div class=\"ut-accordion-group\">\n<div class=\"ut-accordion-heading \"><a data-parent=\"#ut-accordion-parent-17\" class=\"accordion-toggle collapsed \" data-toggle=\"collapse\" data-target=\"#accordion16\"><strong>L\u00c4S MER<\/strong><\/a><\/div><div id=\"accordion16\" class=\"ut-accordion-body collapse\"><div class=\"ut-accordion-inner entry-content clearfix\">\n<p>Verksamhetschef, chefs\u00f6verl\u00e4kare, docent\/lektor, nationell h\u00f6gspecialiserad v\u00e5rd allvarliga \u00e4tst\u00f6rningar, Sundsvalls sjukhus, Region V\u00e4sternorrland<\/p>\n<\/div><\/div>\n<\/div><\/div>[\/vc_column_text][\/vc_column][vc_column width=&#8221;1\/4&#8243;]<div class=\"wpb_content_element  vc_custom_1766071376334\"><style type=\"text\/css\">#ut_tm_69f1e8cc72d3c .bklyn-team-member-ocupation { font-weight: normal; }#ut_tm_69f1e8cc72d3c .bklyn-team-member-social-icons a:hover { color: #e4008a; }#ut_tm_69f1e8cc72d3c .bklyn-team-member-social-icons a:focus { color: #e4008a; }#ut_tm_69f1e8cc72d3c .bklyn-team-member-social-icons a:active { color: #e4008a; }<\/style><div id=\"ut_tm_69f1e8cc72d3c\" class=\"bklyn-team-member bklyn-team-member-style-2 bklyn-team-member-style-2-200 bklyn-team-member-center\"><div class=\"bklyn-team-member-avatar \"><img decoding=\"async\" alt=\"Marie Carling\" class=\"ut-lozad\" src=\"data:image\/svg+xml;charset=utf-8,%3Csvg xmlns%3D'http%3A%2F%2Fwww.w3.org%2F2000%2Fsvg' viewBox%3D'0 0 400 400'%2F%3E\" data-src=\"https:\/\/insightevents.se\/psykiatridagarna\/wp-content\/uploads\/sites\/15\/2025\/12\/Marie-Carling-e1766071345197.jpg\"><\/div><div class=\"bklyn-team-member-info\"><h3 class=\"bklyn-team-member-name\">Marie Carling<\/h3><\/div><\/div><\/div>[vc_column_text]<div id=\"ut-accordion-parent-18\" class=\"ut-accordion\"><div class=\"ut-accordion-group\">\n<div class=\"ut-accordion-heading \"><a data-parent=\"#ut-accordion-parent-18\" class=\"accordion-toggle collapsed \" data-toggle=\"collapse\" data-target=\"#accordion17\"><strong>L\u00c4S MER<\/strong><\/a><\/div><div id=\"accordion17\" class=\"ut-accordion-body collapse\"><div class=\"ut-accordion-inner entry-content clearfix\">\n<p>Processledare\/1:e socialsekreterare, Degerfors kommun<\/p>\n<\/div><\/div>\n<\/div><\/div>[\/vc_column_text][\/vc_column][vc_column width=&#8221;1\/4&#8243;]<div class=\"wpb_content_element  vc_custom_1766071487267\"><style type=\"text\/css\">#ut_tm_69f1e8cc73125 .bklyn-team-member-ocupation { font-weight: normal; }#ut_tm_69f1e8cc73125 .bklyn-team-member-social-icons a:hover { color: #e4008a; }#ut_tm_69f1e8cc73125 .bklyn-team-member-social-icons a:focus { color: #e4008a; }#ut_tm_69f1e8cc73125 .bklyn-team-member-social-icons a:active { color: #e4008a; }<\/style><div id=\"ut_tm_69f1e8cc73125\" class=\"bklyn-team-member bklyn-team-member-style-2 bklyn-team-member-style-2-200 bklyn-team-member-center\"><div class=\"bklyn-team-member-avatar \"><img decoding=\"async\" alt=\"Mats Persson\" class=\"ut-lozad\" src=\"data:image\/svg+xml;charset=utf-8,%3Csvg xmlns%3D'http%3A%2F%2Fwww.w3.org%2F2000%2Fsvg' viewBox%3D'0 0 400 400'%2F%3E\" data-src=\"https:\/\/insightevents.se\/psykiatridagarna\/wp-content\/uploads\/sites\/15\/2025\/12\/Mats-Persson-e1766071471678.jpg\"><\/div><div class=\"bklyn-team-member-info\"><h3 class=\"bklyn-team-member-name\">Mats Persson<\/h3><\/div><\/div><\/div>[vc_column_text]<div id=\"ut-accordion-parent-19\" class=\"ut-accordion\"><div class=\"ut-accordion-group\">\n<div class=\"ut-accordion-heading \"><a data-parent=\"#ut-accordion-parent-19\" class=\"accordion-toggle collapsed \" data-toggle=\"collapse\" data-target=\"#accordion18\"><strong>L\u00c4S MER<\/strong><\/a><\/div><div id=\"accordion18\" class=\"ut-accordion-body collapse\"><div class=\"ut-accordion-inner entry-content clearfix\">\n<p>Utredare, leg. l\u00e4kare, specialist i psykiatri; med.dr., enheten f\u00f6r kunskapsst\u00f6d och l\u00e4kemedelsanv\u00e4ndning, L\u00e4kemedelsverket<\/p>\n<\/div><\/div>\n<\/div><\/div>[\/vc_column_text][\/vc_column][vc_column width=&#8221;1\/4&#8243;]<div class=\"wpb_content_element  vc_custom_1766071693756\"><style type=\"text\/css\">#ut_tm_69f1e8cc73492 .bklyn-team-member-ocupation { font-weight: normal; }#ut_tm_69f1e8cc73492 .bklyn-team-member-social-icons a:hover { color: #e4008a; }#ut_tm_69f1e8cc73492 .bklyn-team-member-social-icons a:focus { color: #e4008a; }#ut_tm_69f1e8cc73492 .bklyn-team-member-social-icons a:active { color: #e4008a; }<\/style><div id=\"ut_tm_69f1e8cc73492\" class=\"bklyn-team-member bklyn-team-member-style-2 bklyn-team-member-style-2-200 bklyn-team-member-center\"><div class=\"bklyn-team-member-avatar \"><img decoding=\"async\" alt=\"Mikael Malm\" class=\"ut-lozad\" src=\"data:image\/svg+xml;charset=utf-8,%3Csvg xmlns%3D'http%3A%2F%2Fwww.w3.org%2F2000%2Fsvg' viewBox%3D'0 0 400 400'%2F%3E\" data-src=\"https:\/\/insightevents.se\/psykiatridagarna\/wp-content\/uploads\/sites\/15\/2025\/12\/Mikael-Malm-e1766071677489.jpg\"><\/div><div class=\"bklyn-team-member-info\"><h3 class=\"bklyn-team-member-name\">Mikael Malm<\/h3><\/div><\/div><\/div>[vc_column_text]<div id=\"ut-accordion-parent-20\" class=\"ut-accordion\"><div class=\"ut-accordion-group\">\n<div class=\"ut-accordion-heading \"><a data-parent=\"#ut-accordion-parent-20\" class=\"accordion-toggle collapsed \" data-toggle=\"collapse\" data-target=\"#accordion19\"><strong>L\u00c4S MER<\/strong><\/a><\/div><div id=\"accordion19\" class=\"ut-accordion-body collapse\"><div class=\"ut-accordion-inner entry-content clearfix\">\n<p>Sakkunnig inom omr\u00e5det psykiatri, psykiatrisk tv\u00e5ngsv\u00e5rd och r\u00e4ttspsykiatri, Sveriges Kommuner och Regioner (SKR)<\/p>\n<\/div><\/div>\n<\/div><\/div>[\/vc_column_text][\/vc_column][\/vc_row][vc_row css=&#8221;.vc_custom_1680697246318{padding-top: 30px !important;padding-bottom: 30px !important;}&#8221;][vc_column width=&#8221;1\/4&#8243;]<div class=\"wpb_content_element  vc_custom_1766071979946\"><style type=\"text\/css\">#ut_tm_69f1e8cc73819 .bklyn-team-member-ocupation { font-weight: normal; }#ut_tm_69f1e8cc73819 .bklyn-team-member-social-icons a:hover { color: #e4008a; }#ut_tm_69f1e8cc73819 .bklyn-team-member-social-icons a:focus { color: #e4008a; }#ut_tm_69f1e8cc73819 .bklyn-team-member-social-icons a:active { color: #e4008a; }<\/style><div id=\"ut_tm_69f1e8cc73819\" class=\"bklyn-team-member bklyn-team-member-style-2 bklyn-team-member-style-2-200 bklyn-team-member-center\"><div class=\"bklyn-team-member-avatar \"><img decoding=\"async\" alt=\"Sara Drevendal\" class=\"ut-lozad\" src=\"data:image\/svg+xml;charset=utf-8,%3Csvg xmlns%3D'http%3A%2F%2Fwww.w3.org%2F2000%2Fsvg' viewBox%3D'0 0 400 400'%2F%3E\" data-src=\"https:\/\/insightevents.se\/psykiatridagarna\/wp-content\/uploads\/sites\/15\/2025\/12\/Sara-Drevendal-e1766071964615.jpg\"><\/div><div class=\"bklyn-team-member-info\"><h3 class=\"bklyn-team-member-name\">Sara Drevendal<\/h3><\/div><\/div><\/div>[vc_column_text]<div id=\"ut-accordion-parent-21\" class=\"ut-accordion\"><div class=\"ut-accordion-group\">\n<div class=\"ut-accordion-heading \"><a data-parent=\"#ut-accordion-parent-21\" class=\"accordion-toggle collapsed \" data-toggle=\"collapse\" data-target=\"#accordion20\"><strong>L\u00c4S MER<\/strong><\/a><\/div><div id=\"accordion20\" class=\"ut-accordion-body collapse\"><div class=\"ut-accordion-inner entry-content clearfix\">\n<p>Projektledare, Ung med NPF i riskzon, Attention<\/p>\n<\/div><\/div>\n<\/div><\/div>[\/vc_column_text][\/vc_column][vc_column width=&#8221;1\/4&#8243;]<div class=\"wpb_content_element  vc_custom_1773818891054\"><style type=\"text\/css\">#ut_tm_69f1e8cc73b99 .bklyn-team-member-ocupation { font-weight: normal; }#ut_tm_69f1e8cc73b99 .bklyn-team-member-social-icons a:hover { color: #e4008a; }#ut_tm_69f1e8cc73b99 .bklyn-team-member-social-icons a:focus { color: #e4008a; }#ut_tm_69f1e8cc73b99 .bklyn-team-member-social-icons a:active { color: #e4008a; }<\/style><div id=\"ut_tm_69f1e8cc73b99\" class=\"bklyn-team-member bklyn-team-member-style-2 bklyn-team-member-style-2-200 bklyn-team-member-center\"><div class=\"bklyn-team-member-avatar \"><img decoding=\"async\" alt=\"Signe\" class=\"ut-lozad\" src=\"data:image\/svg+xml;charset=utf-8,%3Csvg xmlns%3D'http%3A%2F%2Fwww.w3.org%2F2000%2Fsvg' viewBox%3D'0 0 400 400'%2F%3E\" data-src=\"https:\/\/insightevents.se\/psykiatridagarna\/wp-content\/uploads\/sites\/15\/2026\/03\/Signe.png\"><\/div><div class=\"bklyn-team-member-info\"><h3 class=\"bklyn-team-member-name\">Signe Bennich Karlstedt<\/h3><\/div><\/div><\/div>[vc_column_text]<div id=\"ut-accordion-parent-22\" class=\"ut-accordion\"><div class=\"ut-accordion-group\">\n<div class=\"ut-accordion-heading \"><a data-parent=\"#ut-accordion-parent-22\" class=\"accordion-toggle collapsed \" data-toggle=\"collapse\" data-target=\"#accordion21\"><strong>L\u00c4S MER<\/strong><\/a><\/div><div id=\"accordion21\" class=\"ut-accordion-body collapse\"><div class=\"ut-accordion-inner entry-content clearfix\">\n<p>Projektmedarbetare, Psynlighet<\/p>\n<\/div><\/div>\n<\/div><\/div>[\/vc_column_text][\/vc_column][vc_column width=&#8221;1\/4&#8243;]<div class=\"wpb_content_element  vc_custom_1766072308592\"><style type=\"text\/css\">#ut_tm_69f1e8cc73f37 .bklyn-team-member-ocupation { font-weight: normal; }#ut_tm_69f1e8cc73f37 .bklyn-team-member-social-icons a:hover { color: #e4008a; }#ut_tm_69f1e8cc73f37 .bklyn-team-member-social-icons a:focus { color: #e4008a; }#ut_tm_69f1e8cc73f37 .bklyn-team-member-social-icons a:active { color: #e4008a; }<\/style><div id=\"ut_tm_69f1e8cc73f37\" class=\"bklyn-team-member bklyn-team-member-style-2 bklyn-team-member-style-2-200 bklyn-team-member-center\"><div class=\"bklyn-team-member-avatar \"><img decoding=\"async\" alt=\"Sofia \u00c5hlqvist\" class=\"ut-lozad\" src=\"data:image\/svg+xml;charset=utf-8,%3Csvg xmlns%3D'http%3A%2F%2Fwww.w3.org%2F2000%2Fsvg' viewBox%3D'0 0 400 400'%2F%3E\" data-src=\"https:\/\/insightevents.se\/psykiatridagarna\/wp-content\/uploads\/sites\/15\/2025\/12\/Sofia-Ahlqvist-e1766072292504.jpg\"><\/div><div class=\"bklyn-team-member-info\"><h3 class=\"bklyn-team-member-name\">Sofia \u00c5hlqvist<\/h3><\/div><\/div><\/div>[vc_column_text]<div id=\"ut-accordion-parent-23\" class=\"ut-accordion\"><div class=\"ut-accordion-group\">\n<div class=\"ut-accordion-heading \"><a data-parent=\"#ut-accordion-parent-23\" class=\"accordion-toggle collapsed \" data-toggle=\"collapse\" data-target=\"#accordion22\"><strong>L\u00c4S MER<\/strong><\/a><\/div><div id=\"accordion22\" class=\"ut-accordion-body collapse\"><div class=\"ut-accordion-inner entry-content clearfix\">\n<p>Leg psykolog, leg psykoterapeut, specialist i klinisk psykologi, utredare, Socialstyrelsen<\/p>\n<\/div><\/div>\n<\/div><\/div>[\/vc_column_text][\/vc_column][vc_column width=&#8221;1\/4&#8243;]<div class=\"wpb_content_element  vc_custom_1766072375458\"><style type=\"text\/css\">#ut_tm_69f1e8cc74384 .bklyn-team-member-ocupation { font-weight: normal; }#ut_tm_69f1e8cc74384 .bklyn-team-member-social-icons a:hover { color: #e4008a; }#ut_tm_69f1e8cc74384 .bklyn-team-member-social-icons a:focus { color: #e4008a; }#ut_tm_69f1e8cc74384 .bklyn-team-member-social-icons a:active { color: #e4008a; }<\/style><div id=\"ut_tm_69f1e8cc74384\" class=\"bklyn-team-member bklyn-team-member-style-2 bklyn-team-member-style-2-200 bklyn-team-member-center\"><div class=\"bklyn-team-member-avatar \"><img decoding=\"async\" alt=\"Sven Eric Alborn\" class=\"ut-lozad\" src=\"data:image\/svg+xml;charset=utf-8,%3Csvg xmlns%3D'http%3A%2F%2Fwww.w3.org%2F2000%2Fsvg' viewBox%3D'0 0 400 400'%2F%3E\" data-src=\"https:\/\/insightevents.se\/psykiatridagarna\/wp-content\/uploads\/sites\/15\/2025\/12\/Sven-Eric-Alborn-e1766065594690.jpg\"><\/div><div class=\"bklyn-team-member-info\"><h3 class=\"bklyn-team-member-name\">Sven-Eric Alborn<\/h3><\/div><\/div><\/div>[vc_column_text]<div id=\"ut-accordion-parent-24\" class=\"ut-accordion\"><div class=\"ut-accordion-group\">\n<div class=\"ut-accordion-heading \"><a data-parent=\"#ut-accordion-parent-24\" class=\"accordion-toggle collapsed \" data-toggle=\"collapse\" data-target=\"#accordion23\"><strong>L\u00c4S MER<\/strong><\/a><\/div><div id=\"accordion23\" class=\"ut-accordion-body collapse\"><div class=\"ut-accordion-inner entry-content clearfix\">\n<p>F\u00f6rel\u00e4sare<\/p>\n<\/div><\/div>\n<\/div><\/div>[\/vc_column_text][\/vc_column][\/vc_row][vc_row css=&#8221;.vc_custom_1680697246318{padding-top: 30px !important;padding-bottom: 30px !important;}&#8221;][vc_column width=&#8221;1\/4&#8243;]<div class=\"wpb_content_element  vc_custom_1766072423285\"><style type=\"text\/css\">#ut_tm_69f1e8cc74793 .bklyn-team-member-ocupation { font-weight: normal; }#ut_tm_69f1e8cc74793 .bklyn-team-member-social-icons a:hover { color: #e4008a; }#ut_tm_69f1e8cc74793 .bklyn-team-member-social-icons a:focus { color: #e4008a; }#ut_tm_69f1e8cc74793 .bklyn-team-member-social-icons a:active { color: #e4008a; }<\/style><div id=\"ut_tm_69f1e8cc74793\" class=\"bklyn-team-member bklyn-team-member-style-2 bklyn-team-member-style-2-200 bklyn-team-member-center\"><div class=\"bklyn-team-member-avatar \"><img decoding=\"async\" alt=\"Zophia Mellgren\" class=\"ut-lozad\" src=\"data:image\/svg+xml;charset=utf-8,%3Csvg xmlns%3D'http%3A%2F%2Fwww.w3.org%2F2000%2Fsvg' viewBox%3D'0 0 400 400'%2F%3E\" data-src=\"https:\/\/insightevents.se\/psykiatridagarna\/wp-content\/uploads\/sites\/15\/2025\/12\/Zophia-Mellgren-e1766067014444.jpg\"><\/div><div class=\"bklyn-team-member-info\"><h3 class=\"bklyn-team-member-name\">Zophia Mellgren<\/h3><\/div><\/div><\/div>[vc_column_text]<div id=\"ut-accordion-parent-25\" class=\"ut-accordion\"><div class=\"ut-accordion-group\">\n<div class=\"ut-accordion-heading \"><a data-parent=\"#ut-accordion-parent-25\" class=\"accordion-toggle collapsed \" data-toggle=\"collapse\" data-target=\"#accordion24\"><strong>L\u00c4S MER<\/strong><\/a><\/div><div id=\"accordion24\" class=\"ut-accordion-body collapse\"><div class=\"ut-accordion-inner entry-content clearfix\">\n<p>\u00c4mnessakkunnig, Regeringskansliet<\/p>\n<\/div><\/div>\n<\/div><\/div>[\/vc_column_text][\/vc_column][vc_column width=&#8221;1\/4&#8243;]<div class=\"wpb_content_element  vc_custom_1766072518376\"><style type=\"text\/css\">#ut_tm_69f1e8cc74ba0 .bklyn-team-member-ocupation { font-weight: normal; }#ut_tm_69f1e8cc74ba0 .bklyn-team-member-social-icons a:hover { color: #e4008a; }#ut_tm_69f1e8cc74ba0 .bklyn-team-member-social-icons a:focus { color: #e4008a; }#ut_tm_69f1e8cc74ba0 .bklyn-team-member-social-icons a:active { color: #e4008a; }<\/style><div id=\"ut_tm_69f1e8cc74ba0\" class=\"bklyn-team-member bklyn-team-member-style-2 bklyn-team-member-style-2-200 bklyn-team-member-center\"><div class=\"bklyn-team-member-avatar \"><img decoding=\"async\" alt=\"\u00c5sa H\u00f6ij\" class=\"ut-lozad\" src=\"data:image\/svg+xml;charset=utf-8,%3Csvg xmlns%3D'http%3A%2F%2Fwww.w3.org%2F2000%2Fsvg' viewBox%3D'0 0 400 400'%2F%3E\" data-src=\"https:\/\/insightevents.se\/psykiatridagarna\/wp-content\/uploads\/sites\/15\/2025\/12\/Asa-Hoij-e1766072502875.jpg\"><\/div><div class=\"bklyn-team-member-info\"><h3 class=\"bklyn-team-member-name\">\u00c5sa H\u00f6ij<\/h3><\/div><\/div><\/div>[vc_column_text]<div id=\"ut-accordion-parent-26\" class=\"ut-accordion\"><div class=\"ut-accordion-group\">\n<div class=\"ut-accordion-heading \"><a data-parent=\"#ut-accordion-parent-26\" class=\"accordion-toggle collapsed \" data-toggle=\"collapse\" data-target=\"#accordion25\"><strong>L\u00c4S MER<\/strong><\/a><\/div><div id=\"accordion25\" class=\"ut-accordion-body collapse\"><div class=\"ut-accordion-inner entry-content clearfix\">\n<p>Egenerfarenhetsexpert<\/p>\n<\/div><\/div>\n<\/div><\/div>[\/vc_column_text][\/vc_column][vc_column width=&#8221;1\/4&#8243;][\/vc_column][vc_column width=&#8221;1\/4&#8243;][\/vc_column][\/vc_row][vc_row disable_element=&#8221;yes&#8221; css=&#8221;.vc_custom_1706015351445{padding-top: 30px !important;padding-bottom: 30px !important;}&#8221;][vc_column][vc_custom_heading text=&#8221;Talare 2023&#8243; font_container=&#8221;tag:h1|text_align:center|color:%23e4008a&#8221; google_fonts=&#8221;font_family:Roboto%3A100%2C100italic%2C300%2C300italic%2Cregular%2Citalic%2C500%2C500italic%2C700%2C700italic%2C900%2C900italic|font_style:500%20bold%20regular%3A500%3Anormal&#8221; css=&#8221;.vc_custom_1669907693182{padding-bottom: 20px !important;}&#8221;][vc_column_text]<div class=\"pt-cv-wrapper\"><div class=\"pt-cv-view pt-cv-grid pt-cv-colsys pt-cv-center pt-cv-sharp-buttons\" id=\"pt-cv-view-6f541c7p13\"><div data-id=\"pt-cv-page-1\" class=\"pt-cv-page\" data-cvc=\"4\"><div class=\"col-md-3 col-sm-6 col-xs-12 pt-cv-content-item pt-cv-1-col\"  data-pid=\"981\"><div class='pt-cv-ifield'><a href=\"https:\/\/insightevents.se\/psykiatridagarna\/portfolio-item\/adam-reutersward\/\" class=\"pt-cv-none pt-cv-href-thumbnail pt-cv-thumb-default\" target=\"pt-cv-none\" ><img loading=\"lazy\" decoding=\"async\" width=\"150\" height=\"150\" src=\"https:\/\/insightevents.se\/psykiatridagarna\/wp-content\/uploads\/sites\/15\/2023\/04\/adam-reutersward-150x150.png\" class=\"pt-cv-thumbnail img-circle\" alt=\"\" srcset=\"https:\/\/insightevents.se\/psykiatridagarna\/wp-content\/uploads\/sites\/15\/2023\/04\/adam-reutersward-150x150.png 150w, https:\/\/insightevents.se\/psykiatridagarna\/wp-content\/uploads\/sites\/15\/2023\/04\/adam-reutersward-200x200.png 200w, https:\/\/insightevents.se\/psykiatridagarna\/wp-content\/uploads\/sites\/15\/2023\/04\/adam-reutersward.png 250w\" sizes=\"auto, (max-width: 150px) 100vw, 150px\" \/><\/a>\n<h4 class=\"pt-cv-title\"><a href=\"https:\/\/insightevents.se\/psykiatridagarna\/portfolio-item\/adam-reutersward\/\" class=\"pt-cv-none\" target=\"pt-cv-none\" >Adam Reutersw\u00e4rd<\/a><\/h4>\n<div class=\"pt-cv-content\">Marknad och klientkoordinator p\u00e5 Spelfriheten som sj\u00e4lv \u00e4r spelberoende men varit spelfri i m\u00e5nga \u00e5r<\/div><\/div><\/div>\n<div class=\"col-md-3 col-sm-6 col-xs-12 pt-cv-content-item pt-cv-1-col\"  data-pid=\"814\"><div class='pt-cv-ifield'><a href=\"https:\/\/insightevents.se\/psykiatridagarna\/portfolio-item\/andre-marx\/\" class=\"pt-cv-none pt-cv-href-thumbnail pt-cv-thumb-default\" target=\"pt-cv-none\" ><img loading=\"lazy\" decoding=\"async\" width=\"150\" height=\"150\" src=\"https:\/\/insightevents.se\/psykiatridagarna\/wp-content\/uploads\/sites\/15\/2022\/12\/andre-150x150.png\" class=\"pt-cv-thumbnail img-circle\" alt=\"\" srcset=\"https:\/\/insightevents.se\/psykiatridagarna\/wp-content\/uploads\/sites\/15\/2022\/12\/andre-150x150.png 150w, https:\/\/insightevents.se\/psykiatridagarna\/wp-content\/uploads\/sites\/15\/2022\/12\/andre-200x200.png 200w, https:\/\/insightevents.se\/psykiatridagarna\/wp-content\/uploads\/sites\/15\/2022\/12\/andre.png 250w\" sizes=\"auto, (max-width: 150px) 100vw, 150px\" \/><\/a>\n<h4 class=\"pt-cv-title\"><a href=\"https:\/\/insightevents.se\/psykiatridagarna\/portfolio-item\/andre-marx\/\" class=\"pt-cv-none\" target=\"pt-cv-none\" >Andr\u00e9 Marx<\/a><\/h4>\n<div class=\"pt-cv-content\">Allm\u00e4nl\u00e4kare p\u00e5 Bj\u00f6rkhagens l\u00e4karmottagning<\/div><\/div><\/div>\n<div class=\"col-md-3 col-sm-6 col-xs-12 pt-cv-content-item pt-cv-1-col\"  data-pid=\"818\"><div class='pt-cv-ifield'><a href=\"https:\/\/insightevents.se\/psykiatridagarna\/portfolio-item\/anki-sandberg\/\" class=\"pt-cv-none pt-cv-href-thumbnail pt-cv-thumb-default\" target=\"pt-cv-none\" ><img loading=\"lazy\" decoding=\"async\" width=\"150\" height=\"150\" src=\"https:\/\/insightevents.se\/psykiatridagarna\/wp-content\/uploads\/sites\/15\/2022\/12\/anki-150x150.png\" class=\"pt-cv-thumbnail img-circle\" alt=\"\" srcset=\"https:\/\/insightevents.se\/psykiatridagarna\/wp-content\/uploads\/sites\/15\/2022\/12\/anki-150x150.png 150w, https:\/\/insightevents.se\/psykiatridagarna\/wp-content\/uploads\/sites\/15\/2022\/12\/anki-200x200.png 200w, https:\/\/insightevents.se\/psykiatridagarna\/wp-content\/uploads\/sites\/15\/2022\/12\/anki.png 250w\" sizes=\"auto, (max-width: 150px) 100vw, 150px\" \/><\/a>\n<h4 class=\"pt-cv-title\"><a href=\"https:\/\/insightevents.se\/psykiatridagarna\/portfolio-item\/anki-sandberg\/\" class=\"pt-cv-none\" target=\"pt-cv-none\" >Anki Sandberg<\/a><\/h4>\n<div class=\"pt-cv-content\">Ordf\u00f6rande, Riksf\u00f6rbundet Attention<\/div><\/div><\/div>\n<div class=\"col-md-3 col-sm-6 col-xs-12 pt-cv-content-item pt-cv-1-col\"  data-pid=\"831\"><div class='pt-cv-ifield'><a href=\"https:\/\/insightevents.se\/psykiatridagarna\/portfolio-item\/anna-osterberg\/\" class=\"pt-cv-none pt-cv-href-thumbnail pt-cv-thumb-default\" target=\"pt-cv-none\" ><img loading=\"lazy\" decoding=\"async\" width=\"150\" height=\"150\" src=\"https:\/\/insightevents.se\/psykiatridagarna\/wp-content\/uploads\/sites\/15\/2022\/12\/anna-ssjostrom-150x150.png\" class=\"pt-cv-thumbnail img-circle\" alt=\"\" srcset=\"https:\/\/insightevents.se\/psykiatridagarna\/wp-content\/uploads\/sites\/15\/2022\/12\/anna-ssjostrom-150x150.png 150w, https:\/\/insightevents.se\/psykiatridagarna\/wp-content\/uploads\/sites\/15\/2022\/12\/anna-ssjostrom-200x200.png 200w, https:\/\/insightevents.se\/psykiatridagarna\/wp-content\/uploads\/sites\/15\/2022\/12\/anna-ssjostrom.png 250w\" sizes=\"auto, (max-width: 150px) 100vw, 150px\" \/><\/a>\n<h4 class=\"pt-cv-title\"><a href=\"https:\/\/insightevents.se\/psykiatridagarna\/portfolio-item\/anna-osterberg\/\" class=\"pt-cv-none\" target=\"pt-cv-none\" >Anna \u00d6sterberg<\/a><\/h4>\n<div class=\"pt-cv-content\">Enhetschef BUPstart, V\u00e4ster\u00e5s<\/div><\/div><\/div>\n<div class=\"col-md-3 col-sm-6 col-xs-12 pt-cv-content-item pt-cv-1-col\"  data-pid=\"821\"><div class='pt-cv-ifield'><a href=\"https:\/\/insightevents.se\/psykiatridagarna\/portfolio-item\/anna-planting-gyllenbaga\/\" class=\"pt-cv-none pt-cv-href-thumbnail pt-cv-thumb-default\" target=\"pt-cv-none\" ><img loading=\"lazy\" decoding=\"async\" width=\"150\" height=\"150\" src=\"https:\/\/insightevents.se\/psykiatridagarna\/wp-content\/uploads\/sites\/15\/2022\/12\/anna-150x150.png\" class=\"pt-cv-thumbnail img-circle\" alt=\"\" srcset=\"https:\/\/insightevents.se\/psykiatridagarna\/wp-content\/uploads\/sites\/15\/2022\/12\/anna-150x150.png 150w, https:\/\/insightevents.se\/psykiatridagarna\/wp-content\/uploads\/sites\/15\/2022\/12\/anna-200x200.png 200w, https:\/\/insightevents.se\/psykiatridagarna\/wp-content\/uploads\/sites\/15\/2022\/12\/anna.png 250w\" sizes=\"auto, (max-width: 150px) 100vw, 150px\" \/><\/a>\n<h4 class=\"pt-cv-title\"><a href=\"https:\/\/insightevents.se\/psykiatridagarna\/portfolio-item\/anna-planting-gyllenbaga\/\" class=\"pt-cv-none\" target=\"pt-cv-none\" >Anna Planting-Gyllenb\u00e5ga<\/a><\/h4>\n<div class=\"pt-cv-content\">Egenupplevd ber\u00e4ttelse<\/div><\/div><\/div>\n<div class=\"col-md-3 col-sm-6 col-xs-12 pt-cv-content-item pt-cv-1-col\"  data-pid=\"825\"><div class='pt-cv-ifield'><a href=\"https:\/\/insightevents.se\/psykiatridagarna\/portfolio-item\/anna-sjostedt\/\" class=\"pt-cv-none pt-cv-href-thumbnail pt-cv-thumb-default\" target=\"pt-cv-none\" ><img loading=\"lazy\" decoding=\"async\" width=\"150\" height=\"150\" src=\"https:\/\/insightevents.se\/psykiatridagarna\/wp-content\/uploads\/sites\/15\/2022\/12\/profile-icon-png-898-150x150.png\" class=\"pt-cv-thumbnail img-circle\" alt=\"\" srcset=\"https:\/\/insightevents.se\/psykiatridagarna\/wp-content\/uploads\/sites\/15\/2022\/12\/profile-icon-png-898-150x150.png 150w, https:\/\/insightevents.se\/psykiatridagarna\/wp-content\/uploads\/sites\/15\/2022\/12\/profile-icon-png-898-300x300.png 300w, https:\/\/insightevents.se\/psykiatridagarna\/wp-content\/uploads\/sites\/15\/2022\/12\/profile-icon-png-898-200x200.png 200w, https:\/\/insightevents.se\/psykiatridagarna\/wp-content\/uploads\/sites\/15\/2022\/12\/profile-icon-png-898.png 512w\" sizes=\"auto, (max-width: 150px) 100vw, 150px\" \/><\/a>\n<h4 class=\"pt-cv-title\"><a href=\"https:\/\/insightevents.se\/psykiatridagarna\/portfolio-item\/anna-sjostedt\/\" class=\"pt-cv-none\" target=\"pt-cv-none\" >Anna Sj\u00f6stedt<\/a><\/h4>\n<div class=\"pt-cv-content\">Stockholms beroendeklinik<\/div><\/div><\/div>\n<div class=\"col-md-3 col-sm-6 col-xs-12 pt-cv-content-item pt-cv-1-col\"  data-pid=\"811\"><div class='pt-cv-ifield'><a href=\"https:\/\/insightevents.se\/psykiatridagarna\/portfolio-item\/anna-soderpalm-gordh\/\" class=\"pt-cv-none pt-cv-href-thumbnail pt-cv-thumb-default\" target=\"pt-cv-none\" ><img loading=\"lazy\" decoding=\"async\" width=\"150\" height=\"150\" src=\"https:\/\/insightevents.se\/psykiatridagarna\/wp-content\/uploads\/sites\/15\/2022\/12\/anna_soderpalm_gordh_23-150x150.jpg\" class=\"pt-cv-thumbnail img-circle\" alt=\"anna_soderpalm_gordh_23\" srcset=\"https:\/\/insightevents.se\/psykiatridagarna\/wp-content\/uploads\/sites\/15\/2022\/12\/anna_soderpalm_gordh_23-150x150.jpg 150w, https:\/\/insightevents.se\/psykiatridagarna\/wp-content\/uploads\/sites\/15\/2022\/12\/anna_soderpalm_gordh_23-200x200.jpg 200w, https:\/\/insightevents.se\/psykiatridagarna\/wp-content\/uploads\/sites\/15\/2022\/12\/anna_soderpalm_gordh_23.jpg 250w\" sizes=\"auto, (max-width: 150px) 100vw, 150px\" \/><\/a>\n<h4 class=\"pt-cv-title\"><a href=\"https:\/\/insightevents.se\/psykiatridagarna\/portfolio-item\/anna-soderpalm-gordh\/\" class=\"pt-cv-none\" target=\"pt-cv-none\" >Anna S\u00f6derpalm Gordh<\/a><\/h4>\n<div class=\"pt-cv-content\">Docent och adjungerad lektor vid Sahlgrenska Akademin, G\u00f6teborgs universitet och Sahlgrenska Universitetssjukhuset<\/div><\/div><\/div>\n<div class=\"col-md-3 col-sm-6 col-xs-12 pt-cv-content-item pt-cv-1-col\"  data-pid=\"807\"><div class='pt-cv-ifield'><a href=\"https:\/\/insightevents.se\/psykiatridagarna\/portfolio-item\/christian-ruck\/\" class=\"pt-cv-none pt-cv-href-thumbnail pt-cv-thumb-default\" target=\"pt-cv-none\" ><img loading=\"lazy\" decoding=\"async\" width=\"150\" height=\"150\" src=\"https:\/\/insightevents.se\/psykiatridagarna\/wp-content\/uploads\/sites\/15\/2022\/12\/christian-150x150.png\" class=\"pt-cv-thumbnail img-circle\" alt=\"\" srcset=\"https:\/\/insightevents.se\/psykiatridagarna\/wp-content\/uploads\/sites\/15\/2022\/12\/christian-150x150.png 150w, https:\/\/insightevents.se\/psykiatridagarna\/wp-content\/uploads\/sites\/15\/2022\/12\/christian-200x200.png 200w, https:\/\/insightevents.se\/psykiatridagarna\/wp-content\/uploads\/sites\/15\/2022\/12\/christian.png 250w\" sizes=\"auto, (max-width: 150px) 100vw, 150px\" \/><\/a>\n<h4 class=\"pt-cv-title\"><a href=\"https:\/\/insightevents.se\/psykiatridagarna\/portfolio-item\/christian-ruck\/\" class=\"pt-cv-none\" target=\"pt-cv-none\" >Christian R\u00fcck<\/a><\/h4>\n<div class=\"pt-cv-content\">Professor i psykiatri och \u00f6verl\u00e4kare, Karolinska Institutet. Han \u00e4r f\u00f6rfattare till boken \u201dOlyckliga i paradiset\u201d.<\/div><\/div><\/div>\n<div class=\"col-md-3 col-sm-6 col-xs-12 pt-cv-content-item pt-cv-1-col\"  data-pid=\"835\"><div class='pt-cv-ifield'><a href=\"https:\/\/insightevents.se\/psykiatridagarna\/portfolio-item\/christiane-van-cappellen\/\" class=\"pt-cv-none pt-cv-href-thumbnail pt-cv-thumb-default\" target=\"pt-cv-none\" ><img loading=\"lazy\" decoding=\"async\" width=\"150\" height=\"150\" src=\"https:\/\/insightevents.se\/psykiatridagarna\/wp-content\/uploads\/sites\/15\/2022\/12\/Christiane-van-Cappellen-150x150.png\" class=\"pt-cv-thumbnail img-circle\" alt=\"\" srcset=\"https:\/\/insightevents.se\/psykiatridagarna\/wp-content\/uploads\/sites\/15\/2022\/12\/Christiane-van-Cappellen-150x150.png 150w, https:\/\/insightevents.se\/psykiatridagarna\/wp-content\/uploads\/sites\/15\/2022\/12\/Christiane-van-Cappellen-200x200.png 200w, https:\/\/insightevents.se\/psykiatridagarna\/wp-content\/uploads\/sites\/15\/2022\/12\/Christiane-van-Cappellen.png 250w\" sizes=\"auto, (max-width: 150px) 100vw, 150px\" \/><\/a>\n<h4 class=\"pt-cv-title\"><a href=\"https:\/\/insightevents.se\/psykiatridagarna\/portfolio-item\/christiane-van-cappellen\/\" class=\"pt-cv-none\" target=\"pt-cv-none\" >Christiane van Cappellen<\/a><\/h4>\n<div class=\"pt-cv-content\">Leg psykolog och behandlingsansvarig p\u00e5 Stressmottagningen AB. Hon har en MBA som titel. Har jobbat inom arbets- och organisationspsykologin i flera olika l\u00e4nder och som klinisk psykolog i Sverige.<\/div><\/div><\/div>\n<div class=\"col-md-3 col-sm-6 col-xs-12 pt-cv-content-item pt-cv-1-col\"  data-pid=\"838\"><div class='pt-cv-ifield'><a href=\"https:\/\/insightevents.se\/psykiatridagarna\/portfolio-item\/fanny-eklund\/\" class=\"pt-cv-none pt-cv-href-thumbnail pt-cv-thumb-default\" target=\"pt-cv-none\" ><img loading=\"lazy\" decoding=\"async\" width=\"150\" height=\"150\" src=\"https:\/\/insightevents.se\/psykiatridagarna\/wp-content\/uploads\/sites\/15\/2022\/12\/fanny-150x150.png\" class=\"pt-cv-thumbnail img-circle\" alt=\"\" srcset=\"https:\/\/insightevents.se\/psykiatridagarna\/wp-content\/uploads\/sites\/15\/2022\/12\/fanny-150x150.png 150w, https:\/\/insightevents.se\/psykiatridagarna\/wp-content\/uploads\/sites\/15\/2022\/12\/fanny-200x200.png 200w, https:\/\/insightevents.se\/psykiatridagarna\/wp-content\/uploads\/sites\/15\/2022\/12\/fanny.png 250w\" sizes=\"auto, (max-width: 150px) 100vw, 150px\" \/><\/a>\n<h4 class=\"pt-cv-title\"><a href=\"https:\/\/insightevents.se\/psykiatridagarna\/portfolio-item\/fanny-eklund\/\" class=\"pt-cv-none\" target=\"pt-cv-none\" >Fanny Eklund<\/a><\/h4>\n<div class=\"pt-cv-content\">Projektledare f\u00f6r ung dialog. Hon har m\u00e5ng\u00e5rig erfarenhet av arbete som socialsekreterare med barn, ungdomar och vuxna samt som kurator inom psykiatrin. Fanny arbetar idag p\u00e5 Riksf\u00f6rbundet Attention.<\/div><\/div><\/div>\n<div class=\"col-md-3 col-sm-6 col-xs-12 pt-cv-content-item pt-cv-1-col\"  data-pid=\"978\"><div class='pt-cv-ifield'><a href=\"https:\/\/insightevents.se\/psykiatridagarna\/portfolio-item\/finn-stenwall\/\" class=\"pt-cv-none pt-cv-href-thumbnail pt-cv-thumb-default\" target=\"pt-cv-none\" ><img loading=\"lazy\" decoding=\"async\" width=\"150\" height=\"150\" src=\"https:\/\/insightevents.se\/psykiatridagarna\/wp-content\/uploads\/sites\/15\/2023\/04\/Finn-Stenwall_23-150x150.jpg\" class=\"pt-cv-thumbnail img-circle\" alt=\"Finn Stenwall_23\" srcset=\"https:\/\/insightevents.se\/psykiatridagarna\/wp-content\/uploads\/sites\/15\/2023\/04\/Finn-Stenwall_23-150x150.jpg 150w, https:\/\/insightevents.se\/psykiatridagarna\/wp-content\/uploads\/sites\/15\/2023\/04\/Finn-Stenwall_23-300x300.jpg 300w, https:\/\/insightevents.se\/psykiatridagarna\/wp-content\/uploads\/sites\/15\/2023\/04\/Finn-Stenwall_23-768x768.jpg 768w, https:\/\/insightevents.se\/psykiatridagarna\/wp-content\/uploads\/sites\/15\/2023\/04\/Finn-Stenwall_23-720x720.jpg 720w, https:\/\/insightevents.se\/psykiatridagarna\/wp-content\/uploads\/sites\/15\/2023\/04\/Finn-Stenwall_23-200x200.jpg 200w, https:\/\/insightevents.se\/psykiatridagarna\/wp-content\/uploads\/sites\/15\/2023\/04\/Finn-Stenwall_23.jpg 960w\" sizes=\"auto, (max-width: 150px) 100vw, 150px\" \/><\/a>\n<h4 class=\"pt-cv-title\"><a href=\"https:\/\/insightevents.se\/psykiatridagarna\/portfolio-item\/finn-stenwall\/\" class=\"pt-cv-none\" target=\"pt-cv-none\" >Finn Stenwall<\/a><\/h4>\n<div class=\"pt-cv-content\">Behandlingsansvarig p\u00e5 Spelfriheten och jobbat inom branschen i dryga 40 \u00e5r som beroendeterapeut och med handledning<\/div><\/div><\/div>\n<div class=\"col-md-3 col-sm-6 col-xs-12 pt-cv-content-item pt-cv-1-col\"  data-pid=\"844\"><div class='pt-cv-ifield'><a href=\"https:\/\/insightevents.se\/psykiatridagarna\/portfolio-item\/goran-hogberg\/\" class=\"pt-cv-none pt-cv-href-thumbnail pt-cv-thumb-default\" target=\"pt-cv-none\" ><img loading=\"lazy\" decoding=\"async\" width=\"150\" height=\"150\" src=\"https:\/\/insightevents.se\/psykiatridagarna\/wp-content\/uploads\/sites\/15\/2022\/12\/goran-150x150.png\" class=\"pt-cv-thumbnail img-circle\" alt=\"\" srcset=\"https:\/\/insightevents.se\/psykiatridagarna\/wp-content\/uploads\/sites\/15\/2022\/12\/goran-150x150.png 150w, https:\/\/insightevents.se\/psykiatridagarna\/wp-content\/uploads\/sites\/15\/2022\/12\/goran-200x200.png 200w, https:\/\/insightevents.se\/psykiatridagarna\/wp-content\/uploads\/sites\/15\/2022\/12\/goran.png 250w\" sizes=\"auto, (max-width: 150px) 100vw, 150px\" \/><\/a>\n<h4 class=\"pt-cv-title\"><a href=\"https:\/\/insightevents.se\/psykiatridagarna\/portfolio-item\/goran-hogberg\/\" class=\"pt-cv-none\" target=\"pt-cv-none\" >G\u00f6ran H\u00f6gberg<\/a><\/h4>\n<div class=\"pt-cv-content\">Dr, leg. l\u00e4kare, specialist i allm\u00e4npsykiatri samt barn- och ungdomspsykiatri, leg. psykoterapeut, forskare<\/div><\/div><\/div>\n<div class=\"col-md-3 col-sm-6 col-xs-12 pt-cv-content-item pt-cv-1-col\"  data-pid=\"841\"><div class='pt-cv-ifield'><a href=\"https:\/\/insightevents.se\/psykiatridagarna\/portfolio-item\/gunilla-granholm\/\" class=\"pt-cv-none pt-cv-href-thumbnail pt-cv-thumb-default\" target=\"pt-cv-none\" ><img loading=\"lazy\" decoding=\"async\" width=\"150\" height=\"150\" src=\"https:\/\/insightevents.se\/psykiatridagarna\/wp-content\/uploads\/sites\/15\/2022\/12\/gunilla-150x150.png\" class=\"pt-cv-thumbnail img-circle\" alt=\"\" srcset=\"https:\/\/insightevents.se\/psykiatridagarna\/wp-content\/uploads\/sites\/15\/2022\/12\/gunilla-150x150.png 150w, https:\/\/insightevents.se\/psykiatridagarna\/wp-content\/uploads\/sites\/15\/2022\/12\/gunilla-200x200.png 200w, https:\/\/insightevents.se\/psykiatridagarna\/wp-content\/uploads\/sites\/15\/2022\/12\/gunilla.png 250w\" sizes=\"auto, (max-width: 150px) 100vw, 150px\" \/><\/a>\n<h4 class=\"pt-cv-title\"><a href=\"https:\/\/insightevents.se\/psykiatridagarna\/portfolio-item\/gunilla-granholm\/\" class=\"pt-cv-none\" target=\"pt-cv-none\" >Gunilla Granholm<\/a><\/h4>\n<div class=\"pt-cv-content\">Ordf\u00f6rande nationella arbetsgruppen ADHD, Nationellt programomr\u00e5de psykisk h\u00e4lsa, samt specialistpsykolog i BUP Sk\u00e5ne<\/div><\/div><\/div>\n<div class=\"col-md-3 col-sm-6 col-xs-12 pt-cv-content-item pt-cv-1-col\"  data-pid=\"847\"><div class='pt-cv-ifield'><a href=\"https:\/\/insightevents.se\/psykiatridagarna\/portfolio-item\/jacqueline-treschow\/\" class=\"pt-cv-none pt-cv-href-thumbnail pt-cv-thumb-default\" target=\"pt-cv-none\" ><img loading=\"lazy\" decoding=\"async\" width=\"150\" height=\"150\" src=\"https:\/\/insightevents.se\/psykiatridagarna\/wp-content\/uploads\/sites\/15\/2022\/12\/Jacqueline-Treschow-150x150.png\" class=\"pt-cv-thumbnail img-circle\" alt=\"\" srcset=\"https:\/\/insightevents.se\/psykiatridagarna\/wp-content\/uploads\/sites\/15\/2022\/12\/Jacqueline-Treschow-150x150.png 150w, https:\/\/insightevents.se\/psykiatridagarna\/wp-content\/uploads\/sites\/15\/2022\/12\/Jacqueline-Treschow-200x200.png 200w, https:\/\/insightevents.se\/psykiatridagarna\/wp-content\/uploads\/sites\/15\/2022\/12\/Jacqueline-Treschow.png 250w\" sizes=\"auto, (max-width: 150px) 100vw, 150px\" \/><\/a>\n<h4 class=\"pt-cv-title\"><a href=\"https:\/\/insightevents.se\/psykiatridagarna\/portfolio-item\/jacqueline-treschow\/\" class=\"pt-cv-none\" target=\"pt-cv-none\" >Jacqueline Treschow<\/a><\/h4>\n<div class=\"pt-cv-content\">Arbetar f\u00f6r Riksf\u00f6rbundet Attention i ung dialog. Jacqueline \u00e4r beteendevetare och har m\u00e5ng\u00e5rig erfarenhet inom socialt arbete, socialpsykiatri och driva f\u00f6rb\u00e4ttringsprojekt f\u00f6r barn, unga och unga vuxna med NPF och psykisk oh\u00e4lsa. Hon har \u00e4ven egen erfarenhet av NPF inom familjen.<\/div><\/div><\/div>\n<div class=\"col-md-3 col-sm-6 col-xs-12 pt-cv-content-item pt-cv-1-col\"  data-pid=\"850\"><div class='pt-cv-ifield'><a href=\"https:\/\/insightevents.se\/psykiatridagarna\/portfolio-item\/johan-stiernstedt\/\" class=\"pt-cv-none pt-cv-href-thumbnail pt-cv-thumb-default\" target=\"pt-cv-none\" ><img loading=\"lazy\" decoding=\"async\" width=\"150\" height=\"150\" src=\"https:\/\/insightevents.se\/psykiatridagarna\/wp-content\/uploads\/sites\/15\/2022\/12\/Johan-Stiernstedt-150x150.png\" class=\"pt-cv-thumbnail img-circle\" alt=\"\" srcset=\"https:\/\/insightevents.se\/psykiatridagarna\/wp-content\/uploads\/sites\/15\/2022\/12\/Johan-Stiernstedt-150x150.png 150w, https:\/\/insightevents.se\/psykiatridagarna\/wp-content\/uploads\/sites\/15\/2022\/12\/Johan-Stiernstedt-200x200.png 200w, https:\/\/insightevents.se\/psykiatridagarna\/wp-content\/uploads\/sites\/15\/2022\/12\/Johan-Stiernstedt.png 250w\" sizes=\"auto, (max-width: 150px) 100vw, 150px\" \/><\/a>\n<h4 class=\"pt-cv-title\"><a href=\"https:\/\/insightevents.se\/psykiatridagarna\/portfolio-item\/johan-stiernstedt\/\" class=\"pt-cv-none\" target=\"pt-cv-none\" >Johan Stiernstedt<\/a><\/h4>\n<div class=\"pt-cv-content\">Psykiatriker, leg. psykoterapeut, Hurdalsj\u00f6en Recovery senter, samt f\u00f6rfattare till boken Den galna psykiatrin<\/div><\/div><\/div>\n<div class=\"col-md-3 col-sm-6 col-xs-12 pt-cv-content-item pt-cv-1-col\"  data-pid=\"853\"><div class='pt-cv-ifield'><a href=\"https:\/\/insightevents.se\/psykiatridagarna\/portfolio-item\/kajsa-westling\/\" class=\"pt-cv-none pt-cv-href-thumbnail pt-cv-thumb-default\" target=\"pt-cv-none\" ><img loading=\"lazy\" decoding=\"async\" width=\"150\" height=\"150\" src=\"https:\/\/insightevents.se\/psykiatridagarna\/wp-content\/uploads\/sites\/15\/2022\/12\/Kajsa-Westling-150x150.png\" class=\"pt-cv-thumbnail img-circle\" alt=\"\" srcset=\"https:\/\/insightevents.se\/psykiatridagarna\/wp-content\/uploads\/sites\/15\/2022\/12\/Kajsa-Westling-150x150.png 150w, https:\/\/insightevents.se\/psykiatridagarna\/wp-content\/uploads\/sites\/15\/2022\/12\/Kajsa-Westling-200x200.png 200w, https:\/\/insightevents.se\/psykiatridagarna\/wp-content\/uploads\/sites\/15\/2022\/12\/Kajsa-Westling.png 250w\" sizes=\"auto, (max-width: 150px) 100vw, 150px\" \/><\/a>\n<h4 class=\"pt-cv-title\"><a href=\"https:\/\/insightevents.se\/psykiatridagarna\/portfolio-item\/kajsa-westling\/\" class=\"pt-cv-none\" target=\"pt-cv-none\" >Kajsa Westling<\/a><\/h4>\n<div class=\"pt-cv-content\">Projektledare, Experio Lab. Kajsa har jobbat med policy-, utrednings- och utvecklingsfr\u00e5gor kopplat till h\u00e4lso- och sjukv\u00e5rd och omsorg i m\u00e5nga \u00e5r, bland annat p\u00e5 Region Stockholm, Regeringskansliet och Myndigheten f\u00f6r v\u00e5rd- och omsorgsanalys.<\/div><\/div><\/div>\n<div class=\"col-md-3 col-sm-6 col-xs-12 pt-cv-content-item pt-cv-1-col\"  data-pid=\"856\"><div class='pt-cv-ifield'><a href=\"https:\/\/insightevents.se\/psykiatridagarna\/portfolio-item\/kristina-berglund\/\" class=\"pt-cv-none pt-cv-href-thumbnail pt-cv-thumb-default\" target=\"pt-cv-none\" ><img loading=\"lazy\" decoding=\"async\" width=\"150\" height=\"150\" src=\"https:\/\/insightevents.se\/psykiatridagarna\/wp-content\/uploads\/sites\/15\/2022\/12\/profile-icon-png-898-150x150.png\" class=\"pt-cv-thumbnail img-circle\" alt=\"\" srcset=\"https:\/\/insightevents.se\/psykiatridagarna\/wp-content\/uploads\/sites\/15\/2022\/12\/profile-icon-png-898-150x150.png 150w, https:\/\/insightevents.se\/psykiatridagarna\/wp-content\/uploads\/sites\/15\/2022\/12\/profile-icon-png-898-300x300.png 300w, https:\/\/insightevents.se\/psykiatridagarna\/wp-content\/uploads\/sites\/15\/2022\/12\/profile-icon-png-898-200x200.png 200w, https:\/\/insightevents.se\/psykiatridagarna\/wp-content\/uploads\/sites\/15\/2022\/12\/profile-icon-png-898.png 512w\" sizes=\"auto, (max-width: 150px) 100vw, 150px\" \/><\/a>\n<h4 class=\"pt-cv-title\"><a href=\"https:\/\/insightevents.se\/psykiatridagarna\/portfolio-item\/kristina-berglund\/\" class=\"pt-cv-none\" target=\"pt-cv-none\" >Kristina Berglund<\/a><\/h4>\n<div class=\"pt-cv-content\">Docent i psykologi, lektor och forskare vid Psykologiska institutionen, G\u00f6teborgs universitet. Forskar om psykologiska aspekter av riskbruk och beroende hos ungdomar och vuxna. F\u00f6rest\u00e5ndare f\u00f6r CERA - Centrum f\u00f6r forskning och utbildning kring riskbruk, missbruk och beroende vid G\u00f6teborgs Universitet samt medf\u00f6rfattare till boken V\u00e4lja V\u00e4g \u2013 Utredning, st\u00f6d och behandling vid alkohol- och narkotikaproblem.<\/div><\/div><\/div>\n<div class=\"col-md-3 col-sm-6 col-xs-12 pt-cv-content-item pt-cv-1-col\"  data-pid=\"858\"><div class='pt-cv-ifield'><a href=\"https:\/\/insightevents.se\/psykiatridagarna\/portfolio-item\/martin-rodholm\/\" class=\"pt-cv-none pt-cv-href-thumbnail pt-cv-thumb-default\" target=\"pt-cv-none\" ><img loading=\"lazy\" decoding=\"async\" width=\"150\" height=\"150\" src=\"https:\/\/insightevents.se\/psykiatridagarna\/wp-content\/uploads\/sites\/15\/2022\/12\/Martin-Rodholm-150x150.png\" class=\"pt-cv-thumbnail img-circle\" alt=\"\" srcset=\"https:\/\/insightevents.se\/psykiatridagarna\/wp-content\/uploads\/sites\/15\/2022\/12\/Martin-Rodholm-150x150.png 150w, https:\/\/insightevents.se\/psykiatridagarna\/wp-content\/uploads\/sites\/15\/2022\/12\/Martin-Rodholm-200x200.png 200w, https:\/\/insightevents.se\/psykiatridagarna\/wp-content\/uploads\/sites\/15\/2022\/12\/Martin-Rodholm.png 250w\" sizes=\"auto, (max-width: 150px) 100vw, 150px\" \/><\/a>\n<h4 class=\"pt-cv-title\"><a href=\"https:\/\/insightevents.se\/psykiatridagarna\/portfolio-item\/martin-rodholm\/\" class=\"pt-cv-none\" target=\"pt-cv-none\" >Martin R\u00f6dholm<\/a><\/h4>\n<div class=\"pt-cv-content\">Specialistl\u00e4kare i psykiatri, Med.dr. Uppdrag psykisk h\u00e4lsa och N\u00e4ra V\u00e5rd SKR<\/div><\/div><\/div>\n<div class=\"col-md-3 col-sm-6 col-xs-12 pt-cv-content-item pt-cv-1-col\"  data-pid=\"861\"><div class='pt-cv-ifield'><a href=\"https:\/\/insightevents.se\/psykiatridagarna\/portfolio-item\/mats-adler\/\" class=\"pt-cv-none pt-cv-href-thumbnail pt-cv-thumb-default\" target=\"pt-cv-none\" ><img loading=\"lazy\" decoding=\"async\" width=\"150\" height=\"150\" src=\"https:\/\/insightevents.se\/psykiatridagarna\/wp-content\/uploads\/sites\/15\/2022\/12\/Mats-Adler-150x150.png\" class=\"pt-cv-thumbnail img-circle\" alt=\"\" srcset=\"https:\/\/insightevents.se\/psykiatridagarna\/wp-content\/uploads\/sites\/15\/2022\/12\/Mats-Adler-150x150.png 150w, https:\/\/insightevents.se\/psykiatridagarna\/wp-content\/uploads\/sites\/15\/2022\/12\/Mats-Adler-200x200.png 200w, https:\/\/insightevents.se\/psykiatridagarna\/wp-content\/uploads\/sites\/15\/2022\/12\/Mats-Adler.png 250w\" sizes=\"auto, (max-width: 150px) 100vw, 150px\" \/><\/a>\n<h4 class=\"pt-cv-title\"><a href=\"https:\/\/insightevents.se\/psykiatridagarna\/portfolio-item\/mats-adler\/\" class=\"pt-cv-none\" target=\"pt-cv-none\" >Mats Adler<\/a><\/h4>\n<div class=\"pt-cv-content\">\u00d6verl\u00e4kare, medicine doktor samt sektionschef och bitr\u00e4dande verksamhetschef vid Psykiatri Sydv\u00e4st, Karolinska Universitetssjukhuset, Stockholm<\/div><\/div><\/div>\n<div class=\"col-md-3 col-sm-6 col-xs-12 pt-cv-content-item pt-cv-1-col\"  data-pid=\"864\"><div class='pt-cv-ifield'><a href=\"https:\/\/insightevents.se\/psykiatridagarna\/portfolio-item\/mats-jansson\/\" class=\"pt-cv-none pt-cv-href-thumbnail pt-cv-thumb-default\" target=\"pt-cv-none\" ><img loading=\"lazy\" decoding=\"async\" width=\"150\" height=\"150\" src=\"https:\/\/insightevents.se\/psykiatridagarna\/wp-content\/uploads\/sites\/15\/2022\/12\/Mats-Jansson-150x150.png\" class=\"pt-cv-thumbnail img-circle\" alt=\"\" srcset=\"https:\/\/insightevents.se\/psykiatridagarna\/wp-content\/uploads\/sites\/15\/2022\/12\/Mats-Jansson-150x150.png 150w, https:\/\/insightevents.se\/psykiatridagarna\/wp-content\/uploads\/sites\/15\/2022\/12\/Mats-Jansson-200x200.png 200w, https:\/\/insightevents.se\/psykiatridagarna\/wp-content\/uploads\/sites\/15\/2022\/12\/Mats-Jansson.png 250w\" sizes=\"auto, (max-width: 150px) 100vw, 150px\" \/><\/a>\n<h4 class=\"pt-cv-title\"><a href=\"https:\/\/insightevents.se\/psykiatridagarna\/portfolio-item\/mats-jansson\/\" class=\"pt-cv-none\" target=\"pt-cv-none\" >Mats Jansson<\/a><\/h4>\n<div class=\"pt-cv-content\">Utredare, Autism Sverige<\/div><\/div><\/div>\n<div class=\"col-md-3 col-sm-6 col-xs-12 pt-cv-content-item pt-cv-1-col\"  data-pid=\"867\"><div class='pt-cv-ifield'><a href=\"https:\/\/insightevents.se\/psykiatridagarna\/portfolio-item\/mats-johnson\/\" class=\"pt-cv-none pt-cv-href-thumbnail pt-cv-thumb-default\" target=\"pt-cv-none\" ><img loading=\"lazy\" decoding=\"async\" width=\"150\" height=\"150\" src=\"https:\/\/insightevents.se\/psykiatridagarna\/wp-content\/uploads\/sites\/15\/2022\/12\/Mats-JohnsoN-150x150.png\" class=\"pt-cv-thumbnail img-circle\" alt=\"\" srcset=\"https:\/\/insightevents.se\/psykiatridagarna\/wp-content\/uploads\/sites\/15\/2022\/12\/Mats-JohnsoN-150x150.png 150w, https:\/\/insightevents.se\/psykiatridagarna\/wp-content\/uploads\/sites\/15\/2022\/12\/Mats-JohnsoN-200x200.png 200w, https:\/\/insightevents.se\/psykiatridagarna\/wp-content\/uploads\/sites\/15\/2022\/12\/Mats-JohnsoN.png 250w\" sizes=\"auto, (max-width: 150px) 100vw, 150px\" \/><\/a>\n<h4 class=\"pt-cv-title\"><a href=\"https:\/\/insightevents.se\/psykiatridagarna\/portfolio-item\/mats-johnson\/\" class=\"pt-cv-none\" target=\"pt-cv-none\" >Mats Johnson<\/a><\/h4>\n<div class=\"pt-cv-content\">MD, Docent\/Associate Professor, Gillbergcentrum\/Gillberg Neuropsychiatry Centre, Sahlgrenska Academy<\/div><\/div><\/div>\n<div class=\"col-md-3 col-sm-6 col-xs-12 pt-cv-content-item pt-cv-1-col\"  data-pid=\"870\"><div class='pt-cv-ifield'><a href=\"https:\/\/insightevents.se\/psykiatridagarna\/portfolio-item\/meni-dragou\/\" class=\"pt-cv-none pt-cv-href-thumbnail pt-cv-thumb-default\" target=\"pt-cv-none\" ><img loading=\"lazy\" decoding=\"async\" width=\"150\" height=\"150\" src=\"https:\/\/insightevents.se\/psykiatridagarna\/wp-content\/uploads\/sites\/15\/2022\/12\/Meni-Dragou-150x150.png\" class=\"pt-cv-thumbnail img-circle\" alt=\"\" srcset=\"https:\/\/insightevents.se\/psykiatridagarna\/wp-content\/uploads\/sites\/15\/2022\/12\/Meni-Dragou-150x150.png 150w, https:\/\/insightevents.se\/psykiatridagarna\/wp-content\/uploads\/sites\/15\/2022\/12\/Meni-Dragou-200x200.png 200w, https:\/\/insightevents.se\/psykiatridagarna\/wp-content\/uploads\/sites\/15\/2022\/12\/Meni-Dragou.png 250w\" sizes=\"auto, (max-width: 150px) 100vw, 150px\" \/><\/a>\n<h4 class=\"pt-cv-title\"><a href=\"https:\/\/insightevents.se\/psykiatridagarna\/portfolio-item\/meni-dragou\/\" class=\"pt-cv-none\" target=\"pt-cv-none\" >Meni Dragou<\/a><\/h4>\n<div class=\"pt-cv-content\">Psykolog och doktorand<\/div><\/div><\/div>\n<div class=\"col-md-3 col-sm-6 col-xs-12 pt-cv-content-item pt-cv-1-col\"  data-pid=\"873\"><div class='pt-cv-ifield'><a href=\"https:\/\/insightevents.se\/psykiatridagarna\/portfolio-item\/ove-ledin\/\" class=\"pt-cv-none pt-cv-href-thumbnail pt-cv-thumb-default\" target=\"pt-cv-none\" ><img loading=\"lazy\" decoding=\"async\" width=\"150\" height=\"150\" src=\"https:\/\/insightevents.se\/psykiatridagarna\/wp-content\/uploads\/sites\/15\/2022\/12\/Ove-Ledin-150x150.png\" class=\"pt-cv-thumbnail img-circle\" alt=\"\" srcset=\"https:\/\/insightevents.se\/psykiatridagarna\/wp-content\/uploads\/sites\/15\/2022\/12\/Ove-Ledin-150x150.png 150w, https:\/\/insightevents.se\/psykiatridagarna\/wp-content\/uploads\/sites\/15\/2022\/12\/Ove-Ledin-200x200.png 200w, https:\/\/insightevents.se\/psykiatridagarna\/wp-content\/uploads\/sites\/15\/2022\/12\/Ove-Ledin.png 250w\" sizes=\"auto, (max-width: 150px) 100vw, 150px\" \/><\/a>\n<h4 class=\"pt-cv-title\"><a href=\"https:\/\/insightevents.se\/psykiatridagarna\/portfolio-item\/ove-ledin\/\" class=\"pt-cv-none\" target=\"pt-cv-none\" >Ove Ledin<\/a><\/h4>\n<div class=\"pt-cv-content\">Handl\u00e4ggare, avdelningen f\u00f6r v\u00e5rd och omsorg p\u00e5 SKR<\/div><\/div><\/div>\n<div class=\"col-md-3 col-sm-6 col-xs-12 pt-cv-content-item pt-cv-1-col\"  data-pid=\"876\"><div class='pt-cv-ifield'><a href=\"https:\/\/insightevents.se\/psykiatridagarna\/portfolio-item\/per-sternbeck\/\" class=\"pt-cv-none pt-cv-href-thumbnail pt-cv-thumb-default\" target=\"pt-cv-none\" ><img loading=\"lazy\" decoding=\"async\" width=\"150\" height=\"150\" src=\"https:\/\/insightevents.se\/psykiatridagarna\/wp-content\/uploads\/sites\/15\/2022\/12\/Per-Sternbeck-150x150.png\" class=\"pt-cv-thumbnail img-circle\" alt=\"\" srcset=\"https:\/\/insightevents.se\/psykiatridagarna\/wp-content\/uploads\/sites\/15\/2022\/12\/Per-Sternbeck-150x150.png 150w, https:\/\/insightevents.se\/psykiatridagarna\/wp-content\/uploads\/sites\/15\/2022\/12\/Per-Sternbeck-200x200.png 200w, https:\/\/insightevents.se\/psykiatridagarna\/wp-content\/uploads\/sites\/15\/2022\/12\/Per-Sternbeck.png 250w\" sizes=\"auto, (max-width: 150px) 100vw, 150px\" \/><\/a>\n<h4 class=\"pt-cv-title\"><a href=\"https:\/\/insightevents.se\/psykiatridagarna\/portfolio-item\/per-sternbeck\/\" class=\"pt-cv-none\" target=\"pt-cv-none\" >Per Sternbeck<\/a><\/h4>\n<div class=\"pt-cv-content\">F\u00f6reningssekreterare\/Socialt ombud f\u00f6r f\u00f6reningen Equal<\/div><\/div><\/div>\n<div class=\"col-md-3 col-sm-6 col-xs-12 pt-cv-content-item pt-cv-1-col\"  data-pid=\"879\"><div class='pt-cv-ifield'><a href=\"https:\/\/insightevents.se\/psykiatridagarna\/portfolio-item\/susanne-olofsdotter\/\" class=\"pt-cv-none pt-cv-href-thumbnail pt-cv-thumb-default\" target=\"pt-cv-none\" ><img loading=\"lazy\" decoding=\"async\" width=\"150\" height=\"150\" src=\"https:\/\/insightevents.se\/psykiatridagarna\/wp-content\/uploads\/sites\/15\/2022\/12\/Susanne-Olofsdotter-150x150.png\" class=\"pt-cv-thumbnail img-circle\" alt=\"\" srcset=\"https:\/\/insightevents.se\/psykiatridagarna\/wp-content\/uploads\/sites\/15\/2022\/12\/Susanne-Olofsdotter-150x150.png 150w, https:\/\/insightevents.se\/psykiatridagarna\/wp-content\/uploads\/sites\/15\/2022\/12\/Susanne-Olofsdotter-200x200.png 200w, https:\/\/insightevents.se\/psykiatridagarna\/wp-content\/uploads\/sites\/15\/2022\/12\/Susanne-Olofsdotter.png 250w\" sizes=\"auto, (max-width: 150px) 100vw, 150px\" \/><\/a>\n<h4 class=\"pt-cv-title\"><a href=\"https:\/\/insightevents.se\/psykiatridagarna\/portfolio-item\/susanne-olofsdotter\/\" class=\"pt-cv-none\" target=\"pt-cv-none\" >Susanne Olofsdotter<\/a><\/h4>\n<div class=\"pt-cv-content\">Med dr, psykolog, specialist i neuropsykologi<\/div><\/div><\/div>\n<div class=\"col-md-3 col-sm-6 col-xs-12 pt-cv-content-item pt-cv-1-col\"  data-pid=\"798\"><div class='pt-cv-ifield'><a href=\"https:\/\/insightevents.se\/psykiatridagarna\/portfolio-item\/sven-eric-alborn\/\" class=\"pt-cv-none pt-cv-href-thumbnail pt-cv-thumb-default\" target=\"pt-cv-none\" ><img loading=\"lazy\" decoding=\"async\" width=\"150\" height=\"150\" src=\"https:\/\/insightevents.se\/psykiatridagarna\/wp-content\/uploads\/sites\/15\/2025\/12\/Sven-Eric-Alborn-150x150.jpg\" class=\"pt-cv-thumbnail img-circle\" alt=\"\" srcset=\"https:\/\/insightevents.se\/psykiatridagarna\/wp-content\/uploads\/sites\/15\/2025\/12\/Sven-Eric-Alborn-150x150.jpg 150w, https:\/\/insightevents.se\/psykiatridagarna\/wp-content\/uploads\/sites\/15\/2025\/12\/Sven-Eric-Alborn-300x300.jpg 300w, https:\/\/insightevents.se\/psykiatridagarna\/wp-content\/uploads\/sites\/15\/2025\/12\/Sven-Eric-Alborn-200x200.jpg 200w, https:\/\/insightevents.se\/psykiatridagarna\/wp-content\/uploads\/sites\/15\/2025\/12\/Sven-Eric-Alborn-e1766065594690.jpg 400w\" sizes=\"auto, (max-width: 150px) 100vw, 150px\" \/><\/a>\n<h4 class=\"pt-cv-title\"><a href=\"https:\/\/insightevents.se\/psykiatridagarna\/portfolio-item\/sven-eric-alborn\/\" class=\"pt-cv-none\" target=\"pt-cv-none\" >Sven-Eric Alborn<\/a><\/h4>\n<div class=\"pt-cv-content\">Leg psykolog, leg psykoterapeut, handledare och utbildare inom socialtj\u00e4nst och sjukv\u00e5rd, med 40 \u00e5rs erfarenhet av behandling, lednings- och organisationsarbete<\/div><\/div><\/div><\/div><\/div><\/div>\t\t\t<style type=\"text\/css\" id=\"pt-cv-inline-style-8f23f6992o\">#pt-cv-view-6f541c7p13 .pt-cv-mask  { background: rgba(51,51,51,.8) !important; }\n#pt-cv-view-6f541c7p13 .pt-cv-carousel-caption  { background: rgba(51,51,51,.8) !important; }\n#pt-cv-view-6f541c7p13 .pt-cv-specialp * { font-weight: 600 !important; font-size: 13px !important; color: #fff !important; background: #CC3333 !important; }\n#pt-cv-view-6f541c7p13 .pt-cv-pficon  { color: #bbb !important; }\n#pt-cv-view-6f541c7p13  .add_to_cart_button, #pt-cv-view-6f541c7p13  .add_to_cart_button *   { color: #ffffff !important; background: #00aeef !important; }\n#pt-cv-view-6f541c7p13  .woocommerce-onsale   { color: #ffffff !important; background: #ff5a5f !important; }\n#pt-cv-view-6f541c7p13 .pt-cv-readmore  { color: #ffffff !important; background: #0b0072 !important; }\n#pt-cv-view-6f541c7p13  + .pt-cv-pagination-wrapper .pt-cv-more , #pt-cv-view-6f541c7p13  + .pt-cv-pagination-wrapper .pagination .active a { color: #ffffff !important; background: #00aeef !important; }\n#pt-cv-view-6f541c7p13 .pt-cv-gls-header  { background: #00aeef !important; }\n#pt-cv-view-6f541c7p13 .pt-cv-tao  { font-size: 20px !important; }\n#pt-cv-view-6f541c7p13 { text-align: center; }<\/style>\r\n\t\t\t[\/vc_column_text][\/vc_column][\/vc_row]<\/p>\n<\/div>","protected":false},"excerpt":{"rendered":"<p>[vc_row css=&#8221;.vc_custom_1680697246318{padding-top: 30px !important;padding-bottom: 30px !important;}&#8221;][vc_column][vc_custom_heading text=&#8221;Talare 2026&#8243; font_container=&#8221;tag:h1|text_align:center|color:%23e4008a&#8221; google_fonts=&#8221;font_family:Roboto%3A100%2C100italic%2C300%2C300italic%2Cregular%2Citalic%2C500%2C500italic%2C700%2C700italic%2C900%2C900italic|font_style:500%20bold%20regular%3A500%3Anormal&#8221; css=&#8221;.vc_custom_1766072558887{padding-bottom: 20px !important;}&#8221;][\/vc_column][\/vc_row][vc_row css=&#8221;.vc_custom_1680697246318{padding-top: 30px !important;padding-bottom: 30px !important;}&#8221;][vc_column width=&#8221;1\/4&#8243;][vc_column_text][\/vc_column_text][\/vc_column][vc_column width=&#8221;1\/4&#8243;][vc_column_text][\/vc_column_text][\/vc_column][vc_column width=&#8221;1\/4&#8243;][vc_column_text][\/vc_column_text][\/vc_column][vc_column width=&#8221;1\/4&#8243;][vc_column_text][\/vc_column_text][\/vc_column][\/vc_row][vc_row css=&#8221;.vc_custom_1680697246318{padding-top: 30px !important;padding-bottom: 30px !important;}&#8221;][vc_column width=&#8221;1\/4&#8243;][vc_column_text][\/vc_column_text][\/vc_column][vc_column width=&#8221;1\/4&#8243;][vc_column_text][\/vc_column_text][\/vc_column][vc_column width=&#8221;1\/4&#8243;][vc_column_text][\/vc_column_text][\/vc_column][vc_column width=&#8221;1\/4&#8243;][vc_column_text][\/vc_column_text][\/vc_column][\/vc_row][vc_row css=&#8221;.vc_custom_1680697246318{padding-top: 30px !important;padding-bottom: 30px !important;}&#8221;][vc_column width=&#8221;1\/4&#8243;][vc_column_text][\/vc_column_text][\/vc_column][vc_column width=&#8221;1\/4&#8243;][vc_column_text][\/vc_column_text][\/vc_column][vc_column width=&#8221;1\/4&#8243;][vc_column_text][\/vc_column_text][\/vc_column][vc_column width=&#8221;1\/4&#8243;][vc_column_text][\/vc_column_text][\/vc_column][\/vc_row][vc_row css=&#8221;.vc_custom_1680697246318{padding-top: 30px !important;padding-bottom: 30px !important;}&#8221;][vc_column width=&#8221;1\/4&#8243;][vc_column_text][\/vc_column_text][\/vc_column][vc_column width=&#8221;1\/4&#8243;][vc_column_text][\/vc_column_text][\/vc_column][vc_column width=&#8221;1\/4&#8243;][vc_column_text][\/vc_column_text][\/vc_column][vc_column width=&#8221;1\/4&#8243;][vc_column_text][\/vc_column_text][\/vc_column][\/vc_row][vc_row css=&#8221;.vc_custom_1680697246318{padding-top: 30px !important;padding-bottom: 30px !important;}&#8221;][vc_column width=&#8221;1\/4&#8243;][vc_column_text][\/vc_column_text][\/vc_column][vc_column [&hellip;]<\/p>\n","protected":false},"author":1,"featured_media":0,"parent":0,"menu_order":0,"comment_status":"closed","ping_status":"closed","template":"","meta":{"_acf_changed":false,"footnotes":""},"class_list":["post-127","page","type-page","status-publish","hentry"],"acf":[],"yoast_head":"<!-- This site is optimized with the Yoast SEO plugin v27.3 - https:\/\/yoast.com\/product\/yoast-seo-wordpress\/ -->\n<title>Talare Psykiatridagarna - Psykiatridagarna<\/title>\n<meta name=\"description\" content=\"Vi \u00e4r stolta att presentera talarlistan f\u00f6r psykiatridagarna i Stockholm\" \/>\n<meta name=\"robots\" content=\"index, follow, max-snippet:-1, max-image-preview:large, max-video-preview:-1\" \/>\n<link rel=\"canonical\" href=\"https:\/\/insightevents.se\/psykiatridagarna\/talare-2\/\" \/>\n<meta property=\"og:locale\" content=\"sv_SE\" \/>\n<meta property=\"og:type\" content=\"article\" \/>\n<meta property=\"og:title\" content=\"Talare Psykiatridagarna - Psykiatridagarna\" \/>\n<meta property=\"og:description\" content=\"Vi \u00e4r stolta att presentera talarlistan f\u00f6r psykiatridagarna i Stockholm\" \/>\n<meta property=\"og:url\" content=\"https:\/\/insightevents.se\/psykiatridagarna\/talare-2\/\" \/>\n<meta property=\"og:site_name\" content=\"Psykiatridagarna\" \/>\n<meta property=\"article:modified_time\" content=\"2026-03-18T07:28:30+00:00\" \/>\n<meta name=\"twitter:card\" content=\"summary_large_image\" \/>\n<meta name=\"twitter:label1\" content=\"Ber\u00e4knad l\u00e4stid\" \/>\n\t<meta name=\"twitter:data1\" content=\"10 minuter\" \/>\n<script type=\"application\/ld+json\" class=\"yoast-schema-graph\">{\"@context\":\"https:\\\/\\\/schema.org\",\"@graph\":[{\"@type\":\"WebPage\",\"@id\":\"https:\\\/\\\/insightevents.se\\\/psykiatridagarna\\\/talare-2\\\/\",\"url\":\"https:\\\/\\\/insightevents.se\\\/psykiatridagarna\\\/talare-2\\\/\",\"name\":\"Talare Psykiatridagarna - Psykiatridagarna\",\"isPartOf\":{\"@id\":\"https:\\\/\\\/insightevents.se\\\/psykiatridagarna\\\/#website\"},\"datePublished\":\"2017-12-14T09:00:15+00:00\",\"dateModified\":\"2026-03-18T07:28:30+00:00\",\"description\":\"Vi \u00e4r stolta att presentera talarlistan f\u00f6r psykiatridagarna i Stockholm\",\"breadcrumb\":{\"@id\":\"https:\\\/\\\/insightevents.se\\\/psykiatridagarna\\\/talare-2\\\/#breadcrumb\"},\"inLanguage\":\"sv-SE\",\"potentialAction\":[{\"@type\":\"ReadAction\",\"target\":[\"https:\\\/\\\/insightevents.se\\\/psykiatridagarna\\\/talare-2\\\/\"]}]},{\"@type\":\"BreadcrumbList\",\"@id\":\"https:\\\/\\\/insightevents.se\\\/psykiatridagarna\\\/talare-2\\\/#breadcrumb\",\"itemListElement\":[{\"@type\":\"ListItem\",\"position\":1,\"name\":\"Hem\",\"item\":\"https:\\\/\\\/insightevents.se\\\/psykiatridagarna\\\/\"},{\"@type\":\"ListItem\",\"position\":2,\"name\":\"Talare Psykiatridagarna\"}]},{\"@type\":\"WebSite\",\"@id\":\"https:\\\/\\\/insightevents.se\\\/psykiatridagarna\\\/#website\",\"url\":\"https:\\\/\\\/insightevents.se\\\/psykiatridagarna\\\/\",\"name\":\"Psykiatridagarna\",\"description\":\"En till Insight Events Sweden Websites webbplats\",\"potentialAction\":[{\"@type\":\"SearchAction\",\"target\":{\"@type\":\"EntryPoint\",\"urlTemplate\":\"https:\\\/\\\/insightevents.se\\\/psykiatridagarna\\\/?s={search_term_string}\"},\"query-input\":{\"@type\":\"PropertyValueSpecification\",\"valueRequired\":true,\"valueName\":\"search_term_string\"}}],\"inLanguage\":\"sv-SE\"}]}<\/script>\n<!-- \/ Yoast SEO plugin. -->","yoast_head_json":{"title":"Talare Psykiatridagarna - Psykiatridagarna","description":"Vi \u00e4r stolta att presentera talarlistan f\u00f6r psykiatridagarna i Stockholm","robots":{"index":"index","follow":"follow","max-snippet":"max-snippet:-1","max-image-preview":"max-image-preview:large","max-video-preview":"max-video-preview:-1"},"canonical":"https:\/\/insightevents.se\/psykiatridagarna\/talare-2\/","og_locale":"sv_SE","og_type":"article","og_title":"Talare Psykiatridagarna - Psykiatridagarna","og_description":"Vi \u00e4r stolta att presentera talarlistan f\u00f6r psykiatridagarna i Stockholm","og_url":"https:\/\/insightevents.se\/psykiatridagarna\/talare-2\/","og_site_name":"Psykiatridagarna","article_modified_time":"2026-03-18T07:28:30+00:00","twitter_card":"summary_large_image","twitter_misc":{"Ber\u00e4knad l\u00e4stid":"10 minuter"},"schema":{"@context":"https:\/\/schema.org","@graph":[{"@type":"WebPage","@id":"https:\/\/insightevents.se\/psykiatridagarna\/talare-2\/","url":"https:\/\/insightevents.se\/psykiatridagarna\/talare-2\/","name":"Talare Psykiatridagarna - Psykiatridagarna","isPartOf":{"@id":"https:\/\/insightevents.se\/psykiatridagarna\/#website"},"datePublished":"2017-12-14T09:00:15+00:00","dateModified":"2026-03-18T07:28:30+00:00","description":"Vi \u00e4r stolta att presentera talarlistan f\u00f6r psykiatridagarna i Stockholm","breadcrumb":{"@id":"https:\/\/insightevents.se\/psykiatridagarna\/talare-2\/#breadcrumb"},"inLanguage":"sv-SE","potentialAction":[{"@type":"ReadAction","target":["https:\/\/insightevents.se\/psykiatridagarna\/talare-2\/"]}]},{"@type":"BreadcrumbList","@id":"https:\/\/insightevents.se\/psykiatridagarna\/talare-2\/#breadcrumb","itemListElement":[{"@type":"ListItem","position":1,"name":"Hem","item":"https:\/\/insightevents.se\/psykiatridagarna\/"},{"@type":"ListItem","position":2,"name":"Talare Psykiatridagarna"}]},{"@type":"WebSite","@id":"https:\/\/insightevents.se\/psykiatridagarna\/#website","url":"https:\/\/insightevents.se\/psykiatridagarna\/","name":"Psykiatridagarna","description":"En till Insight Events Sweden Websites webbplats","potentialAction":[{"@type":"SearchAction","target":{"@type":"EntryPoint","urlTemplate":"https:\/\/insightevents.se\/psykiatridagarna\/?s={search_term_string}"},"query-input":{"@type":"PropertyValueSpecification","valueRequired":true,"valueName":"search_term_string"}}],"inLanguage":"sv-SE"}]}},"_links":{"self":[{"href":"https:\/\/insightevents.se\/psykiatridagarna\/wp-json\/wp\/v2\/pages\/127","targetHints":{"allow":["GET"]}}],"collection":[{"href":"https:\/\/insightevents.se\/psykiatridagarna\/wp-json\/wp\/v2\/pages"}],"about":[{"href":"https:\/\/insightevents.se\/psykiatridagarna\/wp-json\/wp\/v2\/types\/page"}],"author":[{"embeddable":true,"href":"https:\/\/insightevents.se\/psykiatridagarna\/wp-json\/wp\/v2\/users\/1"}],"replies":[{"embeddable":true,"href":"https:\/\/insightevents.se\/psykiatridagarna\/wp-json\/wp\/v2\/comments?post=127"}],"version-history":[{"count":91,"href":"https:\/\/insightevents.se\/psykiatridagarna\/wp-json\/wp\/v2\/pages\/127\/revisions"}],"predecessor-version":[{"id":1330,"href":"https:\/\/insightevents.se\/psykiatridagarna\/wp-json\/wp\/v2\/pages\/127\/revisions\/1330"}],"wp:attachment":[{"href":"https:\/\/insightevents.se\/psykiatridagarna\/wp-json\/wp\/v2\/media?parent=127"}],"curies":[{"name":"wp","href":"https:\/\/api.w.org\/{rel}","templated":true}]}}