{"id":104,"date":"2017-10-17T09:45:01","date_gmt":"2017-10-17T07:45:01","guid":{"rendered":"https:\/\/insightevents.se\/sarbehandlingssymposium\/?page_id=104"},"modified":"2026-04-15T14:53:42","modified_gmt":"2026-04-15T12:53:42","slug":"program-detalj","status":"publish","type":"page","link":"https:\/\/insightevents.se\/sarbehandlingssymposium\/program-detalj\/","title":{"rendered":"Program"},"content":{"rendered":"<div class=\"wpb-content-wrapper\"><p>[vc_row][vc_column][vc_empty_space]<div class=\"wpb_content_element \"><style type=\"text\/css\">#ut_header_69f0b51c96d31 h2.section-title { font-size:48px !important;line-height:58px !important; }<\/style><header id=\"ut_header_69f0b51c96d31\" class=\"section-header  ut-no-title-linebreak-mobile ut-no-lead-linebreak-mobile pt-style-2 header-left header-tablet-left header-mobile-center element-with-custom-line-height\"><div class=\"element-with-custom-line-height\" ><h2 data-title=\"Program 2026\"  data-responsive-font=\"section_title\" data-responsive-font-settings=\"{&quot;base-font-size&quot;:&quot;global&quot;,&quot;font-size&quot;:{&quot;desktop_large&quot;:&quot;48&quot;},&quot;base-line-height&quot;:&quot;global&quot;,&quot;line-height&quot;:{&quot;desktop_large&quot;:&quot;58&quot;},&quot;base-letter-spacing&quot;:&quot;global&quot;}\" class=\"section-title  \"><span>Program 2026<\/span><\/h2><\/div><\/header><\/div>[\/vc_column][\/vc_row][vc_row disable_element=&#8221;yes&#8221;][vc_column width=&#8221;1\/2&#8243;][vc_column_text]<\/p>\n<h1>Onsdag 16 september<\/h1>\n<p><strong>\u00a0<\/strong><strong>S\u00e5rl\u00e4kningsprocessen &#8211; f\u00f6rband och s\u00e5rl\u00e4kningsfaser<\/strong><\/p>\n<ul>\n<li>S\u00e5rl\u00e4kningsprocessens faser<\/li>\n<li>En \u00f6versikt: Vilka f\u00f6rbandsgrupper ska vi anv\u00e4nda i de olika s\u00e5rl\u00e4kningsfaserna och varf\u00f6r?<\/li>\n<li>Vad spelar f\u00f6rbandet och produkten f\u00f6r roll?<\/li>\n<\/ul>\n<p><strong>\u00a0<\/strong><\/p>\n<p><strong>Kostnader f\u00f6renade med s\u00e5rbehandling, vad f\u00e5r det egentligen kosta?<\/strong><\/p>\n<ul>\n<li>Behandlingspris eller styckepris \u2013 hur t\u00e4nker vi?<\/li>\n<li>Personalkostnad vs f\u00f6rbandskostnad?<\/li>\n<li>Patientens livskvalitet<\/li>\n<li>Personcentrerad omv\u00e5rdnad<\/li>\n<li>Egenv\u00e5rd<\/li>\n<\/ul>\n<p><strong>\u00a0<\/strong><\/p>\n<p><strong>Basbed\u00f6mning \u2013 sm\u00e4rtanalys, infektioner, och v\u00e5rdf\u00f6rlopp! <\/strong><\/p>\n<ul>\n<li>Sm\u00e4rtanalys och tecken p\u00e5 infektion \u2013 vad \u00e4r det vi bed\u00f6mer?<\/li>\n<li>Sm\u00e4rtanalys \u2013 vilka fr\u00e5gor ska vi st\u00e4lla till patienten?<\/li>\n<li>S\u00e5rinfektion \u2013 vilka symtom ska vi reagera p\u00e5?<\/li>\n<li>RiksS\u00e5r och basbed\u00f6mning. \u2013 att t\u00e4nka p\u00e5 i v\u00e5rdf\u00f6rlopp och v\u00e5rdprogram<\/li>\n<\/ul>\n<p>&nbsp;<\/p>\n<p><strong>De vanligaste s\u00e5rdiagnoserna \u2013 utredning och behandling<\/strong><\/p>\n<ul>\n<li>Vart sitter dessa s\u00e5r och vad k\u00e4nnetecknar dem?<\/li>\n<li>NPWT och undertrycksbehandling vid behandling av s\u00e5r \u2013 vilka s\u00e5r l\u00e4ker bra med NPWT?<\/li>\n<li>S\u00e4kerhetsfr\u00e5gor, vad m\u00e5ste vi veta och kunna s\u00e5 det inte g\u00e5r fel?<\/li>\n<li>Hur vet vi att det fungerar och vad \u00e4r det som ska fungera?<\/li>\n<li>Hur fungerar undertrycksbehandling i kombination med kompression?<\/li>\n<\/ul>\n<p><em>\u00a0<\/em><\/p>\n<p><strong>Basbehandling med fokus p\u00e5 s\u00e5r som sm\u00e4rtar och infekterade s\u00e5r &#8211; behandling av sm\u00e4rta och infektion<\/strong><\/p>\n<ul>\n<li>RiksS\u00e5r och basbehandling. Att t\u00e4nka p\u00e5 i v\u00e5rdf\u00f6rloppet och v\u00e5rdprogrammet.<\/li>\n<li>Den lokala bed\u00f6mningen, viktigt att t\u00e4nka p\u00e5<\/li>\n<li>Att reng\u00f6ra ett sm\u00e4rtande s\u00e5r \u2013 \u00f6verv\u00e4gandet och praktiska tips<\/li>\n<li>Vilka behandlingar finns att tillg\u00e5?<\/li>\n<li>Ett etiskt och varmt omh\u00e4ndertagande \u2013 en viktig del i sm\u00e4rtlindringen<\/li>\n<\/ul>\n<p><em>\u00a0<\/em><\/p>\n<p><strong>Vi utser \u00c5rets S\u00e5rteam\/ s\u00e5r\u00e5tg\u00e4rd &#8211; vinnaren presenteras! <\/strong><\/p>\n<p><strong>Behandling f\u00f6r olika s\u00e5rdiagnoser med fokus p\u00e5 kompressionsbehandling och undantag<\/strong><\/p>\n<ul>\n<li>De viktiga undantagen d\u00e5 ej kompression ska anv\u00e4ndas och varf\u00f6r<\/li>\n<li>Effektiv kompressionsbehandling vid bl a: ven\u00f6sa bens\u00e5r, fots\u00e5r och traumatiska s\u00e5r<\/li>\n<li>Olika typer av strumpor, bindor, pumpar och flerlagerbandage, vad som v\u00e4ljas n\u00e4r och hur?<\/li>\n<li>Patientcase i interaktion med publiken! S\u00e5 behandlar och lindar vi utifr\u00e5n tillst\u00e5nd!<\/li>\n<\/ul>\n<p><strong>\u00a0Erfarenheter fr\u00e5n s\u00e5r-verkligheten<\/strong><\/p>\n<p><strong>\u00a0<\/strong><\/p>\n<p><strong>Maligna tum\u00f6rs\u00e5r och skador i hud uppkomna av str\u00e5lbehandling\u2013 effektiv omv\u00e5rdnad och behandling<\/strong><\/p>\n<ul>\n<li>Introduktion till maligna tum\u00f6rs\u00e5r, hur definieras de?<\/li>\n<li>Upplevelser av tum\u00f6rs\u00e5r. Patientens, n\u00e4rst\u00e5endes och sjuksk\u00f6terskans perspektiv -varf\u00f6r luktar det och hur kan vi behandla det?<\/li>\n<li>Behandlingsprincipernas viktiga steg, praktisk genomg\u00e5ng<\/li>\n<li>Nya eller f\u00f6rb\u00e4ttrade behandlingsmetoder. Hudbiverkan av str\u00e5lbehandling \u2013 vad beh\u00f6ver vi behandla och hur?<\/li>\n<li>\u201dBest practice\u201d i bed\u00f6mning och behandling av s\u00e5rrelaterade symtom: Riktlinjer fr\u00e5n regionalt v\u00e5rdprogram och European Oncology Nursing (EONS) och andra uppdateringar<\/li>\n<li>Patientcase i interaktion med publiken \u2013 hur skulle ni g\u00f6ra i denna situation?<\/li>\n<\/ul>\n<p><em>\u00a0<\/em><\/p>\n<p><strong><em>Bland talarna: <\/em><\/strong><\/p>\n<p><em><strong>Susanne Dufva,<\/strong> fil. Kand. Specialistsjuksk\u00f6terska och s\u00e5ransvarig inom onkologisk v\u00e5rd, Tema Cancer, Huvud- hals- lung- och hudcancermottagningen, Karolinska Universitetssjukhuset Solna<\/em><\/p>\n<p><em>Ordf\u00f6rande i S\u00e5rsjuksk\u00f6terskor i Sverige, SSiS sedan 2009.<\/em><\/p>\n<p><em><strong>Liselott Sahlberg,<\/strong> fil. Mag. Specialistsjuksk\u00f6terska och s\u00e5ransvarig inom onkologisk v\u00e5rd, Tema Cancer, Huvud- hals- lung- och hudcancermottagningen, Karolinska Universitetssjukhuset Solna<\/em><\/p>\n<p><em><strong>Maria Bostr\u00f6m,<\/strong> distriktssk\u00f6terska, registerh\u00e5llare f\u00f6r RiksS\u00e5r och verksamhetsutvecklare inom omr\u00e5det s\u00e5r och s\u00e5rbehandling med inriktning mot prim\u00e4rv\u00e5rd i Region Kronoberg.<\/em><\/p>\n<p><em><strong>Hanna Wickstr\u00f6m,<\/strong> specialist i allm\u00e4nmedicin och arbetar sedan m\u00e5nga \u00e5r tillbaka p\u00e5 S\u00e5rcentrum i region Blekinge. Sedan 2022 \u00e4r Hanna ordf\u00f6rande i RiksS\u00e5rs styrgrupp och hon har \u00e4ven suttit med i nationella expertgrupper som tagit fram de nationella v\u00e5rdf\u00f6rloppen; sv\u00e5rl\u00e4kta s\u00e5r, ven\u00f6s insufficiens i benen \u2013 varicer och ven\u00f6sa bens\u00e5r samt kritisk benischemi. Hanna \u00e4r knuten till Lunds universitet d\u00e4r hon forskar inom sv\u00e5rl\u00e4kta s\u00e5r och e-h\u00e4lsa, med idag flertalet internationella publikationer. S\u00e5rcentrum Region Blekinge, Ordf RiksS\u00e5rs styrgrupp<\/em><\/p>\n<p><em>Mfl. <\/em>[\/vc_column_text][\/vc_column][vc_column width=&#8221;1\/2&#8243;][vc_column_text]<\/p>\n<h1>Torsdag 17 september<\/h1>\n<p><strong>Kirurgiska s\u00e5r och traumatiska s\u00e5rskador<\/strong><\/p>\n<ul>\n<li>olika s\u00e5rtyper, olika behandling!<\/li>\n<li>nyt\u00e4nkande kring postoperativ s\u00e5rbehandling \u2013 val av f\u00f6rband<\/li>\n<\/ul>\n<p><strong>\u00a0<\/strong><\/p>\n<p><strong>Hudbed\u00f6mning vid hudskada, m\u00e4tning av s\u00e5r samt behandling av olika s\u00e5r p\u00e5 olika hudtoner, hudfliksskador, MASD mm!<\/strong><\/p>\n<p>Hudtypen spelar ingen roll f\u00f6r l\u00e4kning men sv\u00e5righetsgrad f\u00f6r bed\u00f6mning och hudbehandling kan skilja mellan ljus och m\u00f6rk\/melaninrik hud<\/p>\n<ul>\n<li>Hudskador av medicinska tejpprodukter (MARSI)<\/li>\n<li>Hudfliksskada<\/li>\n<li>Trycks\u00e5r<\/li>\n<li>MASD\/ IAD<\/li>\n<\/ul>\n<p>&#8211; Fuktskadad hud f\u00f6rv\u00e4xlas ofta med trycks\u00e5r \u2013 risk f\u00f6r felbehandling<\/p>\n<p>&#8211; Problem med MASD och svampinfektioner \u00f6kar med \u00e5ldern och vid antibiotikabehandling \u2013 s\u00e5 f\u00f6rebygger vi det<\/p>\n<ul>\n<li>Br\u00e4nnskada<\/li>\n<li>Pilonidalt sinus<\/li>\n<li>Sv\u00e5rl\u00e4kta operationss\u00e5r<\/li>\n<li>\u00c4rrbildning med keloid<\/li>\n<li>Patientfall fr\u00e5n b\u00e5de Sverige och Botswana<\/li>\n<\/ul>\n<p>&nbsp;<\/p>\n<p><strong>Trycks\u00e5r \u2013 hur kan vi f\u00f6rebygga och behandla med helhetssyn?<\/strong><\/p>\n<p>En trycks\u00e5rspatient \u00e4r inte n\u00f6dv\u00e4ndigtvis en \u00e4ldre undern\u00e4rd s\u00e4ngliggande person. Tv\u00e4rtom! Enligt statistik fr\u00e5n RiksS\u00e5r s\u00e5 \u00e4r endast 7% s\u00e4ngliggande och 51% \u00e4r rullstolsburna, vilket inneb\u00e4r att personer i alla \u00e5ldrar kan vara h\u00f6griskpatienter f\u00f6r att utveckla trycks\u00e5r b\u00e5de i hemmilj\u00f6 och p\u00e5 sjukhus\/boende.<\/p>\n<ul>\n<li>Nationella riktlinjer, v\u00e5rdprogram Sv\u00e5rl\u00e4kta s\u00e5r runt trycks\u00e5r och nutrition<\/li>\n<li>Helhetst\u00e4nk beh\u00f6vs f\u00f6r att f\u00f6rebygga och behandla trycks\u00e5r och fuktskadad hud!<\/li>\n<li>S\u00e5rbehandlingen m\u00e5ste innefatta b\u00e5de modern f\u00f6rbandsteknik och frekvens samt kontroll av toalettrutiner, inkontinenshj\u00e4lpmedel, hj\u00e4lpmedel, sittanalys, sittrestriktioner, f\u00f6rflyttningsteknik och utbildning.<\/li>\n<li>Behovet av ett multiprofessionellt teamarbete med en delaktig patient och behandlare<\/li>\n<li>Fallbeskrivningar<\/li>\n<\/ul>\n<p><strong>\u00a0<\/strong><\/p>\n<p><strong>Atypiska s\u00e5r \u2013 upp\u00e5t 20 % av alla s\u00e5r!<\/strong><\/p>\n<ul>\n<li>ca 20% utg\u00f6rs av atypiska s\u00e5r, hur urskiljer man dem<\/li>\n<li>att l\u00e4ka atypiska s\u00e5r, effektiv omv\u00e5rdnad och behandling<\/li>\n<\/ul>\n<p>&nbsp;<\/p>\n<p><strong>Att starta s\u00e5rmottagning och s\u00e5rteam, case Boxholm!<\/strong><\/p>\n<ul>\n<li>F\u00f6rberedelser, fl\u00f6den och teamet!<\/li>\n<\/ul>\n<p><strong>\u00a0<\/strong><\/p>\n<p><strong>Diabetesf\u00f6tter \u2013 i behov av extra s\u00e5rv\u00e5rd, omv\u00e5rdnad f\u00f6r att undvika komplikationer!<\/strong><\/p>\n<ul>\n<li>Att t\u00e4nka p\u00e5 grundl\u00e4ggande, egenv\u00e5rd<\/li>\n<li>Regionala riktlinjer \u2013 s\u00e4rskilda aspekter att lyfta kopplat till v\u00e5rt praktiska arbete<\/li>\n<li>F\u00f6rebyggande s\u00e5rv\u00e5rd, vad \u00e4r viktigt att t\u00e4nka p\u00e5?<\/li>\n<li>Fots\u00e5r och omv\u00e5rdnad<\/li>\n<li>Praktisk debridering av diabetesf\u00f6tter<\/li>\n<li>F\u00f6rband och behandling specifikt f\u00f6r diabetes<\/li>\n<\/ul>\n<p><strong>Bland talarna<\/strong>:<\/p>\n<p><em><strong>Madeleine Stenius,<\/strong> utbildningsansvarig, s\u00e5rkonsult, undersk\u00f6terska, Aleris Rehab Station Academy<\/em><\/p>\n<p><em><strong>Carin Bergfeldt,<\/strong> Leg arbetsterapeut, Aleris Rehab Station, Spinala teamet samt utbildare inom Rehab Station Academy. Medf\u00f6rfattare till 2 foldrar f\u00f6r HI om Hj\u00e4lpmedel f\u00f6r personer med sv\u00e5r \u00f6vervikt &amp; Funktionell utv\u00e4rdering av hj\u00e4lpmedel f\u00f6r personer med sv\u00e5r \u00f6vervikt.<\/em><\/p>\n<p><em><strong>Zandra Gjers,<\/strong> medicinsk fotterapeut p\u00e5 diabetesmottagningen p\u00e5 Norra \u00c4lvsborgs l\u00e4nssjukhus i Trollh\u00e4ttan med specialitet diabetesf\u00f6tter och fots\u00e5r<\/em><\/p>\n<p><span data-teams=\"true\"><i><strong>Anna Carlsson,<\/strong> distriktssk\u00f6terska Boxholm v\u00e5rdcentral<\/i><\/span><\/p>\n<p><em>mfl<\/em>[\/vc_column_text][\/vc_column][\/vc_row][vc_row][vc_column][vc_column_text]<em>S\u00e5rbehandlingssymposium f\u00f6ljer Swedish Medtechs regler f\u00f6r samverkan<\/em><\/p>\n<p style=\"text-align: left;\"><div class=\"ut-one-half  \">\n<!-- the tabs --><ul class=\"ut-nav-tabs clearfix\"><li class=\"active\"><a href=\"#t1Tab\" data-toggle=\"tab\">PROGRAM DAG 1<\/a><\/li>\n<li ><a href=\"#t2Tab\" data-toggle=\"tab\">PROGRAM DAG 2<\/a><\/li><\/ul>\n<!-- tab \"panes\" --><div class=\"ut-tab-content entry-content clearfix\"><div class=\"tab-pane active  clearfix\" id=\"t1Tab\">\n<h2 style=\"text-align: left;\">PROGRAM DAG 1 &#8211; ONSDAG 16 SEPTEMBER<\/h2>\n<p>&nbsp;<\/p>\n<p style=\"text-align: left;\">\n<table id=\"tablepress-1\" class=\"tablepress tablepress-id-1\">\n<tbody>\n<tr class=\"row-1\">\n\t<td class=\"column-1\"><strong>08:00<\/strong><\/td><td class=\"column-2\"><strong>Registrering och morgonkaffe<\/strong><\/td>\n<\/tr>\n<tr class=\"row-2\">\n\t<td class=\"column-1\"><strong>08:30<\/strong><\/td><td class=\"column-2\"><strong>S\u00e5rl\u00e4kningsprocessen - f\u00f6rband och s\u00e5rl\u00e4kningsfaser<\/strong><br \/>\n<br \/>\n\u2022 S\u00e5rl\u00e4kningsprocessens faser<br \/>\n\u2022 En \u00f6versikt: Vilka f\u00f6rbandsgrupper ska vi anv\u00e4nda i de olika s\u00e5rl\u00e4kningsfaserna och varf\u00f6r?<br \/>\n\u2022 Vad spelar f\u00f6rbandet och produkten f\u00f6r roll?<br \/>\n<br \/>\nKostnader f\u00f6renade med s\u00e5rbehandling, vad f\u00e5r det egentligen kosta?<br \/>\n\u2022 Behandlingspris eller styckepris \u2013 hur t\u00e4nker vi?<br \/>\n\u2022 Personalkostnad vs f\u00f6rbandskostnad?<br \/>\n\u2022 Patientens livskvalitet<br \/>\n\u2022 Personcentrerad omv\u00e5rdnad<br \/>\n\u2022 Egenv\u00e5rd<br \/>\n<br \/>\n<i><strong>Susanne Dufva,<\/strong> fil. Kand. Specialistsjuksk\u00f6terska och s\u00e5ransvarig inom onkologisk v\u00e5rd, Tema Cancer, Huvud- hals- lung- och hudcancermottagningen, Karolinska Universitetssjukhuset Solna. Ordf\u00f6rande i S\u00e5rsjuksk\u00f6terskor i Sverige, SSiS sedan 2009.<\/i><\/td>\n<\/tr>\n<tr class=\"row-3\">\n\t<td class=\"column-1\"><strong>09:40  <\/strong><\/td><td class=\"column-2\"><strong>F\u00f6rmiddagskaffe <\/strong><\/td>\n<\/tr>\n<tr class=\"row-4\">\n\t<td class=\"column-1\"><strong>10:10<\/strong><\/td><td class=\"column-2\"><strong>Basbed\u00f6mning \u2013 sm\u00e4rtanalys, infektioner, och v\u00e5rdf\u00f6rlopp! <\/strong><br \/>\n<br \/>\n\u2022 Sm\u00e4rtanalys och tecken p\u00e5 infektion \u2013 vad \u00e4r det vi bed\u00f6mer?<br \/>\n\u2022 Sm\u00e4rtanalys \u2013 vilka fr\u00e5gor ska vi st\u00e4lla till patienten?<br \/>\n\u2022 S\u00e5rinfektion \u2013 vilka symtom ska vi reagera p\u00e5?<br \/>\n\u2022 RiksS\u00e5r och basbed\u00f6mning. \u2013 att t\u00e4nka p\u00e5 i v\u00e5rdf\u00f6rlopp och v\u00e5rdprogram<br \/>\n<br \/>\n<i><strong>Maria Bostr\u00f6m,<\/strong> distriktssk\u00f6terska, registerh\u00e5llare f\u00f6r RiksS\u00e5r och verksamhetsutvecklare inom omr\u00e5det s\u00e5r och s\u00e5rbehandling med inriktning mot prim\u00e4rv\u00e5rd i Region Kronoberg.<br \/>\n<strong>Hanna Wickstr\u00f6m, <\/strong>specialist i allm\u00e4nmedicin och arbetar sedan m\u00e5nga \u00e5r tillbaka p\u00e5 S\u00e5rcentrum i Region Blekinge. Sedan 2022 \u00e4r Hanna ordf\u00f6rande i RiksS\u00e5rs styrgrupp och hon har \u00e4ven suttit med i nationella expertgrupper som tagit fram de nationella v\u00e5rdf\u00f6rloppen; sv\u00e5rl\u00e4kta s\u00e5r, ven\u00f6s insufficiens i benen \u2013 varicer och ven\u00f6sa bens\u00e5r samt kritisk benischemi. Hanna \u00e4r knuten till Lunds universitet d\u00e4r hon forskar inom sv\u00e5rl\u00e4kta s\u00e5r och e-h\u00e4lsa, med idag flertalet internationella publikationer. S\u00e5rcentrum Region Blekinge samt RiksS\u00e5rs styrgrupp<\/i><\/td>\n<\/tr>\n<tr class=\"row-5\">\n\t<td class=\"column-1\"><strong>10:50<\/strong><\/td><td class=\"column-2\"><strong>De vanligaste s\u00e5rdiagnoserna \u2013 utredning och behandling<\/strong><br \/>\n<br \/>\n\u2022 Vart sitter dessa s\u00e5r och vad k\u00e4nnetecknar dem?<br \/>\n\u2022 NPWT och undertrycksbehandling vid behandling av s\u00e5r \u2013 vilka s\u00e5r l\u00e4ker bra med NPWT?<br \/>\n\u2022 S\u00e4kerhetsfr\u00e5gor, vad m\u00e5ste vi veta och kunna s\u00e5 det inte g\u00e5r fel?<br \/>\n\u2022 Hur vet vi att det fungerar och vad \u00e4r det som ska fungera?<br \/>\n\u2022 Hur fungerar undertrycksbehandling i kombination med kompression?<br \/>\n<br \/>\n<i><strong>Maria Bostr\u00f6m, <\/strong>distriktssk\u00f6terska, registerh\u00e5llare f\u00f6r RiksS\u00e5r och verksamhetsutvecklare inom omr\u00e5det s\u00e5r och s\u00e5rbehandling med inriktning mot prim\u00e4rv\u00e5rd i Region Kronoberg.<br \/>\n<strong>Hanna Wickstr\u00f6m, <\/strong>specialist i allm\u00e4nmedicin och arbetar sedan m\u00e5nga \u00e5r tillbaka p\u00e5 S\u00e5rcentrum i region Blekinge. Sedan 2022 \u00e4r Hanna ordf\u00f6rande i RiksS\u00e5rs styrgrupp och hon har \u00e4ven suttit med i nationella expertgrupper som tagit fram de nationella v\u00e5rdf\u00f6rloppen; sv\u00e5rl\u00e4kta s\u00e5r, ven\u00f6s insufficiens i benen \u2013 varicer och ven\u00f6sa bens\u00e5r samt kritisk benischemi. Hanna \u00e4r knuten till Lunds universitet d\u00e4r hon forskar inom sv\u00e5rl\u00e4kta s\u00e5r och e-h\u00e4lsa, med idag flertalet internationella publikationer. S\u00e5rcentrum Region Blekinge, Ordf RiksS\u00e5rs styrgrupp<\/i><\/td>\n<\/tr>\n<tr class=\"row-6\">\n\t<td class=\"column-1\"><strong>11:30<\/strong><\/td><td class=\"column-2\"><strong>Basbehandling med fokus p\u00e5 s\u00e5r som sm\u00e4rtar och infekterade s\u00e5r - behandling av sm\u00e4rta och infektion<\/strong><br \/>\n<br \/>\n\u2022 RiksS\u00e5r och basbehandling. Att t\u00e4nka p\u00e5 i v\u00e5rdf\u00f6rloppet och v\u00e5rdprogrammet.<br \/>\n\u2022 Den lokala bed\u00f6mningen, viktigt att t\u00e4nka p\u00e5<br \/>\n\u2022 Att reng\u00f6ra ett sm\u00e4rtande s\u00e5r \u2013 \u00f6verv\u00e4gandet och praktiska tips<br \/>\n\u2022 Vilka behandlingar finns att tillg\u00e5?<br \/>\n\u2022 Ett etiskt och varmt omh\u00e4ndertagande \u2013 en viktig del i sm\u00e4rtlindringen<br \/>\n<br \/>\n<i><strong>Maria Bostr\u00f6m,<\/strong> distriktssk\u00f6terska, registerh\u00e5llare f\u00f6r RiksS\u00e5r och verksamhetsutvecklare inom omr\u00e5det s\u00e5r och s\u00e5rbehandling med inriktning mot prim\u00e4rv\u00e5rd i Region Kronoberg.<br \/>\n<strong>Hanna Wickstr\u00f6m,<\/strong> specialist i allm\u00e4nmedicin och arbetar sedan m\u00e5nga \u00e5r tillbaka p\u00e5 S\u00e5rcentrum i region Blekinge. <\/i><\/td>\n<\/tr>\n<tr class=\"row-7\">\n\t<td class=\"column-1\"><strong>12:10<\/strong><\/td><td class=\"column-2\"><strong>Lunch<\/strong><\/td>\n<\/tr>\n<tr class=\"row-8\">\n\t<td class=\"column-1\"><strong>13:20<\/strong><\/td><td class=\"column-2\"><strong>\u00c5rets S\u00e5rteam\/ s\u00e5r\u00e5tg\u00e4rd - vinnaren presenteras! <\/strong><\/td>\n<\/tr>\n<tr class=\"row-9\">\n\t<td class=\"column-1\"><strong>13:40<\/strong><\/td><td class=\"column-2\"><strong>Behandling f\u00f6r olika s\u00e5rdiagnoser med fokus p\u00e5 kompressionsbehandling och undantag<\/strong><br \/>\n<br \/>\n\u2022 De viktiga undantagen d\u00e5 ej kompression ska anv\u00e4ndas och varf\u00f6r<br \/>\n\u2022 Effektiv kompressionsbehandling vid bl a: ven\u00f6sa bens\u00e5r, fots\u00e5r och traumatiska s\u00e5r<br \/>\n\u2022 Olika typer av strumpor, bindor, pumpar och flerlagerbandage, vad som v\u00e4ljas n\u00e4r och hur?<br \/>\n\u2022 Patientcase i interaktion med publiken! S\u00e5 behandlar och lindar vi utifr\u00e5n tillst\u00e5nd!<br \/>\n<br \/>\n<i><strong>Maria Bostr\u00f6m, <\/strong>distriktssk\u00f6terska, registerh\u00e5llare f\u00f6r RiksS\u00e5r och verksamhetsutvecklare inom omr\u00e5det s\u00e5r och s\u00e5rbehandling med inriktning mot prim\u00e4rv\u00e5rd i Region Kronoberg.<br \/>\n<strong>Hanna Wickstr\u00f6m, <\/strong>specialist i allm\u00e4nmedicin och arbetar sedan m\u00e5nga \u00e5r tillbaka p\u00e5 S\u00e5rcentrum i region Blekinge. Sedan 2022 \u00e4r Hanna ordf\u00f6rande i RiksS\u00e5rs styrgrupp och hon har \u00e4ven suttit med i nationella expertgrupper som tagit fram de nationella v\u00e5rdf\u00f6rloppen; sv\u00e5rl\u00e4kta s\u00e5r, ven\u00f6s insufficiens i benen \u2013 varicer och ven\u00f6sa bens\u00e5r samt kritisk benischemi. Hanna \u00e4r knuten till Lunds universitet d\u00e4r hon forskar inom sv\u00e5rl\u00e4kta s\u00e5r och e-h\u00e4lsa, med idag flertalet internationella publikationer. S\u00e5rcentrum Region Blekinge, Ordf RiksS\u00e5rs styrgrupp<\/i><\/td>\n<\/tr>\n<tr class=\"row-10\">\n\t<td class=\"column-1\"><strong>14:10<\/strong><\/td><td class=\"column-2\"><strong>Erfarenheter fr\u00e5n s\u00e5r-verkligheten<\/strong><br \/>\n<br \/>\n<i><strong>Maria Bostr\u00f6m, <\/strong>distriktssk\u00f6terska, registerh\u00e5llare f\u00f6r RiksS\u00e5r och verksamhetsutvecklare inom omr\u00e5det s\u00e5r och s\u00e5rbehandling med inriktning mot prim\u00e4rv\u00e5rd i Region Kronoberg.<br \/>\n<strong>Hanna Wickstr\u00f6m,<\/strong> specialist i allm\u00e4nmedicin och arbetar sedan m\u00e5nga \u00e5r tillbaka p\u00e5 S\u00e5rcentrum i region Blekinge<\/i><\/td>\n<\/tr>\n<tr class=\"row-11\">\n\t<td class=\"column-1\"><strong>14:50<\/strong><\/td><td class=\"column-2\"><strong>Eftermiddagskaffe<\/strong><\/td>\n<\/tr>\n<tr class=\"row-12\">\n\t<td class=\"column-1\"><strong>15:20<\/strong><\/td><td class=\"column-2\"><strong>Maligna tum\u00f6rs\u00e5r och skador i hud uppkomna av str\u00e5lbehandling\u2013 effektiv omv\u00e5rdnad och behandling<\/strong><br \/>\n<br \/>\n\u2022 Introduktion till maligna tum\u00f6rs\u00e5r, hur definieras de?<br \/>\n\u2022 Upplevelser av tum\u00f6rs\u00e5r. Patientens, n\u00e4rst\u00e5endes och sjuksk\u00f6terskans perspektiv -varf\u00f6r luktar det och hur kan vi behandla det?<br \/>\n\u2022 Behandlingsprincipernas viktiga steg, praktisk genomg\u00e5ng<br \/>\n\u2022 Nya eller f\u00f6rb\u00e4ttrade behandlingsmetoder. Hudbiverkan av str\u00e5lbehandling \u2013 vad beh\u00f6ver vi behandla och hur?<br \/>\n\u2022 \u201dBest practice\u201d i bed\u00f6mning och behandling av s\u00e5rrelaterade symtom: Riktlinjer fr\u00e5n regionalt v\u00e5rdprogram och European Oncology Nursing (EONS) och andra uppdateringar<br \/>\n\u2022 Patientcase i interaktion med publiken \u2013 hur skulle ni g\u00f6ra i denna situation?<br \/>\n<br \/>\n<i><strong>Susanne Dufva,<\/strong> fil. Kand. Specialistsjuksk\u00f6terska och s\u00e5ransvarig inom onkologisk v\u00e5rd, Tema Cancer, Huvud- hals- lung- och hudcancermottagningen, Karolinska Universitetssjukhuset Solna<br \/>\nOrdf\u00f6rande i S\u00e5rsjuksk\u00f6terskor i Sverige, SSiS sedan 2009.<br \/>\n<strong>Liselott Sahlberg,<\/strong> fil. Mag. Specialistsjuksk\u00f6terska och s\u00e5ransvarig inom onkologisk v\u00e5rd, Tema Cancer, Huvud- hals- lung- och hudcancermottagningen, Karolinska Universitetssjukhuset Solna<\/i><\/td>\n<\/tr>\n<tr class=\"row-13\">\n\t<td class=\"column-1\"><strong>17:10<\/strong><\/td><td class=\"column-2\"><strong>V\u00e4lkommen till mingel!<\/strong><\/td>\n<\/tr>\n<\/tbody>\n<\/table>\n<!-- #tablepress-1 from cache --> <\/div>\n<div class=\"tab-pane   clearfix\" id=\"t2Tab\">\n<h2 style=\"text-align: left;\">PROGRAM DAG 2 &#8211; TORSDAG 17 SEPTEMBER<\/h2>\n<p style=\"text-align: left;\">\n<table id=\"tablepress-4\" class=\"tablepress tablepress-id-4\">\n<tbody>\n<tr class=\"row-1\">\n\t<td class=\"column-1\"><strong>08:15<\/strong><\/td><td class=\"column-2\"><strong>Dag 2. V\u00e4lkommen \u00e5ter! Morgonkaffe<\/strong><\/td>\n<\/tr>\n<tr class=\"row-2\">\n\t<td class=\"column-1\"><strong>08:30<\/strong><\/td><td class=\"column-2\"><strong>Multitrauma och avancerad behandling av komplexa s\u00e5r<\/strong><br \/>\n<br \/>\n\u2022 Olika traumatiska s\u00e5r till f\u00f6ljd av t ex penetrerade skador, patientcases fr\u00e5n Ukraina<br \/>\n\u2022 Exempel p\u00e5 sekund\u00e4rl\u00e4kning, t ex vid \u00f6ppen buk  <br \/>\n\u2022 Hur ser sekund\u00e4rl\u00e4kning ut? Oml\u00e4ggningar \u2013 resurs och tidskr\u00e4vande, ger fina resultat<br \/>\n\u2022 Nyt\u00e4nkande kring postoperativ s\u00e5rbehandling \u2013 val av f\u00f6rband<br \/>\n\u2022 Traumatiska s\u00e5r, l\u00e5ng l\u00e4kningsprocess och rehabilitera, n\u00e4r kliver prim\u00e4rv\u00e5rden eller andra instanser in? Hur kan en effektiv samverkan mellan v\u00e5rdinstanserna se ut? <br \/>\n<br \/>\n<i><strong>Andrea Lundin,<\/strong> avancerad specialistsjuksk\u00f6terska, trauma, akutkirurgi, Karolinska universitetssjukhuset Solna<\/i><\/td>\n<\/tr>\n<tr class=\"row-3\">\n\t<td class=\"column-1\"><strong>09:30<\/strong><\/td><td class=\"column-2\"><strong>MASD\/ IAD<\/strong><br \/>\n\u2022 Internationella riktlinjer runt Moisture-associated skin damage -MASD<br \/>\n(kroppsv\u00e4tskor och friktion i hudveck, runt stoma, runt s\u00e5r)<br \/>\n\u2022 Internationella riktlinjer runt Incontinence associated dermatitis \u2013 IAD<br \/>\n(inkontinensrelaterad hud\/s\u00e5r<br \/>\n\u2022 Fallbeskrivningar<br \/>\n<br \/>\n<i><strong>Madeleine Stenius,<\/strong> utbildningsansvarig, s\u00e5rkonsult, undersk\u00f6terska, Aleris Rehab Station Academy, Expertgrupps medlem f\u00f6r sv\u00e5rl\u00e4kta s\u00e5r, SKR, delf\u00f6rfattare av nationellt v\u00e5rdprogram Sv\u00e5rl\u00e4kta s\u00e5r (trycks\u00e5r, nutrition) samt med i RiksS\u00e5rs styrgrupp. Expertgruppsmedlem f\u00f6r Wounds International som tagit fram internationella best practise riktlinjer f\u00f6r att f\u00f6rebygga och behandla MASD (fuktskadad hud) samt ett nytt globalt dokument om IAD 2026. F\u00f6rfattare till flera b\u00f6cker, filmer, artiklar om trycks\u00e5r och MASD samt neurogen tarm- och bl\u00e5srubbning.<\/i><\/td>\n<\/tr>\n<tr class=\"row-4\">\n\t<td class=\"column-1\"><strong>10:30<\/strong><\/td><td class=\"column-2\"><strong>F\u00f6rmiddagskaffe<\/strong><\/td>\n<\/tr>\n<tr class=\"row-5\">\n\t<td class=\"column-1\"><strong>11:00<\/strong><\/td><td class=\"column-2\"><strong>Trycks\u00e5r fr\u00e5n topp till t\u00e5<\/strong><br \/>\n<br \/>\n\u2022 Internationella &amp; nationella riktlinjer om trycks\u00e5r<br \/>\n\u2022 Trycks\u00e5rskategorisering<br \/>\n\u2022 Skillnad p\u00e5 ljus &amp; melaninrik hud<br \/>\n\u2022 var uppst\u00e5r trycks\u00e5r, fallbeskrivningar fr\u00e5n topp till t\u00e5<br \/>\n\u2022 Praktisk uppgift: m\u00e4ta trycks\u00e5r och hur mycket material ska man fylla en kavitet med<br \/>\n<br \/>\n<i><strong>Madeleine Stenius,<\/strong> utbildningsansvarig, s\u00e5rkonsult, undersk\u00f6terska, Aleris Rehab Station Academy<\/i><\/td>\n<\/tr>\n<tr class=\"row-6\">\n\t<td class=\"column-1\"><strong>12:30<\/strong><\/td><td class=\"column-2\"><strong>Lunch<\/strong><\/td>\n<\/tr>\n<tr class=\"row-7\">\n\t<td class=\"column-1\"><strong>13:35<\/strong><\/td><td class=\"column-2\"><strong>Diabetesf\u00f6tter \u2013 i behov av extra s\u00e5rv\u00e5rd, omv\u00e5rdnad f\u00f6r att undvika komplikationer!<\/strong><br \/>\n<br \/>\n\u2022 Att t\u00e4nka p\u00e5 grundl\u00e4ggande, egenv\u00e5rd<br \/>\n\u2022 Regionala riktlinjer \u2013 s\u00e4rskilda aspekter att lyfta kopplat till v\u00e5rt praktiska arbete<br \/>\n\u2022 F\u00f6rebyggande s\u00e5rv\u00e5rd, vad \u00e4r viktigt att t\u00e4nka p\u00e5?<br \/>\n\u2022 Fots\u00e5r och omv\u00e5rdnad<br \/>\n\u2022 Praktisk debridering av diabetesf\u00f6tter<br \/>\n\u2022 F\u00f6rband och behandling specifikt f\u00f6r diabetes<br \/>\n<br \/>\n<i><strong>Zandra Gjers, <\/strong>medicinsk fotterapeut p\u00e5 diabetesmottagningen p\u00e5 Norra \u00c4lvsborgs l\u00e4nssjukhus i Trollh\u00e4ttan med specialitet diabetesf\u00f6tter och fots\u00e5r<\/i><\/td>\n<\/tr>\n<tr class=\"row-8\">\n\t<td class=\"column-1\"><strong>15:10<\/strong><\/td><td class=\"column-2\"><strong>Eftermiddagskaffe<\/strong><\/td>\n<\/tr>\n<tr class=\"row-9\">\n\t<td class=\"column-1\"><strong>15:40<\/strong><\/td><td class=\"column-2\"><strong>Atypiska s\u00e5r \u2013 upp\u00e5t 20 % av alla s\u00e5r!<\/strong><br \/>\n<br \/>\n\u2022 ca 20% utg\u00f6rs av atypiska s\u00e5r, hur urskiljer man dem<br \/>\n\u2022 att l\u00e4ka atypiska s\u00e5r, effektiv omv\u00e5rdnad och behandling<br \/>\n<br \/>\nAtt starta s\u00e5rmottagning och s\u00e5rteam, case Boxholm!<br \/>\n\u2022 F\u00f6rberedelser, fl\u00f6den och teamet!<br \/>\n<br \/>\n<i><strong>Anna Carlsson, <\/strong>distriktssk\u00f6terska Boxholm v\u00e5rdcentral, processansvarig f\u00f6r implementering av v\u00e5rdf\u00f6rloppet sv\u00e5rl\u00e4kta s\u00e5r i region \u00d6sterg\u00f6tland. Anna \u00e4r ocks\u00e5 styrmedlem i Rikss\u00e5r<\/i><br \/>\n<\/td>\n<\/tr>\n<tr class=\"row-10\">\n\t<td class=\"column-1\"><strong>16:40<\/strong><\/td><td class=\"column-2\"><strong>Konferensen avslutas<\/strong><br \/>\n<br \/>\nVi reserverar oss f\u00f6r eventuella program\u00e4ndringar.<\/td>\n<\/tr>\n<\/tbody>\n<\/table>\n<!-- #tablepress-4 from cache --><\/div><\/div>\n<\/div>\n<p>[\/vc_column_text][\/vc_column][\/vc_row]<\/p>\n<\/div>","protected":false},"excerpt":{"rendered":"<p>[vc_row][vc_column][vc_empty_space][\/vc_column][\/vc_row][vc_row disable_element=&#8221;yes&#8221;][vc_column width=&#8221;1\/2&#8243;][vc_column_text] Onsdag 16 september \u00a0S\u00e5rl\u00e4kningsprocessen &#8211; f\u00f6rband och s\u00e5rl\u00e4kningsfaser S\u00e5rl\u00e4kningsprocessens faser En \u00f6versikt: Vilka f\u00f6rbandsgrupper ska vi anv\u00e4nda i de olika s\u00e5rl\u00e4kningsfaserna och varf\u00f6r? Vad spelar f\u00f6rbandet och produkten f\u00f6r roll? \u00a0 Kostnader f\u00f6renade med s\u00e5rbehandling, vad f\u00e5r det egentligen kosta? Behandlingspris eller styckepris \u2013 hur t\u00e4nker vi? Personalkostnad vs f\u00f6rbandskostnad? Patientens livskvalitet [&hellip;]<\/p>\n","protected":false},"author":1,"featured_media":0,"parent":0,"menu_order":0,"comment_status":"closed","ping_status":"closed","template":"","meta":{"_acf_changed":false,"footnotes":""},"class_list":["post-104","page","type-page","status-publish","hentry"],"acf":[],"yoast_head":"<!-- This site is optimized with the Yoast SEO plugin v27.3 - https:\/\/yoast.com\/product\/yoast-seo-wordpress\/ -->\n<title>Program - S\u00e5rbehandlingssymposium<\/title>\n<meta name=\"robots\" content=\"index, follow, max-snippet:-1, max-image-preview:large, max-video-preview:-1\" \/>\n<link rel=\"canonical\" href=\"https:\/\/insightevents.se\/sarbehandlingssymposium\/program-detalj\/\" \/>\n<meta property=\"og:locale\" content=\"sv_SE\" \/>\n<meta property=\"og:type\" content=\"article\" \/>\n<meta property=\"og:title\" content=\"Program - S\u00e5rbehandlingssymposium\" \/>\n<meta property=\"og:description\" content=\"[vc_row][vc_column][vc_empty_space][\/vc_column][\/vc_row][vc_row disable_element=&#8221;yes&#8221;][vc_column width=&#8221;1\/2&#8243;][vc_column_text] Onsdag 16 september \u00a0S\u00e5rl\u00e4kningsprocessen &#8211; f\u00f6rband och s\u00e5rl\u00e4kningsfaser S\u00e5rl\u00e4kningsprocessens faser En \u00f6versikt: Vilka f\u00f6rbandsgrupper ska vi anv\u00e4nda i de olika s\u00e5rl\u00e4kningsfaserna och varf\u00f6r? Vad spelar f\u00f6rbandet och produkten f\u00f6r roll? \u00a0 Kostnader f\u00f6renade med s\u00e5rbehandling, vad f\u00e5r det egentligen kosta? Behandlingspris eller styckepris \u2013 hur t\u00e4nker vi? Personalkostnad vs f\u00f6rbandskostnad? Patientens livskvalitet [&hellip;]\" \/>\n<meta property=\"og:url\" content=\"https:\/\/insightevents.se\/sarbehandlingssymposium\/program-detalj\/\" \/>\n<meta property=\"og:site_name\" content=\"S\u00e5rbehandlingssymposium\" \/>\n<meta property=\"article:modified_time\" content=\"2026-04-15T12:53:42+00:00\" \/>\n<meta name=\"twitter:card\" content=\"summary_large_image\" \/>\n<meta name=\"twitter:label1\" content=\"Ber\u00e4knad l\u00e4stid\" \/>\n\t<meta name=\"twitter:data1\" content=\"5 minuter\" \/>\n<script type=\"application\/ld+json\" class=\"yoast-schema-graph\">{\"@context\":\"https:\\\/\\\/schema.org\",\"@graph\":[{\"@type\":\"WebPage\",\"@id\":\"https:\\\/\\\/insightevents.se\\\/sarbehandlingssymposium\\\/program-detalj\\\/\",\"url\":\"https:\\\/\\\/insightevents.se\\\/sarbehandlingssymposium\\\/program-detalj\\\/\",\"name\":\"Program - S\u00e5rbehandlingssymposium\",\"isPartOf\":{\"@id\":\"https:\\\/\\\/insightevents.se\\\/sarbehandlingssymposium\\\/#website\"},\"datePublished\":\"2017-10-17T07:45:01+00:00\",\"dateModified\":\"2026-04-15T12:53:42+00:00\",\"breadcrumb\":{\"@id\":\"https:\\\/\\\/insightevents.se\\\/sarbehandlingssymposium\\\/program-detalj\\\/#breadcrumb\"},\"inLanguage\":\"sv-SE\",\"potentialAction\":[{\"@type\":\"ReadAction\",\"target\":[\"https:\\\/\\\/insightevents.se\\\/sarbehandlingssymposium\\\/program-detalj\\\/\"]}]},{\"@type\":\"BreadcrumbList\",\"@id\":\"https:\\\/\\\/insightevents.se\\\/sarbehandlingssymposium\\\/program-detalj\\\/#breadcrumb\",\"itemListElement\":[{\"@type\":\"ListItem\",\"position\":1,\"name\":\"Hem\",\"item\":\"https:\\\/\\\/insightevents.se\\\/sarbehandlingssymposium\\\/\"},{\"@type\":\"ListItem\",\"position\":2,\"name\":\"Program\"}]},{\"@type\":\"WebSite\",\"@id\":\"https:\\\/\\\/insightevents.se\\\/sarbehandlingssymposium\\\/#website\",\"url\":\"https:\\\/\\\/insightevents.se\\\/sarbehandlingssymposium\\\/\",\"name\":\"S\u00e5rbehandlingssymposium\",\"description\":\"\",\"potentialAction\":[{\"@type\":\"SearchAction\",\"target\":{\"@type\":\"EntryPoint\",\"urlTemplate\":\"https:\\\/\\\/insightevents.se\\\/sarbehandlingssymposium\\\/?s={search_term_string}\"},\"query-input\":{\"@type\":\"PropertyValueSpecification\",\"valueRequired\":true,\"valueName\":\"search_term_string\"}}],\"inLanguage\":\"sv-SE\"}]}<\/script>\n<!-- \/ Yoast SEO plugin. -->","yoast_head_json":{"title":"Program - S\u00e5rbehandlingssymposium","robots":{"index":"index","follow":"follow","max-snippet":"max-snippet:-1","max-image-preview":"max-image-preview:large","max-video-preview":"max-video-preview:-1"},"canonical":"https:\/\/insightevents.se\/sarbehandlingssymposium\/program-detalj\/","og_locale":"sv_SE","og_type":"article","og_title":"Program - S\u00e5rbehandlingssymposium","og_description":"[vc_row][vc_column][vc_empty_space][\/vc_column][\/vc_row][vc_row disable_element=&#8221;yes&#8221;][vc_column width=&#8221;1\/2&#8243;][vc_column_text] Onsdag 16 september \u00a0S\u00e5rl\u00e4kningsprocessen &#8211; f\u00f6rband och s\u00e5rl\u00e4kningsfaser S\u00e5rl\u00e4kningsprocessens faser En \u00f6versikt: Vilka f\u00f6rbandsgrupper ska vi anv\u00e4nda i de olika s\u00e5rl\u00e4kningsfaserna och varf\u00f6r? Vad spelar f\u00f6rbandet och produkten f\u00f6r roll? \u00a0 Kostnader f\u00f6renade med s\u00e5rbehandling, vad f\u00e5r det egentligen kosta? Behandlingspris eller styckepris \u2013 hur t\u00e4nker vi? Personalkostnad vs f\u00f6rbandskostnad? Patientens livskvalitet [&hellip;]","og_url":"https:\/\/insightevents.se\/sarbehandlingssymposium\/program-detalj\/","og_site_name":"S\u00e5rbehandlingssymposium","article_modified_time":"2026-04-15T12:53:42+00:00","twitter_card":"summary_large_image","twitter_misc":{"Ber\u00e4knad l\u00e4stid":"5 minuter"},"schema":{"@context":"https:\/\/schema.org","@graph":[{"@type":"WebPage","@id":"https:\/\/insightevents.se\/sarbehandlingssymposium\/program-detalj\/","url":"https:\/\/insightevents.se\/sarbehandlingssymposium\/program-detalj\/","name":"Program - S\u00e5rbehandlingssymposium","isPartOf":{"@id":"https:\/\/insightevents.se\/sarbehandlingssymposium\/#website"},"datePublished":"2017-10-17T07:45:01+00:00","dateModified":"2026-04-15T12:53:42+00:00","breadcrumb":{"@id":"https:\/\/insightevents.se\/sarbehandlingssymposium\/program-detalj\/#breadcrumb"},"inLanguage":"sv-SE","potentialAction":[{"@type":"ReadAction","target":["https:\/\/insightevents.se\/sarbehandlingssymposium\/program-detalj\/"]}]},{"@type":"BreadcrumbList","@id":"https:\/\/insightevents.se\/sarbehandlingssymposium\/program-detalj\/#breadcrumb","itemListElement":[{"@type":"ListItem","position":1,"name":"Hem","item":"https:\/\/insightevents.se\/sarbehandlingssymposium\/"},{"@type":"ListItem","position":2,"name":"Program"}]},{"@type":"WebSite","@id":"https:\/\/insightevents.se\/sarbehandlingssymposium\/#website","url":"https:\/\/insightevents.se\/sarbehandlingssymposium\/","name":"S\u00e5rbehandlingssymposium","description":"","potentialAction":[{"@type":"SearchAction","target":{"@type":"EntryPoint","urlTemplate":"https:\/\/insightevents.se\/sarbehandlingssymposium\/?s={search_term_string}"},"query-input":{"@type":"PropertyValueSpecification","valueRequired":true,"valueName":"search_term_string"}}],"inLanguage":"sv-SE"}]}},"_links":{"self":[{"href":"https:\/\/insightevents.se\/sarbehandlingssymposium\/wp-json\/wp\/v2\/pages\/104","targetHints":{"allow":["GET"]}}],"collection":[{"href":"https:\/\/insightevents.se\/sarbehandlingssymposium\/wp-json\/wp\/v2\/pages"}],"about":[{"href":"https:\/\/insightevents.se\/sarbehandlingssymposium\/wp-json\/wp\/v2\/types\/page"}],"author":[{"embeddable":true,"href":"https:\/\/insightevents.se\/sarbehandlingssymposium\/wp-json\/wp\/v2\/users\/1"}],"replies":[{"embeddable":true,"href":"https:\/\/insightevents.se\/sarbehandlingssymposium\/wp-json\/wp\/v2\/comments?post=104"}],"version-history":[{"count":45,"href":"https:\/\/insightevents.se\/sarbehandlingssymposium\/wp-json\/wp\/v2\/pages\/104\/revisions"}],"predecessor-version":[{"id":1261,"href":"https:\/\/insightevents.se\/sarbehandlingssymposium\/wp-json\/wp\/v2\/pages\/104\/revisions\/1261"}],"wp:attachment":[{"href":"https:\/\/insightevents.se\/sarbehandlingssymposium\/wp-json\/wp\/v2\/media?parent=104"}],"curies":[{"name":"wp","href":"https:\/\/api.w.org\/{rel}","templated":true}]}}