{"id":195,"date":"2017-06-28T08:09:45","date_gmt":"2017-06-28T08:09:45","guid":{"rendered":"https:\/\/insightevents.se\/redovisningsdagen\/?page_id=195"},"modified":"2025-09-09T09:37:11","modified_gmt":"2025-09-09T09:37:11","slug":"program-detalj","status":"publish","type":"page","link":"https:\/\/insightevents.se\/tillampadredovisning\/program-detalj\/","title":{"rendered":"Program 2025"},"content":{"rendered":"<div class=\"wpb-content-wrapper\"><p>[vc_row][vc_column][vc_empty_space height=&#8221;60px&#8221;]<div class=\"wpb_content_element \"><style type=\"text\/css\">#ut_header_69ef8b640f226 h2.section-title { font-size:40px !important; }<\/style><header id=\"ut_header_69ef8b640f226\" class=\"section-header  ut-no-title-linebreak-mobile ut-no-lead-linebreak-mobile pt-style-2 header-left header-tablet-left header-mobile-center\"><h2 data-title=\"Program \u2013 10 december 2025\"  data-responsive-font=\"section_title\" data-responsive-font-settings=\"{&quot;base-font-size&quot;:&quot;40&quot;,&quot;font-size-unit&quot;:&quot;px&quot;,&quot;font-size&quot;:{&quot;desktop_large&quot;:&quot;40&quot;},&quot;base-line-height&quot;:&quot;global&quot;,&quot;base-letter-spacing&quot;:&quot;global&quot;}\" class=\"section-title  \"><span>Program \u2013 10 december 2025<\/span><\/h2><\/header><\/div>[vc_column_text]\n<table id=\"tablepress-2\" class=\"tablepress tablepress-id-2\">\n<tbody>\n<tr class=\"row-1\">\n\t<td class=\"column-1\"><strong>08:00  <\/strong><\/td><td class=\"column-2\"><strong>Registrering och morgonkaffe<\/strong><\/td>\n<\/tr>\n<tr class=\"row-2\">\n\t<td class=\"column-1\"><strong>08:30 <\/strong><\/td><td class=\"column-2\"><strong>Moderatorn inleder konferensen<\/strong><\/td>\n<\/tr>\n<tr class=\"row-3\">\n\t<td class=\"column-1\"><strong>08:35<\/strong><\/td><td class=\"column-2\"><strong>Nycklarna till 2026 och de sista tipsen f\u00f6r bokslutet<\/strong><br \/>\n<br \/>\nVi inleder med en intensiv genomg\u00e5ng av de mest aktuella bokslutsfr\u00e5gorna:<br \/>\n<br \/>\n\u2022 Konjunkturl\u00e4get och dess p\u00e5verkan p\u00e5 bokslutet \u2013 prognos f\u00f6r 2026<br \/>\n\u2022 Fastst\u00e4llda skattenyheter 2026 \u2013 detta g\u00e4ller fr\u00e5n 1 januari<br \/>\n\u2022 \u00c5rets hetaste bokslutsfr\u00e5ga \u2013 v\u00e4rdering av tillg\u00e5ngar i en tid av os\u00e4kerhet<br \/>\n\u2022 Revisorn informerar \u2013 omr\u00e5dena som granskas extra noga i \u00e5rsredovisningen 2025<br \/>\n<br \/>\n<i><strong>Peter Nilsson,<\/strong> skatter\u00e5dgivare, jur dr. och professor i skatter\u00e4tt, KPMG<\/i><\/td>\n<\/tr>\n<tr class=\"row-4\">\n\t<td class=\"column-1\"><strong>10:30 <\/strong><\/td><td class=\"column-2\"><strong>F\u00f6rmiddagspaus och kaffe<\/strong><\/td>\n<\/tr>\n<tr class=\"row-5\">\n\t<td class=\"column-1\"><\/td><td class=\"column-2\"><p style=\"font-size:20px;\"><strong>Parallella f\u00f6rdjupningssp\u00e5r \u2013 v\u00e4lj ditt fokusomr\u00e5de<\/strong><\/p><i>Du v\u00e4ljer det regelverk som \u00e4r mest relevant f\u00f6r dig. Passen \u00e4r utformade f\u00f6r f\u00f6rdjupning och diskussion kring hur de senaste nyheterna och \u00e4ndringarna ska till\u00e4mpas i praktiken.<\/i><\/td>\n<\/tr>\n<tr class=\"row-6\">\n\t<td class=\"column-1\"><\/td><td class=\"column-2\"><p style=\"color:white; font-size:20px;\">SP\u00c5R 1 IFRS \u2013 F\u00f6rdjupning i de senaste uppdateringarna och tolkningarna f\u00f6r bolag som rapporterar enligt IFRS<\/p><\/td>\n<\/tr>\n<tr class=\"row-7\">\n\t<td class=\"column-1\"><strong>11:00<\/strong><\/td><td class=\"column-2\"><strong>IFRS 18 I PRAKTIKEN DEL 1<br \/>\nTrender och erfarenheter inf\u00f6r implementeringen<\/strong><br \/>\n<br \/>\n<i>Anja Hjelstr\u00f6m, en av landets ledande IFRS-experter, ger en matnyttig genomg\u00e5ng av den nya standarden IFRS 18. Med utg\u00e5ngspunkt i hur l\u00e5ngt f\u00f6retag f\u00f6rv\u00e4ntas ha kommit i december, fokuserar hon p\u00e5 de viktigaste delarna i implementeringsarbetet. Passet delas upp i tre delar f\u00f6r att ge en tydlig bild av b\u00e5de reglerna och den praktiska resan.<\/i><br \/>\n<br \/>\n\u2022 Generellt om den nya utformningen \u2013 en genomg\u00e5ng av grundstrukturen i de nya utr\u00e4kningarna och kategorierna<br \/>\n\u2022 Trender i till\u00e4mpningen \u2013 hur arbetar f\u00f6retag praktiskt med att f\u00f6rbereda system och processer f\u00f6r den nya standarden?<br \/>\n\u2022 Kritiska fr\u00e5gor i december \u2013 en diskussion om de tolkningsfr\u00e5gor och utmaningar som erfarenhetsm\u00e4ssigt fortfarande \u00e4r de hetaste inf\u00f6r det sista f\u00f6rberedelse\u00e5ret<br \/>\n<br \/>\n<i><strong>Anja Hjelstr\u00f6m,<\/strong> Associate Partner, Assurance, Nordic IFRS Desk, EY Sverige<\/i><\/td>\n<\/tr>\n<tr class=\"row-8\">\n\t<td class=\"column-1\"><strong>12:00<\/strong><\/td><td class=\"column-2\"><strong>IFRS 18 I PRAKTIKEN DEL 2<br \/>\nTill\u00e4mpningsfr\u00e5gor och case<\/strong><br \/>\n<br \/>\n<i>Michael Thorstensson tar vid och g\u00e5r p\u00e5 djupet med n\u00e5gra av de mest aktuella och tekniskt sv\u00e5ra till\u00e4mpningsfr\u00e5gorna. Med hj\u00e4lp av pedagogiska och verklighetsbaserade case illustreras hur man kan resonera och landa i en bed\u00f6mning i komplexa situationer.<\/i><br \/>\n<br \/>\n\u2022 IFRS 18 i praktiken \u2013 en djupdykning i de nya kraven kring leverant\u00f6rsfinansiering och andra nya upplysningskrav<br \/>\n\u2022 Klassificering av skulder \u2013 den st\u00e4ndiga utmaningen med att klassificera skulder som l\u00e5nga eller korta n\u00e4r det finns kovenanter i l\u00e5neavtalen<br \/>\n\u2022 Verklighetsbaserade problem \u2013 genomg\u00e5ng av fler h\u00f6gaktuella till\u00e4mpningsfr\u00e5gor, baserade p\u00e5 verkliga dilemman fr\u00e5n n\u00e4ringslivet och IFRS Interpretations Committee<br \/>\n<br \/>\n<i><strong>Michael Thorstensson,<\/strong> Director, Financial Reporting Specialist och ledande inom IFRS, Deloitte<\/i><\/td>\n<\/tr>\n<tr class=\"row-9\">\n\t<td class=\"column-1\"><\/td><td class=\"column-2\"><p style=\"color:white; font-size:20px;\">SP\u00c5R 2 BFN (K-REGELVERKEN) \u2013 En \u00f6versikt av \u00e4ndringarna i K2 och K3<\/p><p style=\"color:white;\"><i>F\u00e5 en direkt uppdatering fr\u00e5n normgivaren och en praktisk genomg\u00e5ng fr\u00e5n experten. Denna dubbelsession ger dig en komplett bild av de viktigaste f\u00f6r\u00e4ndringarna i b\u00e5de K2 och K3 och vad de inneb\u00e4r f\u00f6r ditt f\u00f6retag.<\/i><\/p><\/td>\n<\/tr>\n<tr class=\"row-10\">\n\t<td class=\"column-1\"><strong>11:00<\/strong><\/td><td class=\"column-2\"><strong>BFN (K-REGELVERKEN) DEL 1<br \/>\nFokus p\u00e5 \u00e4ndringarna \u2013 en regelgenomg\u00e5ng av nya K2 och K3<\/strong><br \/>\n<br \/>\n<i>Anna Ersson, redovisningsexpert fr\u00e5n Bokf\u00f6ringsn\u00e4mnden, ger en faktabaserad och direkt genomg\u00e5ng av \u00e4ndringarna i K-regelverken. Passet fokuserar p\u00e5 att presentera de \u00e4ndrade reglerna \u2013 \"s\u00e5 h\u00e4r ser det ut nu\" \u2013 med s\u00e4rskild tyngdpunkt p\u00e5 de m\u00e5nga \u00e4ndringarna och f\u00f6rtydligandena den stora m\u00e4ngden f\u00f6r\u00e4ndringar i K2.<\/i><br \/>\n<br \/>\n\u2022 Vilka f\u00f6retag som inte l\u00e4ngre f\u00e5r till\u00e4mpa K2<br \/>\n\u2022 De nya uppst\u00e4llningsformerna f\u00f6r resultat- och balansr\u00e4kning i K2 <br \/>\n\u2022 \u00d6verg\u00e5ngsreglerna - att t\u00e4nka p\u00e5 vid \u00f6verg\u00e5ngen till K3<br \/>\n\u2022 En \u00f6versikt av andra viktiga \u00e4ndringar i K2 och K3<br \/>\n<br \/>\n<i><strong>Anna Ersson,<\/strong> redovisningsexpert, Bokf\u00f6ringsn\u00e4mnden<\/i><\/td>\n<\/tr>\n<tr class=\"row-11\">\n\t<td class=\"column-1\"><strong>12:00<\/strong><\/td><td class=\"column-2\"><strong>BFN (K-REGELVERKEN) DEL 2<br \/>\nNyheterna i K3 \u2013 en praktisk genomg\u00e5ng<\/strong><br \/>\n<br \/>\nTherese Jonasson tar vid och fokuserar p\u00e5 de mest betydande nyheterna i det uppdaterade K3-regelverket. Hon belyser de praktiska konsekvenserna av f\u00f6r\u00e4ndringarna och vad du som arbetar med K3-rapportering m\u00e5ste ha koll p\u00e5 inf\u00f6r kommande bokslut.<br \/>\n\u2022 En genomg\u00e5ng av de mest v\u00e4sentliga nyheterna och \u00e4ndringarna i K3<br \/>\n\u2022 Praktiska implikationer inom centrala och omdiskuterade omr\u00e5den<br \/>\n\u2022 Fokus p\u00e5 de f\u00f6r\u00e4ndringar som f\u00e5r st\u00f6rst genomslag i redovisningen<br \/>\n<br \/>\n<i><strong>Therese Jonasson,<\/strong> Director, redovisningspecialist, Aspia<\/i><\/td>\n<\/tr>\n<tr class=\"row-12\">\n\t<td class=\"column-1\"><strong>13:00<\/strong><\/td><td class=\"column-2\"><strong>Lunch och n\u00e4tverkande<\/strong><\/td>\n<\/tr>\n<tr class=\"row-13\">\n\t<td class=\"column-1\"><strong>14:00<\/strong><\/td><td class=\"column-2\"><strong>Parallella f\u00f6rdjupningssp\u00e5r med konkreta praktikfall fr\u00e5n arbete med IFRS och BFN<\/strong><\/td>\n<\/tr>\n<tr class=\"row-14\">\n\t<td class=\"column-1\"><strong>15:10<\/strong><\/td><td class=\"column-2\"><strong>GEMENSAM \u00c5TERSAMLING<br \/>\nKort eftermiddagspaus med rundabordssamtal och fika vid borden<\/strong><br \/>\n<br \/>\n<i>Dags att samla era fr\u00e5gor och diskutera inf\u00f6r sista delen d\u00e5 du f\u00e5r m\u00f6jlighet att fr\u00e5ga experterna!<\/i><\/td>\n<\/tr>\n<tr class=\"row-15\">\n\t<td class=\"column-1\"><strong>15:40<\/strong><\/td><td class=\"column-2\"><strong>Fr\u00e5ga experterna \u2013 praktisk till\u00e4mpning<\/strong><br \/>\n<br \/>\n<i><strong>Anja Hjelstr\u00f6m, <\/strong>Associate Partner, Assurance, Nordic IFRS Desk, EY Sverige<br \/>\n<br \/>\nPaneldeltagare uppdateras l\u00f6pande<\/i><\/td>\n<\/tr>\n<tr class=\"row-16\">\n\t<td class=\"column-1\"><strong>17:10<\/strong><\/td><td class=\"column-2\"><strong>Dagen avslutas av moderatorn<\/strong><\/td>\n<\/tr>\n<\/tbody>\n<\/table>\n[\/vc_column_text][vc_empty_space height=&#8221;60px&#8221;][\/vc_column][\/vc_row][vc_row disable_element=&#8221;yes&#8221;][vc_column][vc_column_text]<div class=\"ut-one-half  \">\n<!-- the tabs --><ul class=\"ut-nav-tabs clearfix\"><li class=\"active\"><a href=\"#t1Tab\" data-toggle=\"tab\">PROGRAM DAG 1 - IFRS<\/a><\/li>\n<li ><a href=\"#t2Tab\" data-toggle=\"tab\">PROGRAM DAG 2 - BFN<\/a><\/li><\/ul>\n<!-- tab \"panes\" --><div class=\"ut-tab-content entry-content clearfix\"><div class=\"tab-pane active  clearfix\" id=\"t1Tab\">\n<h2 style=\"text-align: center;\"><strong>DAG 1 \u2022 IFRS \u2022 5 DECEMBER<\/strong><\/h2>\n\n<table id=\"tablepress-5\" class=\"tablepress tablepress-id-5\">\n<tbody>\n<tr class=\"row-1\">\n\t<td class=\"column-1\"><strong>09:00 <\/strong><\/td><td class=\"column-2\"><strong>Registrering och morgonkaffe<\/strong><\/td>\n<\/tr>\n<tr class=\"row-2\">\n\t<td class=\"column-1\"><strong>09:30 <\/strong><\/td><td class=\"column-2\"><strong>Redovisningsdagen IFRS 2023 inleds<\/strong><\/td>\n<\/tr>\n<tr class=\"row-3\">\n\t<td class=\"column-1\"><strong>09:40 <\/strong><\/td><td class=\"column-2\"><strong>Aktuella fr\u00e5gest\u00e4llningar inom IFRS<\/strong><br \/>\n<br \/>\n\u2022 Redovisningsnyheter 2023 med fokus p\u00e5 nya krav avseende upplysning av redovisningsprinciper och redovisning av uppskjuten skatt<br \/>\n\u2022 Redovisningstillsyn<br \/>\n\u2022 Klimatet, h\u00e5llbarhet och de finansiella rapporterna<br \/>\n\u2022 Nyheter 2024 och fram\u00e5t samt p\u00e5g\u00e5ende projekt<br \/>\n<br \/>\n<i><strong>Pernilla Lundqvist,<\/strong> Partner, Ph.D, Financial Reporting Specialist and Nordic Head of Accounting and Reporting, EY, ordf\u00f6rande i FAR:s strategiska respektive operativa grupp f\u00f6r finansiell rapportering samt expert i utredning avseende implementering av CSRD<\/i><\/td>\n<\/tr>\n<tr class=\"row-4\">\n\t<td class=\"column-1\"><strong>10:40 <\/strong><\/td><td class=\"column-2\"><strong>F\u00f6rmiddagskaffe med n\u00e4tverkande<\/strong><\/td>\n<\/tr>\n<tr class=\"row-5\">\n\t<td class=\"column-1\"><strong>11:10 <\/strong><\/td><td class=\"column-2\"><strong>Rules as code \u2013 exponera lagregler i kundens milj\u00f6<\/strong><br \/>\n<br \/>\nSkatteverket vill digitalisera skattelagstiftningen och tillg\u00e4ngligg\u00f6ra reglerna f\u00f6r automation i exempelvis aff\u00e4rssystem:<br \/>\n<br \/>\n\u2022 Digitaliserade regler kan anv\u00e4ndas i exempelvis bokf\u00f6rings- och aff\u00e4rssystem och f\u00f6r AI tr\u00e4ning<br \/>\n\u2022 Maskinl\u00e4sbara regler kan \u00e4ven underl\u00e4tta lagstiftningsarbetet.<br \/>\n\u2022 Samarbete med andra myndigheter, med OECD, EU etc. och hur man kan dra nytta av detta<br \/>\n<br \/>\n<i><strong>Peter Lindholm,<\/strong> r\u00e4ttslig expert, Skatteverket<\/i><\/td>\n<\/tr>\n<tr class=\"row-6\">\n\t<td class=\"column-1\"><strong>11:50<\/strong><\/td><td class=\"column-2\"><strong>Introduktion \u2013 nya direktivet om f\u00f6retags h\u00e5llbarhetsredovisning<\/strong><br \/>\n<br \/>\n<i><strong>Marie Baumgarts,<\/strong> Partner and Sustainability Expert, KPMG<\/i><\/td>\n<\/tr>\n<tr class=\"row-7\">\n\t<td class=\"column-1\"><strong>12:10<\/strong><\/td><td class=\"column-2\"><strong>Lunch med n\u00e4tverkande<\/strong><\/td>\n<\/tr>\n<tr class=\"row-8\">\n\t<td class=\"column-1\"><strong>13:10 <\/strong><\/td><td class=\"column-2\"><strong>Producing a balanced and transparent sustainability report<\/strong><br \/>\n<br \/>\n\u2022 Integrating sustainability issues and analyzing future opportunities and challenges in the business<br \/>\n\u2022 Highlighting human rights risks in the value chain in the report<br \/>\n\u2022 Insights and lessons learned from the work<br \/>\n<br \/>\n<i><strong>Kelly Langpap,<\/strong> Project Manager, Sustainability Reporting, H&amp;M Group<\/i><\/td>\n<\/tr>\n<tr class=\"row-9\">\n\t<td class=\"column-1\"><strong>13:50 <\/strong><\/td><td class=\"column-2\"><strong>Aktuella prognoser kring det ekonomiska l\u00e4get och framtida trender<\/strong><br \/>\n<br \/>\n\u2022 \u00d6verblick av v\u00e4rldsekonomin och det makroekonomiska l\u00e4get<br \/>\n\u2022 Historisk upprevidering av inflationsprognosen, vilket leder till en omsv\u00e4ngning av penningpolitiken<br \/>\n\u2022 \u00d6kad inflation och h\u00f6gre r\u00e4ntor \u2013 vad blir effekterna f\u00f6r de svenska hush\u00e5llen och f\u00f6retagen?<br \/>\n\u2022 Framtida trender och analyser \u2013 hot &amp; m\u00f6jligheter<br \/>\n<br \/>\n<i><strong>Andreas Wallstr\u00f6m,<\/strong> prognoschef, Swedbank<\/i><\/td>\n<\/tr>\n<tr class=\"row-10\">\n\t<td class=\"column-1\"><strong>14:30 <\/strong><\/td><td class=\"column-2\"><strong>Eftermiddagskaffe och n\u00e4tverkande<\/strong><\/td>\n<\/tr>\n<tr class=\"row-11\">\n\t<td class=\"column-1\"><strong>15:00<\/strong><\/td><td class=\"column-2\"><strong>Leasingredovisning enligt IFRS 16 \u2013 vad inneb\u00e4r det?<\/strong><br \/>\n<br \/>\n\u2022 Hur hantera leasingportf\u00f6ljen l\u00f6pande<br \/>\n\u2022 Data och systemst\u00f6d<br \/>\n\u2022 Utmaningar och aktuella fr\u00e5gest\u00e4llningar<br \/>\n<br \/>\n<i><strong>Michael Thorstensson,<\/strong> Financial Reporting Specialist och ledande inom IFRS, Deloitte<\/i><\/td>\n<\/tr>\n<tr class=\"row-12\">\n\t<td class=\"column-1\"><strong>15:45<\/strong> <\/td><td class=\"column-2\"><strong>Fr\u00e5n \u00e5rlig till m\u00e5natlig rapportering till Fora \u2013 viktig och v\u00e4lkommen f\u00f6r\u00e4ndring f\u00f6r privatanst\u00e4llda arbetare<\/strong><br \/>\n<br \/>\n<i><strong>Johan Holmqvist,<\/strong> Senior Business Architect, Fora<\/i><\/td>\n<\/tr>\n<tr class=\"row-13\">\n\t<td class=\"column-1\"><strong>16:30<\/strong> <\/td><td class=\"column-2\"><strong>Redovisningsdagen enligt IFRS avslutas<\/strong><\/td>\n<\/tr>\n<\/tbody>\n<\/table>\n\n<\/div>\n<div class=\"tab-pane   clearfix\" id=\"t2Tab\">\n<h2 style=\"text-align: center;\"><strong>DAG 2 \u2022 BFN \u2022 6 DECEMBER<\/strong><\/h2>\n\n<table id=\"tablepress-4\" class=\"tablepress tablepress-id-4\">\n<tbody>\n<tr class=\"row-1\">\n\t<td class=\"column-1\"><strong>09:00<\/strong><\/td><td class=\"column-2\"><strong>Registrering och morgonkaffe <\/strong><\/td>\n<\/tr>\n<tr class=\"row-2\">\n\t<td class=\"column-1\"><strong>09:30 <\/strong><\/td><td class=\"column-2\"><strong>Redovisningsdagen BFN 2023 inleds<\/strong><\/td>\n<\/tr>\n<tr class=\"row-3\">\n\t<td class=\"column-1\"><strong>09:40<\/strong><\/td><td class=\"column-2\"><strong>AKTUELLA NYHETER &amp; F\u00d6RDJUPNING<br \/>\n<br \/>\nAktuella nyheter inom redovisning- och sambandet med skatteomr\u00e5det \u2013 de viktigaste nyheterna fr\u00e5n \u00e5ret med fokus p\u00e5 BFN<\/strong><br \/>\n<br \/>\n\u2022 Nyheter fr\u00e5n Bokf\u00f6ringsn\u00e4mnden<br \/>\n- Aktuellt fr\u00e5n \u00e5ret<br \/>\n- F\u00f6rslag om nytt K2- och K3-regelverk \u2013 vad inneb\u00e4r det och hur p\u00e5verkar det f\u00f6retagen?<br \/>\n- Nya regler f\u00f6r bostadsr\u00e4ttsf\u00f6reningen<br \/>\n\u2022 V\u00e5ra vanligaste redovisnings- och till detta relaterade skattefr\u00e5gor \u2013 praktiska erfarenheter och l\u00e4rdomar<br \/>\n\u2022 Fr\u00e5gestund d\u00e4r du som deltagare kan passa p\u00e5 att st\u00e4lla dina fr\u00e5gor till Peter Nilsson<br \/>\n<br \/>\n<i><strong>Peter Nilsson,<\/strong> professor i skatter\u00e4tt, KPMG och f\u00f6re detta vice ordf\u00f6rande, Bokf\u00f6ringsn\u00e4mnden (BFN)<\/i><\/td>\n<\/tr>\n<tr class=\"row-4\">\n\t<td class=\"column-1\"><strong>10:40<\/strong><\/td><td class=\"column-2\"><strong>F\u00f6rmiddagskaffe med n\u00e4tverkande<\/strong><\/td>\n<\/tr>\n<tr class=\"row-5\">\n\t<td class=\"column-1\"><strong>11:10 <\/strong><\/td><td class=\"column-2\"><strong>F\u00f6rdjupning \u2013 nya direktivet om f\u00f6retags h\u00e5llbarhetsredovisning<\/strong><br \/>\n<br \/>\nTalare presenteras snart<\/td>\n<\/tr>\n<tr class=\"row-6\">\n\t<td class=\"column-1\"><strong>11:50 <\/strong><\/td><td class=\"column-2\"><strong>H\u00e5llbarhetsredovisning i omvandling<\/strong><br \/>\n<br \/>\n\u2022 V\u00e4rdet av att h\u00e5llbarhetsrapportera \u2013 hur kan det st\u00e4rka f\u00f6retagets position och konkurrenskraft? L\u00e4rdomar fr\u00e5n 14 \u00e5r av h\u00e5llbarhetsrapportering<br \/>\n\u2022 Anpassning till kommande regelverket CSRD \u2013 vilka \u00e4r utmaningarna och m\u00f6jligheterna och hur kan man f\u00f6rbereda sig?<br \/>\n<br \/>\n<i><strong>Anna Lidstr\u00f6m,<\/strong> h\u00e5llbarhetschef, Spendrups<\/i><\/td>\n<\/tr>\n<tr class=\"row-7\">\n\t<td class=\"column-1\"><strong>12:30 <\/strong><\/td><td class=\"column-2\"><strong>Lunch med n\u00e4tverkande<\/strong><\/td>\n<\/tr>\n<tr class=\"row-8\">\n\t<td class=\"column-1\"><strong>13:30<\/strong><\/td><td class=\"column-2\"><strong>Vad h\u00e4nder med ekonomin, r\u00e4ntorna och inflationen?<\/strong><br \/>\n<br \/>\n\u2022 Hur m\u00e5r v\u00e4rldsekonomin och hur p\u00e5verkas Sverige?<br \/>\n\u2022 Hur ser utsikterna ut f\u00f6r inflation och r\u00e4ntor?<br \/>\n<br \/>\n<i><strong>Johan Javeus,<\/strong> Chief Strategist, SEB Group<\/i><\/td>\n<\/tr>\n<tr class=\"row-9\">\n\t<td class=\"column-1\"><strong>14:00 <\/strong><\/td><td class=\"column-2\"><strong>Unikt svensk myndighetssamverkan f\u00f6r\u00e4ndrar det digitala landskapet<\/strong><br \/>\n<br \/>\n\u2022 Hur SBR p\u00e5verkar professionen genom avancerad digitalisering och samverkan<br \/>\n\u2022 AI och digitalisering av regelverken<br \/>\n\u2022 Compliance by design och Rules as code, vad inneb\u00e4r det vid myndighetsrapportering?<br \/>\n\u2022 Harmoniserade inl\u00e4mningsprocesser ist\u00e4llet f\u00f6r gemensamma inl\u00e4mningstj\u00e4nster \u2013 varf\u00f6r?<br \/>\n<br \/>\n<i><strong>Thomas Flank,<\/strong> uppdragsledare SBR och verksamhetsutvecklare, Bolagsverket<br \/>\n<br \/>\nSBR (Standard Business Reporting) omfattar idag fem myndigheter d\u00e4r Bolagsverket \u00e4r f\u00e4rdledande. \u00d6vriga myndigheter \u00e4r Skatteverket, SCB och BFN, med Tillv\u00e4xtverket och DIGG som referensmedlemmar och medlemmar i den myndighetsgemensamma styrgruppen.<\/i><\/td>\n<\/tr>\n<tr class=\"row-10\">\n\t<td class=\"column-1\"><strong>14:30 <\/strong><\/td><td class=\"column-2\"><strong>Aktuella nyheter och status f\u00f6r digital inl\u00e4mning \u2013 s\u00e5 jobbar vi tillsammans f\u00f6r att minska den administrativa b\u00f6rda f\u00f6r f\u00f6retag<\/strong><br \/>\n<br \/>\n\u2022 Myndigheter i samverkan \u2013 hur ser status ut och vad v\u00e4ntar fram\u00f6ver?<br \/>\n\u2022 En tillbakablick p\u00e5 hur utvecklingen har varit sedan starten av digital inl\u00e4mning \u2013 utmaningar och fallgropar<br \/>\n\u2022 Till\u00e4mpningar och \u00e5teranv\u00e4ndning av de begrepp som finns i taxonomierna f\u00f6r \u00e5rsredovisningar<br \/>\n\u2022 Vad g\u00f6r vi i praktiken f\u00f6r att minska den administrativa b\u00f6rdan f\u00f6r f\u00f6retagen och vara en del av ekosystem?<br \/>\n\u2022 Hur ser framtiden ut \u2013 vad \u00e4r m\u00e5ls\u00e4ttningen f\u00f6r 2024?<br \/>\n<br \/>\n<i><strong>Nina Brede,<\/strong> verksamhetsutvecklare, Bolagsverket<br \/>\n<strong>Anna-Greta Erikson,<\/strong> verksamhetsutvecklare, Statistiska centralbyr\u00e5n (SCB)<br \/>\n<strong>Mats Rastman,<\/strong> verksamhetsutvecklare, Skatteverket<\/i><\/td>\n<\/tr>\n<tr class=\"row-11\">\n\t<td class=\"column-1\"><strong>15:15<\/strong><\/td><td class=\"column-2\"><strong>Eftermiddagskaffe med n\u00e4tverkande<\/strong><\/td>\n<\/tr>\n<tr class=\"row-12\">\n\t<td class=\"column-1\"><strong>15:45<\/strong><\/td><td class=\"column-2\"><strong>Digitalisering av redovisningen f\u00f6r er sinnesfrid \u2013 inte f\u00f6r rationalisering<\/strong><br \/>\n<br \/>\n\u2022 Att ligga i digital framkant \u00e4r givet \u2013 men det personliga m\u00f6tet \u00e4r alltid lika viktigt!<br \/>\n\u2022 Redovisningens roll idag och hur den har f\u00f6r\u00e4ndrats<br \/>\n\u2022 Hur p\u00e5verkar digitalisering och automatisering redovisningen?<br \/>\n\u2022 Vilka personliga egenskaper och kompetenser beh\u00f6vs inom redovisningen i framtiden?<br \/>\n\u2022 Trender och teknikskiften som kommer att forma framtidens utveckling inom r\u00e5dgivning och redovisningsbranschen<br \/>\n<br \/>\n<i><strong>Carl-Magnus Falk,<\/strong> VD och grundare, Falk\u00f6ga Tech Hub AB och Falk\u00f6ga Redovisning &amp; F\u00f6retagsr\u00e5dgivning AB<\/i><\/td>\n<\/tr>\n<tr class=\"row-13\">\n\t<td class=\"column-1\"><strong>16:10<\/strong><\/td><td class=\"column-2\"><strong>Genomg\u00e5ng av aktuella nyheter inom moms och skatteomr\u00e5det f\u00f6r 2023\u201324<\/strong><br \/>\n<br \/>\n\u2022 Nytt inom f\u00f6retagsbeskattning \u2013 nya lagar och domar fr\u00e5n H\u00f6gsta f\u00f6rvaltningsdomstolen<br \/>\n\u2022 Nya st\u00e4llningstaganden fr\u00e5n Skatteverket<br \/>\n\u2022 Har det h\u00e4nt n\u00e5got nytt inom momsomr\u00e5det?<br \/>\n\u2022 Fr\u00e5gestund d\u00e4r du som deltagare kan passa p\u00e5 att st\u00e4lla dina fr\u00e5gor till Mats Brockert<br \/>\n<br \/>\n<i><strong>Mats Brockert,<\/strong> skatteexpert, Srf Konsulterna<\/i><\/td>\n<\/tr>\n<tr class=\"row-14\">\n\t<td class=\"column-1\"><strong>17:00<\/strong><\/td><td class=\"column-2\"><strong>Redovisningsdagen enligt BFN avslutas<\/strong><\/td>\n<\/tr>\n<\/tbody>\n<\/table>\n\n<\/div><\/div>\n<\/div>[\/vc_column_text][\/vc_column][\/vc_row]<\/p>\n<\/div>","protected":false},"excerpt":{"rendered":"<p>[vc_row][vc_column][vc_empty_space height=&#8221;60px&#8221;][vc_column_text][\/vc_column_text][vc_empty_space height=&#8221;60px&#8221;][\/vc_column][\/vc_row][vc_row disable_element=&#8221;yes&#8221;][vc_column][vc_column_text][\/vc_column_text][\/vc_column][\/vc_row]<\/p>\n","protected":false},"author":1,"featured_media":0,"parent":0,"menu_order":0,"comment_status":"closed","ping_status":"closed","template":"","meta":{"_acf_changed":false,"footnotes":""},"class_list":["post-195","page","type-page","status-publish","hentry"],"acf":[],"yoast_head":"<!-- This site is optimized with the Yoast SEO plugin v27.3 - https:\/\/yoast.com\/product\/yoast-seo-wordpress\/ -->\n<title>Program f\u00f6r till\u00e4mpad redovisning<\/title>\n<meta name=\"description\" content=\"Program f\u00f6r Till\u00e4mpad redovisning - Konferens i stockholm - Praktiska redovisningsfr\u00e5gor och till\u00e4mpning av redovisningsregler\" \/>\n<meta name=\"robots\" content=\"index, follow, max-snippet:-1, max-image-preview:large, max-video-preview:-1\" \/>\n<link rel=\"canonical\" href=\"https:\/\/insightevents.se\/tillampadredovisning\/program-detalj\/\" \/>\n<meta property=\"og:locale\" content=\"sv_SE\" \/>\n<meta property=\"og:type\" content=\"article\" \/>\n<meta property=\"og:title\" content=\"Program f\u00f6r till\u00e4mpad redovisning\" \/>\n<meta property=\"og:description\" content=\"Program f\u00f6r Till\u00e4mpad redovisning - Konferens i stockholm - Praktiska redovisningsfr\u00e5gor och till\u00e4mpning av redovisningsregler\" \/>\n<meta property=\"og:url\" content=\"https:\/\/insightevents.se\/tillampadredovisning\/program-detalj\/\" \/>\n<meta property=\"og:site_name\" content=\"Till\u00e4mpad redovisning\" \/>\n<meta property=\"article:modified_time\" content=\"2025-09-09T09:37:11+00:00\" \/>\n<meta name=\"twitter:card\" content=\"summary_large_image\" \/>\n<meta name=\"twitter:label1\" content=\"Ber\u00e4knad l\u00e4stid\" \/>\n\t<meta name=\"twitter:data1\" content=\"1 minut\" \/>\n<script type=\"application\/ld+json\" class=\"yoast-schema-graph\">{\"@context\":\"https:\\\/\\\/schema.org\",\"@graph\":[{\"@type\":\"WebPage\",\"@id\":\"https:\\\/\\\/insightevents.se\\\/tillampadredovisning\\\/program-detalj\\\/\",\"url\":\"https:\\\/\\\/insightevents.se\\\/tillampadredovisning\\\/program-detalj\\\/\",\"name\":\"Program f\u00f6r till\u00e4mpad redovisning\",\"isPartOf\":{\"@id\":\"https:\\\/\\\/insightevents.se\\\/tillampadredovisning\\\/#website\"},\"datePublished\":\"2017-06-28T08:09:45+00:00\",\"dateModified\":\"2025-09-09T09:37:11+00:00\",\"description\":\"Program f\u00f6r Till\u00e4mpad redovisning - Konferens i stockholm - Praktiska redovisningsfr\u00e5gor och till\u00e4mpning av redovisningsregler\",\"breadcrumb\":{\"@id\":\"https:\\\/\\\/insightevents.se\\\/tillampadredovisning\\\/program-detalj\\\/#breadcrumb\"},\"inLanguage\":\"sv-SE\",\"potentialAction\":[{\"@type\":\"ReadAction\",\"target\":[\"https:\\\/\\\/insightevents.se\\\/tillampadredovisning\\\/program-detalj\\\/\"]}]},{\"@type\":\"BreadcrumbList\",\"@id\":\"https:\\\/\\\/insightevents.se\\\/tillampadredovisning\\\/program-detalj\\\/#breadcrumb\",\"itemListElement\":[{\"@type\":\"ListItem\",\"position\":1,\"name\":\"Home\",\"item\":\"https:\\\/\\\/insightevents.se\\\/tillampadredovisning\\\/\"},{\"@type\":\"ListItem\",\"position\":2,\"name\":\"Program 2025\"}]},{\"@type\":\"WebSite\",\"@id\":\"https:\\\/\\\/insightevents.se\\\/tillampadredovisning\\\/#website\",\"url\":\"https:\\\/\\\/insightevents.se\\\/tillampadredovisning\\\/\",\"name\":\"Till\u00e4mpad redovisning\",\"description\":\"Best Practice inom redovisning f\u00f6r att underl\u00e4tta ditt praktiska bokslutsarbete\",\"potentialAction\":[{\"@type\":\"SearchAction\",\"target\":{\"@type\":\"EntryPoint\",\"urlTemplate\":\"https:\\\/\\\/insightevents.se\\\/tillampadredovisning\\\/?s={search_term_string}\"},\"query-input\":{\"@type\":\"PropertyValueSpecification\",\"valueRequired\":true,\"valueName\":\"search_term_string\"}}],\"inLanguage\":\"sv-SE\"}]}<\/script>\n<!-- \/ Yoast SEO plugin. -->","yoast_head_json":{"title":"Program f\u00f6r till\u00e4mpad redovisning","description":"Program f\u00f6r Till\u00e4mpad redovisning - Konferens i stockholm - Praktiska redovisningsfr\u00e5gor och till\u00e4mpning av redovisningsregler","robots":{"index":"index","follow":"follow","max-snippet":"max-snippet:-1","max-image-preview":"max-image-preview:large","max-video-preview":"max-video-preview:-1"},"canonical":"https:\/\/insightevents.se\/tillampadredovisning\/program-detalj\/","og_locale":"sv_SE","og_type":"article","og_title":"Program f\u00f6r till\u00e4mpad redovisning","og_description":"Program f\u00f6r Till\u00e4mpad redovisning - Konferens i stockholm - Praktiska redovisningsfr\u00e5gor och till\u00e4mpning av redovisningsregler","og_url":"https:\/\/insightevents.se\/tillampadredovisning\/program-detalj\/","og_site_name":"Till\u00e4mpad redovisning","article_modified_time":"2025-09-09T09:37:11+00:00","twitter_card":"summary_large_image","twitter_misc":{"Ber\u00e4knad l\u00e4stid":"1 minut"},"schema":{"@context":"https:\/\/schema.org","@graph":[{"@type":"WebPage","@id":"https:\/\/insightevents.se\/tillampadredovisning\/program-detalj\/","url":"https:\/\/insightevents.se\/tillampadredovisning\/program-detalj\/","name":"Program f\u00f6r till\u00e4mpad redovisning","isPartOf":{"@id":"https:\/\/insightevents.se\/tillampadredovisning\/#website"},"datePublished":"2017-06-28T08:09:45+00:00","dateModified":"2025-09-09T09:37:11+00:00","description":"Program f\u00f6r Till\u00e4mpad redovisning - Konferens i stockholm - Praktiska redovisningsfr\u00e5gor och till\u00e4mpning av redovisningsregler","breadcrumb":{"@id":"https:\/\/insightevents.se\/tillampadredovisning\/program-detalj\/#breadcrumb"},"inLanguage":"sv-SE","potentialAction":[{"@type":"ReadAction","target":["https:\/\/insightevents.se\/tillampadredovisning\/program-detalj\/"]}]},{"@type":"BreadcrumbList","@id":"https:\/\/insightevents.se\/tillampadredovisning\/program-detalj\/#breadcrumb","itemListElement":[{"@type":"ListItem","position":1,"name":"Home","item":"https:\/\/insightevents.se\/tillampadredovisning\/"},{"@type":"ListItem","position":2,"name":"Program 2025"}]},{"@type":"WebSite","@id":"https:\/\/insightevents.se\/tillampadredovisning\/#website","url":"https:\/\/insightevents.se\/tillampadredovisning\/","name":"Till\u00e4mpad redovisning","description":"Best Practice inom redovisning f\u00f6r att underl\u00e4tta ditt praktiska bokslutsarbete","potentialAction":[{"@type":"SearchAction","target":{"@type":"EntryPoint","urlTemplate":"https:\/\/insightevents.se\/tillampadredovisning\/?s={search_term_string}"},"query-input":{"@type":"PropertyValueSpecification","valueRequired":true,"valueName":"search_term_string"}}],"inLanguage":"sv-SE"}]}},"_links":{"self":[{"href":"https:\/\/insightevents.se\/tillampadredovisning\/wp-json\/wp\/v2\/pages\/195","targetHints":{"allow":["GET"]}}],"collection":[{"href":"https:\/\/insightevents.se\/tillampadredovisning\/wp-json\/wp\/v2\/pages"}],"about":[{"href":"https:\/\/insightevents.se\/tillampadredovisning\/wp-json\/wp\/v2\/types\/page"}],"author":[{"embeddable":true,"href":"https:\/\/insightevents.se\/tillampadredovisning\/wp-json\/wp\/v2\/users\/1"}],"replies":[{"embeddable":true,"href":"https:\/\/insightevents.se\/tillampadredovisning\/wp-json\/wp\/v2\/comments?post=195"}],"version-history":[{"count":23,"href":"https:\/\/insightevents.se\/tillampadredovisning\/wp-json\/wp\/v2\/pages\/195\/revisions"}],"predecessor-version":[{"id":804,"href":"https:\/\/insightevents.se\/tillampadredovisning\/wp-json\/wp\/v2\/pages\/195\/revisions\/804"}],"wp:attachment":[{"href":"https:\/\/insightevents.se\/tillampadredovisning\/wp-json\/wp\/v2\/media?parent=195"}],"curies":[{"name":"wp","href":"https:\/\/api.w.org\/{rel}","templated":true}]}}